{"id":5180,"date":"2014-01-26T22:36:38","date_gmt":"2014-01-27T03:36:38","guid":{"rendered":"http:\/\/www.loquecomemos.com\/?page_id=5180"},"modified":"2016-06-24T13:42:29","modified_gmt":"2016-06-24T18:42:29","slug":"pizza","status":"publish","type":"page","link":"https:\/\/le-fort.org\/cocina\/recopilaciones\/pizza\/","title":{"rendered":"Pizza"},"content":{"rendered":"<p>Amamos la pizza.<\/p>\n<p>Masa, queso, y una serie de rellenos posibles, las variaciones son much\u00edsimas.<\/p>\n<p>Estas son nuestras recetas de pizza, y nos gustan much\u00edsimo.<\/p>\n<div class=\"display-posts-listing\"><div class=\"listing-item\"><a class=\"image\" href=\"https:\/\/le-fort.org\/cocina\/pizza\/\"><img loading=\"lazy\" decoding=\"async\" width=\"150\" height=\"150\" src=\"https:\/\/i0.wp.com\/le-fort.org\/cocina\/wp-content\/uploads\/2021\/01\/hawaiiana-hd.jpg?resize=150%2C150&amp;ssl=1\" class=\"attachment-thumbnail size-thumbnail wp-post-image\" alt=\"\" srcset=\"https:\/\/i0.wp.com\/le-fort.org\/cocina\/wp-content\/uploads\/2021\/01\/hawaiiana-hd.jpg?resize=150%2C150&amp;ssl=1 150w, https:\/\/i0.wp.com\/le-fort.org\/cocina\/wp-content\/uploads\/2021\/01\/hawaiiana-hd.jpg?zoom=2&amp;resize=150%2C150&amp;ssl=1 300w, https:\/\/i0.wp.com\/le-fort.org\/cocina\/wp-content\/uploads\/2021\/01\/hawaiiana-hd.jpg?zoom=3&amp;resize=150%2C150&amp;ssl=1 450w\" sizes=\"auto, (max-width: 150px) 100vw, 150px\" data-attachment-id=\"15985\" data-permalink=\"https:\/\/le-fort.org\/cocina\/hawaiiana-hd\/\" data-orig-file=\"https:\/\/i0.wp.com\/le-fort.org\/cocina\/wp-content\/uploads\/2021\/01\/hawaiiana-hd.jpg?fit=1200%2C400&amp;ssl=1\" data-orig-size=\"1200,400\" data-comments-opened=\"1\" data-image-meta=\"{&quot;aperture&quot;:&quot;0&quot;,&quot;credit&quot;:&quot;&quot;,&quot;camera&quot;:&quot;&quot;,&quot;caption&quot;:&quot;&quot;,&quot;created_timestamp&quot;:&quot;0&quot;,&quot;copyright&quot;:&quot;&quot;,&quot;focal_length&quot;:&quot;0&quot;,&quot;iso&quot;:&quot;0&quot;,&quot;shutter_speed&quot;:&quot;0&quot;,&quot;title&quot;:&quot;&quot;,&quot;orientation&quot;:&quot;0&quot;}\" data-image-title=\"hawaiiana-hd\" data-image-description=\"\" data-image-caption=\"\" data-large-file=\"https:\/\/i0.wp.com\/le-fort.org\/cocina\/wp-content\/uploads\/2021\/01\/hawaiiana-hd.jpg?fit=1200%2C400&amp;ssl=1\" \/><\/a> <a class=\"title\" href=\"https:\/\/le-fort.org\/cocina\/pizza\/\">Pizza<\/a> <span class=\"excerpt-dash\">-<\/span> <span class=\"excerpt\">Pizza personal<\/span><\/div><div class=\"listing-item\"><a class=\"image\" href=\"https:\/\/le-fort.org\/cocina\/masa-de-pizza-artesanal\/\"><img loading=\"lazy\" decoding=\"async\" width=\"150\" height=\"150\" src=\"https:\/\/i0.wp.com\/le-fort.org\/cocina\/wp-content\/uploads\/2019\/09\/pizza-artesanal-hd.jpg?resize=150%2C150&amp;ssl=1\" class=\"attachment-thumbnail size-thumbnail wp-post-image\" alt=\"\" srcset=\"https:\/\/i0.wp.com\/le-fort.org\/cocina\/wp-content\/uploads\/2019\/09\/pizza-artesanal-hd.jpg?resize=150%2C150&amp;ssl=1 150w, https:\/\/i0.wp.com\/le-fort.org\/cocina\/wp-content\/uploads\/2019\/09\/pizza-artesanal-hd.jpg?zoom=2&amp;resize=150%2C150&amp;ssl=1 300w, https:\/\/i0.wp.com\/le-fort.org\/cocina\/wp-content\/uploads\/2019\/09\/pizza-artesanal-hd.jpg?zoom=3&amp;resize=150%2C150&amp;ssl=1 450w\" sizes=\"auto, (max-width: 150px) 100vw, 150px\" data-attachment-id=\"14419\" data-permalink=\"https:\/\/le-fort.org\/cocina\/masa-de-pizza-artesanal\/pizza-artesanal-hd\/\" data-orig-file=\"https:\/\/i0.wp.com\/le-fort.org\/cocina\/wp-content\/uploads\/2019\/09\/pizza-artesanal-hd.jpg?fit=1500%2C500&amp;ssl=1\" data-orig-size=\"1500,500\" data-comments-opened=\"0\" data-image-meta=\"{&quot;aperture&quot;:&quot;0&quot;,&quot;credit&quot;:&quot;&quot;,&quot;camera&quot;:&quot;&quot;,&quot;caption&quot;:&quot;&quot;,&quot;created_timestamp&quot;:&quot;0&quot;,&quot;copyright&quot;:&quot;&quot;,&quot;focal_length&quot;:&quot;0&quot;,&quot;iso&quot;:&quot;0&quot;,&quot;shutter_speed&quot;:&quot;0&quot;,&quot;title&quot;:&quot;&quot;,&quot;orientation&quot;:&quot;0&quot;}\" data-image-title=\"pizza-artesanal-hd\" data-image-description=\"\" data-image-caption=\"\" data-large-file=\"https:\/\/i0.wp.com\/le-fort.org\/cocina\/wp-content\/uploads\/2019\/09\/pizza-artesanal-hd.jpg?fit=1200%2C400&amp;ssl=1\" \/><\/a> <a class=\"title\" href=\"https:\/\/le-fort.org\/cocina\/masa-de-pizza-artesanal\/\">Masa de Pizza Artesanal<\/a> <span class=\"excerpt-dash\">-<\/span> <span class=\"excerpt\">Las modas van y las modas vienen, e incluso algo aparentemente tan invariable como la pizza sufre &#8220;las flechas y pedradas de la \u00e1spera fortuna&#8221;, como dec\u00edan por ah\u00ed. Sub\u00e1monos al carro de las modas y revisemos una masa que est\u00e1 cada vez m\u00e1s de moda, con justa raz\u00f3n: la masa de pizza artesanal.<\/span><\/div><div class=\"listing-item\"><a class=\"image\" href=\"https:\/\/le-fort.org\/cocina\/fugazza-argentina\/\"><img loading=\"lazy\" decoding=\"async\" width=\"150\" height=\"150\" src=\"https:\/\/i0.wp.com\/le-fort.org\/cocina\/wp-content\/uploads\/2019\/05\/fugazza-hd.jpg?resize=150%2C150&amp;ssl=1\" class=\"attachment-thumbnail size-thumbnail wp-post-image\" alt=\"\" srcset=\"https:\/\/i0.wp.com\/le-fort.org\/cocina\/wp-content\/uploads\/2019\/05\/fugazza-hd.jpg?resize=150%2C150&amp;ssl=1 150w, https:\/\/i0.wp.com\/le-fort.org\/cocina\/wp-content\/uploads\/2019\/05\/fugazza-hd.jpg?zoom=2&amp;resize=150%2C150&amp;ssl=1 300w, https:\/\/i0.wp.com\/le-fort.org\/cocina\/wp-content\/uploads\/2019\/05\/fugazza-hd.jpg?zoom=3&amp;resize=150%2C150&amp;ssl=1 450w\" sizes=\"auto, (max-width: 150px) 100vw, 150px\" data-attachment-id=\"14092\" data-permalink=\"https:\/\/le-fort.org\/cocina\/fugazza-argentina\/fugazza-hd\/\" data-orig-file=\"https:\/\/i0.wp.com\/le-fort.org\/cocina\/wp-content\/uploads\/2019\/05\/fugazza-hd.jpg?fit=1500%2C500&amp;ssl=1\" data-orig-size=\"1500,500\" data-comments-opened=\"0\" data-image-meta=\"{&quot;aperture&quot;:&quot;0&quot;,&quot;credit&quot;:&quot;&quot;,&quot;camera&quot;:&quot;&quot;,&quot;caption&quot;:&quot;&quot;,&quot;created_timestamp&quot;:&quot;0&quot;,&quot;copyright&quot;:&quot;&quot;,&quot;focal_length&quot;:&quot;0&quot;,&quot;iso&quot;:&quot;0&quot;,&quot;shutter_speed&quot;:&quot;0&quot;,&quot;title&quot;:&quot;&quot;,&quot;orientation&quot;:&quot;0&quot;}\" data-image-title=\"fugazza-hd\" data-image-description=\"\" data-image-caption=\"\" data-large-file=\"https:\/\/i0.wp.com\/le-fort.org\/cocina\/wp-content\/uploads\/2019\/05\/fugazza-hd.jpg?fit=1200%2C400&amp;ssl=1\" \/><\/a> <a class=\"title\" href=\"https:\/\/le-fort.org\/cocina\/fugazza-argentina\/\">Fugazza Argentina<\/a> <span class=\"excerpt-dash\">-<\/span> <span class=\"excerpt\">Receta de fugazza argentina, con masa doble, as\u00ed llamada por su doble fermentaci\u00f3n. Tiene la particularidad de ser una pizza sin salsa de tomates.<\/span><\/div><div class=\"listing-item\"><a class=\"image\" href=\"https:\/\/le-fort.org\/cocina\/pizza-loja\/\"><img loading=\"lazy\" decoding=\"async\" width=\"150\" height=\"150\" src=\"https:\/\/i0.wp.com\/le-fort.org\/cocina\/wp-content\/uploads\/2019\/06\/pizza-hd.jpg?resize=150%2C150&amp;ssl=1\" class=\"attachment-thumbnail size-thumbnail wp-post-image\" alt=\"\" srcset=\"https:\/\/i0.wp.com\/le-fort.org\/cocina\/wp-content\/uploads\/2019\/06\/pizza-hd.jpg?resize=150%2C150&amp;ssl=1 150w, https:\/\/i0.wp.com\/le-fort.org\/cocina\/wp-content\/uploads\/2019\/06\/pizza-hd.jpg?zoom=2&amp;resize=150%2C150&amp;ssl=1 300w, https:\/\/i0.wp.com\/le-fort.org\/cocina\/wp-content\/uploads\/2019\/06\/pizza-hd.jpg?zoom=3&amp;resize=150%2C150&amp;ssl=1 450w\" sizes=\"auto, (max-width: 150px) 100vw, 150px\" data-attachment-id=\"14203\" data-permalink=\"https:\/\/le-fort.org\/cocina\/pizza-loja\/pizza-hd-5\/\" data-orig-file=\"https:\/\/i0.wp.com\/le-fort.org\/cocina\/wp-content\/uploads\/2019\/06\/pizza-hd.jpg?fit=1500%2C500&amp;ssl=1\" data-orig-size=\"1500,500\" data-comments-opened=\"0\" data-image-meta=\"{&quot;aperture&quot;:&quot;0&quot;,&quot;credit&quot;:&quot;&quot;,&quot;camera&quot;:&quot;&quot;,&quot;caption&quot;:&quot;&quot;,&quot;created_timestamp&quot;:&quot;0&quot;,&quot;copyright&quot;:&quot;&quot;,&quot;focal_length&quot;:&quot;0&quot;,&quot;iso&quot;:&quot;0&quot;,&quot;shutter_speed&quot;:&quot;0&quot;,&quot;title&quot;:&quot;&quot;,&quot;orientation&quot;:&quot;0&quot;}\" data-image-title=\"pizza-hd\" data-image-description=\"\" data-image-caption=\"\" data-large-file=\"https:\/\/i0.wp.com\/le-fort.org\/cocina\/wp-content\/uploads\/2019\/06\/pizza-hd.jpg?fit=1200%2C400&amp;ssl=1\" \/><\/a> <a class=\"title\" href=\"https:\/\/le-fort.org\/cocina\/pizza-loja\/\">Pizza en Loja<\/a> <span class=\"excerpt-dash\">-<\/span> <span class=\"excerpt\">Una vez m\u00e1s tuvimos un taller de pizza en la ciudad de Loja. Es un taller que disfrutamos mucho y este estuvo enfocado al emprendimiento. Vimos masas tradicional y de fermentaci\u00f3n lenta, y probamos pizzas de Argentina, Italia y EE.UU.\u00a0 Tambi\u00e9n tratamos el tema de costos, m\u00e1rgenes y administraci\u00f3n, en una muy agradable tarde, en [&hellip;]<\/span><\/div><div class=\"listing-item\"><a class=\"image\" href=\"https:\/\/le-fort.org\/cocina\/pizza-en-loja-0219\/\"><img loading=\"lazy\" decoding=\"async\" width=\"150\" height=\"150\" src=\"https:\/\/i0.wp.com\/le-fort.org\/cocina\/wp-content\/uploads\/2019\/02\/pizza-hd.jpg?resize=150%2C150&amp;ssl=1\" class=\"attachment-thumbnail size-thumbnail wp-post-image\" alt=\"\" srcset=\"https:\/\/i0.wp.com\/le-fort.org\/cocina\/wp-content\/uploads\/2019\/02\/pizza-hd.jpg?resize=150%2C150&amp;ssl=1 150w, https:\/\/i0.wp.com\/le-fort.org\/cocina\/wp-content\/uploads\/2019\/02\/pizza-hd.jpg?zoom=2&amp;resize=150%2C150&amp;ssl=1 300w, https:\/\/i0.wp.com\/le-fort.org\/cocina\/wp-content\/uploads\/2019\/02\/pizza-hd.jpg?zoom=3&amp;resize=150%2C150&amp;ssl=1 450w\" sizes=\"auto, (max-width: 150px) 100vw, 150px\" data-attachment-id=\"13756\" data-permalink=\"https:\/\/le-fort.org\/cocina\/pizza-en-loja-0219\/pizza-hd-4\/\" data-orig-file=\"https:\/\/i0.wp.com\/le-fort.org\/cocina\/wp-content\/uploads\/2019\/02\/pizza-hd.jpg?fit=1500%2C500&amp;ssl=1\" data-orig-size=\"1500,500\" data-comments-opened=\"0\" data-image-meta=\"{&quot;aperture&quot;:&quot;0&quot;,&quot;credit&quot;:&quot;&quot;,&quot;camera&quot;:&quot;&quot;,&quot;caption&quot;:&quot;&quot;,&quot;created_timestamp&quot;:&quot;0&quot;,&quot;copyright&quot;:&quot;&quot;,&quot;focal_length&quot;:&quot;0&quot;,&quot;iso&quot;:&quot;0&quot;,&quot;shutter_speed&quot;:&quot;0&quot;,&quot;title&quot;:&quot;&quot;,&quot;orientation&quot;:&quot;0&quot;}\" data-image-title=\"pizza-hd\" data-image-description=\"\" data-image-caption=\"\" data-large-file=\"https:\/\/i0.wp.com\/le-fort.org\/cocina\/wp-content\/uploads\/2019\/02\/pizza-hd.jpg?fit=1200%2C400&amp;ssl=1\" \/><\/a> <a class=\"title\" href=\"https:\/\/le-fort.org\/cocina\/pizza-en-loja-0219\/\">Pizza en Loja. Febrero 2019<\/a> <span class=\"excerpt-dash\">-<\/span> <span class=\"excerpt\">Taller de pizza en Loja. Febrero de 2019<\/span><\/div><div class=\"listing-item\"><a class=\"image\" href=\"https:\/\/le-fort.org\/cocina\/pizza-y-empanadas-en-la-troncal\/\"><img loading=\"lazy\" decoding=\"async\" width=\"150\" height=\"150\" src=\"https:\/\/i0.wp.com\/le-fort.org\/cocina\/wp-content\/uploads\/2019\/02\/leute-hd.jpg?resize=150%2C150&amp;ssl=1\" class=\"attachment-thumbnail size-thumbnail wp-post-image\" alt=\"\" srcset=\"https:\/\/i0.wp.com\/le-fort.org\/cocina\/wp-content\/uploads\/2019\/02\/leute-hd.jpg?resize=150%2C150&amp;ssl=1 150w, https:\/\/i0.wp.com\/le-fort.org\/cocina\/wp-content\/uploads\/2019\/02\/leute-hd.jpg?zoom=2&amp;resize=150%2C150&amp;ssl=1 300w, https:\/\/i0.wp.com\/le-fort.org\/cocina\/wp-content\/uploads\/2019\/02\/leute-hd.jpg?zoom=3&amp;resize=150%2C150&amp;ssl=1 450w\" sizes=\"auto, (max-width: 150px) 100vw, 150px\" data-attachment-id=\"13687\" data-permalink=\"https:\/\/le-fort.org\/cocina\/pizza-y-empanadas-en-la-troncal\/leute-hd\/\" data-orig-file=\"https:\/\/i0.wp.com\/le-fort.org\/cocina\/wp-content\/uploads\/2019\/02\/leute-hd.jpg?fit=1500%2C500&amp;ssl=1\" data-orig-size=\"1500,500\" data-comments-opened=\"0\" data-image-meta=\"{&quot;aperture&quot;:&quot;0&quot;,&quot;credit&quot;:&quot;&quot;,&quot;camera&quot;:&quot;&quot;,&quot;caption&quot;:&quot;&quot;,&quot;created_timestamp&quot;:&quot;0&quot;,&quot;copyright&quot;:&quot;&quot;,&quot;focal_length&quot;:&quot;0&quot;,&quot;iso&quot;:&quot;0&quot;,&quot;shutter_speed&quot;:&quot;0&quot;,&quot;title&quot;:&quot;&quot;,&quot;orientation&quot;:&quot;0&quot;}\" data-image-title=\"leute-hd\" data-image-description=\"\" data-image-caption=\"\" data-large-file=\"https:\/\/i0.wp.com\/le-fort.org\/cocina\/wp-content\/uploads\/2019\/02\/leute-hd.jpg?fit=1200%2C400&amp;ssl=1\" \/><\/a> <a class=\"title\" href=\"https:\/\/le-fort.org\/cocina\/pizza-y-empanadas-en-la-troncal\/\">Pizza y Empanadas en La Troncal<\/a> <span class=\"excerpt-dash\">-<\/span> <span class=\"excerpt\">Visita a La Troncal (Ca\u00f1ar) a ense\u00f1ar pizza y empanadas chilenas, invitados por el Chef Roberto Calder\u00f3n. Como siempre un placer visitarlos, y ver a nuestras amistades.<\/span><\/div><div class=\"listing-item\"><a class=\"image\" href=\"https:\/\/le-fort.org\/cocina\/taller-de-pizza-en-cuenca\/\"><img loading=\"lazy\" decoding=\"async\" width=\"150\" height=\"150\" src=\"https:\/\/i0.wp.com\/le-fort.org\/cocina\/wp-content\/uploads\/2018\/05\/pizza-hd.jpg?resize=150%2C150&amp;ssl=1\" class=\"attachment-thumbnail size-thumbnail wp-post-image\" alt=\"\" srcset=\"https:\/\/i0.wp.com\/le-fort.org\/cocina\/wp-content\/uploads\/2018\/05\/pizza-hd.jpg?resize=150%2C150&amp;ssl=1 150w, https:\/\/i0.wp.com\/le-fort.org\/cocina\/wp-content\/uploads\/2018\/05\/pizza-hd.jpg?zoom=2&amp;resize=150%2C150&amp;ssl=1 300w, https:\/\/i0.wp.com\/le-fort.org\/cocina\/wp-content\/uploads\/2018\/05\/pizza-hd.jpg?zoom=3&amp;resize=150%2C150&amp;ssl=1 450w\" sizes=\"auto, (max-width: 150px) 100vw, 150px\" data-attachment-id=\"12539\" data-permalink=\"https:\/\/le-fort.org\/cocina\/taller-de-pizza-en-cuenca\/pizza-hd-3\/\" data-orig-file=\"https:\/\/i0.wp.com\/le-fort.org\/cocina\/wp-content\/uploads\/2018\/05\/pizza-hd.jpg?fit=1500%2C500&amp;ssl=1\" data-orig-size=\"1500,500\" data-comments-opened=\"0\" data-image-meta=\"{&quot;aperture&quot;:&quot;0&quot;,&quot;credit&quot;:&quot;&quot;,&quot;camera&quot;:&quot;&quot;,&quot;caption&quot;:&quot;&quot;,&quot;created_timestamp&quot;:&quot;0&quot;,&quot;copyright&quot;:&quot;&quot;,&quot;focal_length&quot;:&quot;0&quot;,&quot;iso&quot;:&quot;0&quot;,&quot;shutter_speed&quot;:&quot;0&quot;,&quot;title&quot;:&quot;&quot;,&quot;orientation&quot;:&quot;0&quot;}\" data-image-title=\"pizza-hd\" data-image-description=\"\" data-image-caption=\"\" data-large-file=\"https:\/\/i0.wp.com\/le-fort.org\/cocina\/wp-content\/uploads\/2018\/05\/pizza-hd.jpg?fit=1200%2C400&amp;ssl=1\" \/><\/a> <a class=\"title\" href=\"https:\/\/le-fort.org\/cocina\/taller-de-pizza-en-cuenca\/\">Taller de Pizza en Cuenca<\/a> <span class=\"excerpt-dash\">-<\/span> <span class=\"excerpt\">En DASAM Distribuidora nos sentimos como en casa. Segundo taller de pizza que dictamos aqu\u00ed, y como siempre lo disfrutamos much\u00edsimo.<\/span><\/div><div class=\"listing-item\"><a class=\"image\" href=\"https:\/\/le-fort.org\/cocina\/historia-de-la-pizza\/\"><img loading=\"lazy\" decoding=\"async\" width=\"150\" height=\"150\" src=\"https:\/\/i0.wp.com\/le-fort.org\/cocina\/wp-content\/uploads\/2017\/12\/curso-pizza-hd.jpg?resize=150%2C150&amp;ssl=1\" class=\"attachment-thumbnail size-thumbnail wp-post-image\" alt=\"\" srcset=\"https:\/\/i0.wp.com\/le-fort.org\/cocina\/wp-content\/uploads\/2017\/12\/curso-pizza-hd.jpg?resize=150%2C150&amp;ssl=1 150w, https:\/\/i0.wp.com\/le-fort.org\/cocina\/wp-content\/uploads\/2017\/12\/curso-pizza-hd.jpg?zoom=2&amp;resize=150%2C150&amp;ssl=1 300w, https:\/\/i0.wp.com\/le-fort.org\/cocina\/wp-content\/uploads\/2017\/12\/curso-pizza-hd.jpg?zoom=3&amp;resize=150%2C150&amp;ssl=1 450w\" sizes=\"auto, (max-width: 150px) 100vw, 150px\" data-attachment-id=\"11211\" data-permalink=\"https:\/\/le-fort.org\/cocina\/clase-de-pizza\/curso-pizza-hd-2\/\" data-orig-file=\"https:\/\/i0.wp.com\/le-fort.org\/cocina\/wp-content\/uploads\/2017\/12\/curso-pizza-hd.jpg?fit=1500%2C500&amp;ssl=1\" data-orig-size=\"1500,500\" data-comments-opened=\"0\" data-image-meta=\"{&quot;aperture&quot;:&quot;0&quot;,&quot;credit&quot;:&quot;&quot;,&quot;camera&quot;:&quot;&quot;,&quot;caption&quot;:&quot;&quot;,&quot;created_timestamp&quot;:&quot;0&quot;,&quot;copyright&quot;:&quot;&quot;,&quot;focal_length&quot;:&quot;0&quot;,&quot;iso&quot;:&quot;0&quot;,&quot;shutter_speed&quot;:&quot;0&quot;,&quot;title&quot;:&quot;&quot;,&quot;orientation&quot;:&quot;0&quot;}\" data-image-title=\"curso-pizza-hd\" data-image-description=\"\" data-image-caption=\"\" data-large-file=\"https:\/\/i0.wp.com\/le-fort.org\/cocina\/wp-content\/uploads\/2017\/12\/curso-pizza-hd.jpg?fit=1200%2C400&amp;ssl=1\" \/><\/a> <a class=\"title\" href=\"https:\/\/le-fort.org\/cocina\/historia-de-la-pizza\/\">Historia de la Pizza<\/a> <span class=\"excerpt-dash\">-<\/span> <span class=\"excerpt\">Una breve historia de la pizza, que iremos ampliando a medida que vayamos conociendo.<\/span><\/div><div class=\"listing-item\"><a class=\"image\" href=\"https:\/\/le-fort.org\/cocina\/clase-pizza-coca\/\"><img loading=\"lazy\" decoding=\"async\" width=\"150\" height=\"150\" src=\"https:\/\/i0.wp.com\/le-fort.org\/cocina\/wp-content\/uploads\/2018\/03\/pizza-coca-hd-1.jpg?resize=150%2C150&amp;ssl=1\" class=\"attachment-thumbnail size-thumbnail wp-post-image\" alt=\"\" srcset=\"https:\/\/i0.wp.com\/le-fort.org\/cocina\/wp-content\/uploads\/2018\/03\/pizza-coca-hd-1.jpg?resize=150%2C150&amp;ssl=1 150w, https:\/\/i0.wp.com\/le-fort.org\/cocina\/wp-content\/uploads\/2018\/03\/pizza-coca-hd-1.jpg?zoom=2&amp;resize=150%2C150&amp;ssl=1 300w, https:\/\/i0.wp.com\/le-fort.org\/cocina\/wp-content\/uploads\/2018\/03\/pizza-coca-hd-1.jpg?zoom=3&amp;resize=150%2C150&amp;ssl=1 450w\" sizes=\"auto, (max-width: 150px) 100vw, 150px\" data-attachment-id=\"12129\" data-permalink=\"https:\/\/le-fort.org\/cocina\/clase-pizza-coca\/pizza-coca-hd-2\/\" data-orig-file=\"https:\/\/i0.wp.com\/le-fort.org\/cocina\/wp-content\/uploads\/2018\/03\/pizza-coca-hd-1.jpg?fit=1800%2C600&amp;ssl=1\" data-orig-size=\"1800,600\" data-comments-opened=\"0\" data-image-meta=\"{&quot;aperture&quot;:&quot;0&quot;,&quot;credit&quot;:&quot;&quot;,&quot;camera&quot;:&quot;&quot;,&quot;caption&quot;:&quot;&quot;,&quot;created_timestamp&quot;:&quot;0&quot;,&quot;copyright&quot;:&quot;&quot;,&quot;focal_length&quot;:&quot;0&quot;,&quot;iso&quot;:&quot;0&quot;,&quot;shutter_speed&quot;:&quot;0&quot;,&quot;title&quot;:&quot;&quot;,&quot;orientation&quot;:&quot;0&quot;}\" data-image-title=\"pizza-coca-hd\" data-image-description=\"\" data-image-caption=\"\" data-large-file=\"https:\/\/i0.wp.com\/le-fort.org\/cocina\/wp-content\/uploads\/2018\/03\/pizza-coca-hd-1.jpg?fit=1200%2C400&amp;ssl=1\" \/><\/a> <a class=\"title\" href=\"https:\/\/le-fort.org\/cocina\/clase-pizza-coca\/\">Clase de Pizza en Coca<\/a> <span class=\"excerpt-dash\">-<\/span> <span class=\"excerpt\">Hicimos un peque\u00f1o viaje de capacitaci\u00f3n por el Oriente ecuatoriano (Puyo, Coca, Joya de los Sachas) con nuestros amigos de Cocachefs. El jueves 22 de marzo ense\u00f1amos a preparar pizza en la escuela Cocachefs en Coca.<\/span><\/div><div class=\"listing-item\"><a class=\"image\" href=\"https:\/\/le-fort.org\/cocina\/taller-pizza-cuenca\/\"><img loading=\"lazy\" decoding=\"async\" width=\"150\" height=\"150\" src=\"https:\/\/i0.wp.com\/le-fort.org\/cocina\/wp-content\/uploads\/2018\/03\/dasam-hd.jpg?resize=150%2C150&amp;ssl=1\" class=\"attachment-thumbnail size-thumbnail wp-post-image\" alt=\"\" srcset=\"https:\/\/i0.wp.com\/le-fort.org\/cocina\/wp-content\/uploads\/2018\/03\/dasam-hd.jpg?resize=150%2C150&amp;ssl=1 150w, https:\/\/i0.wp.com\/le-fort.org\/cocina\/wp-content\/uploads\/2018\/03\/dasam-hd.jpg?zoom=2&amp;resize=150%2C150&amp;ssl=1 300w, https:\/\/i0.wp.com\/le-fort.org\/cocina\/wp-content\/uploads\/2018\/03\/dasam-hd.jpg?zoom=3&amp;resize=150%2C150&amp;ssl=1 450w\" sizes=\"auto, (max-width: 150px) 100vw, 150px\" data-attachment-id=\"11995\" data-permalink=\"https:\/\/le-fort.org\/cocina\/taller-pizza-cuenca\/dasam-hd\/\" data-orig-file=\"https:\/\/i0.wp.com\/le-fort.org\/cocina\/wp-content\/uploads\/2018\/03\/dasam-hd.jpg?fit=1500%2C500&amp;ssl=1\" data-orig-size=\"1500,500\" data-comments-opened=\"0\" data-image-meta=\"{&quot;aperture&quot;:&quot;0&quot;,&quot;credit&quot;:&quot;&quot;,&quot;camera&quot;:&quot;&quot;,&quot;caption&quot;:&quot;&quot;,&quot;created_timestamp&quot;:&quot;0&quot;,&quot;copyright&quot;:&quot;&quot;,&quot;focal_length&quot;:&quot;0&quot;,&quot;iso&quot;:&quot;0&quot;,&quot;shutter_speed&quot;:&quot;0&quot;,&quot;title&quot;:&quot;&quot;,&quot;orientation&quot;:&quot;0&quot;}\" data-image-title=\"dasam-hd\" data-image-description=\"\" data-image-caption=\"\" data-large-file=\"https:\/\/i0.wp.com\/le-fort.org\/cocina\/wp-content\/uploads\/2018\/03\/dasam-hd.jpg?fit=1200%2C400&amp;ssl=1\" \/><\/a> <a class=\"title\" href=\"https:\/\/le-fort.org\/cocina\/taller-pizza-cuenca\/\">Taller de Pizza en Cuenca<\/a> <span class=\"excerpt-dash\">-<\/span> <span class=\"excerpt\">Taller de pizza en Cuenca, Ecuador, dictado en DASAM Distribuidora. Revisamos pizza Margherita, NYC, Siciliana, y dos \"no-pizzas\": La Focaccia y el Flammkuchen.<\/span><\/div><\/div>\n<p style=\"clear: both;\">Esperamos que estas recetas te motiven. \u00bfCu\u00e1les son tus favoritas?<\/p>\n<p><img data-recalc-dims=\"1\" loading=\"lazy\" decoding=\"async\" data-attachment-id=\"6888\" data-permalink=\"https:\/\/le-fort.org\/cocina\/recopilaciones\/pizza\/tajada-8\/\" data-orig-file=\"https:\/\/i0.wp.com\/le-fort.org\/cocina\/wp-content\/uploads\/2014\/01\/tajada.jpg?fit=960%2C600&amp;ssl=1\" data-orig-size=\"960,600\" data-comments-opened=\"0\" data-image-meta=\"{&quot;aperture&quot;:&quot;0&quot;,&quot;credit&quot;:&quot;&quot;,&quot;camera&quot;:&quot;&quot;,&quot;caption&quot;:&quot;&quot;,&quot;created_timestamp&quot;:&quot;0&quot;,&quot;copyright&quot;:&quot;&quot;,&quot;focal_length&quot;:&quot;0&quot;,&quot;iso&quot;:&quot;0&quot;,&quot;shutter_speed&quot;:&quot;0&quot;,&quot;title&quot;:&quot;&quot;,&quot;orientation&quot;:&quot;0&quot;}\" data-image-title=\"tajada\" data-image-description=\"\" data-image-caption=\"\" data-large-file=\"https:\/\/i0.wp.com\/le-fort.org\/cocina\/wp-content\/uploads\/2014\/01\/tajada.jpg?fit=960%2C600&amp;ssl=1\" class=\"aligncenter size-full wp-image-6888\" src=\"https:\/\/i0.wp.com\/www.le-fort.org\/wp-content\/uploads\/2014\/01\/tajada.jpg?resize=960%2C600&#038;ssl=1\" alt=\"tajada\" width=\"960\" height=\"600\" srcset=\"https:\/\/i0.wp.com\/le-fort.org\/cocina\/wp-content\/uploads\/2014\/01\/tajada.jpg?w=960&amp;ssl=1 960w, https:\/\/i0.wp.com\/le-fort.org\/cocina\/wp-content\/uploads\/2014\/01\/tajada.jpg?resize=600%2C375&amp;ssl=1 600w\" sizes=\"auto, (max-width: 960px) 100vw, 960px\" \/><\/p>\n","protected":false},"excerpt":{"rendered":"<p>Amamos la pizza. Masa, queso, y una serie de rellenos posibles, las variaciones son much\u00edsimas. Estas son nuestras recetas de pizza, y nos gustan much\u00edsimo. Esperamos que estas recetas te motiven. \u00bfCu\u00e1les son tus favoritas?<\/p>\n","protected":false},"author":1,"featured_media":6886,"parent":3929,"menu_order":0,"comment_status":"open","ping_status":"closed","template":"","meta":{"footnotes":""},"class_list":["post-5180","page","type-page","status-publish","has-post-thumbnail","hentry","entry","has-media"],"jetpack_shortlink":"https:\/\/wp.me\/PghKer-1ly","jetpack_sharing_enabled":true,"jetpack-related-posts":[{"id":10059,"url":"https:\/\/le-fort.org\/cocina\/introduccion-la-pizza\/","url_meta":{"origin":5180,"position":0},"title":"Taller de Pizza","author":"Le-Fort.org","date":"4 de Abril, 2016","format":false,"excerpt":"Curso introductorio al origen, variedades y preparaci\u00f3n de la pizza, orientado a personas con poca o ninguna experiencia en el tema.","rel":"","context":"Entrada similar ","block_context":{"text":"Entrada similar ","link":""},"img":{"alt_text":"","src":"https:\/\/i0.wp.com\/le-fort.org\/cocina\/wp-content\/uploads\/2017\/10\/curso-pizza-hd.jpg?fit=1200%2C400&ssl=1&resize=350%2C200","width":350,"height":200,"srcset":"https:\/\/i0.wp.com\/le-fort.org\/cocina\/wp-content\/uploads\/2017\/10\/curso-pizza-hd.jpg?fit=1200%2C400&ssl=1&resize=350%2C200 1x, https:\/\/i0.wp.com\/le-fort.org\/cocina\/wp-content\/uploads\/2017\/10\/curso-pizza-hd.jpg?fit=1200%2C400&ssl=1&resize=525%2C300 1.5x, https:\/\/i0.wp.com\/le-fort.org\/cocina\/wp-content\/uploads\/2017\/10\/curso-pizza-hd.jpg?fit=1200%2C400&ssl=1&resize=700%2C400 2x, https:\/\/i0.wp.com\/le-fort.org\/cocina\/wp-content\/uploads\/2017\/10\/curso-pizza-hd.jpg?fit=1200%2C400&ssl=1&resize=1050%2C600 3x"},"classes":[]},{"id":10226,"url":"https:\/\/le-fort.org\/cocina\/nuestro-proyecto\/mapa-de-cursos\/","url_meta":{"origin":5180,"position":1},"title":"Mapa de Actividades","author":"Le-Fort.org","date":"8 de Noviembre, 2017","format":false,"excerpt":"Estamos encantados de ir recorriendo Ecuador aprendiendo y ense\u00f1ando. Este es un mapa de nuestras aventuras en la ense\u00f1anza y el aprendizaje. Veamos c\u00f3mo se va poblando en el tiempo.","rel":"","context":"Entrada similar ","block_context":{"text":"Entrada similar ","link":""},"img":{"alt_text":"","src":"https:\/\/i0.wp.com\/le-fort.org\/cocina\/wp-content\/uploads\/2018\/03\/santa-elena-hd-1.jpg?fit=1200%2C400&ssl=1&resize=350%2C200","width":350,"height":200,"srcset":"https:\/\/i0.wp.com\/le-fort.org\/cocina\/wp-content\/uploads\/2018\/03\/santa-elena-hd-1.jpg?fit=1200%2C400&ssl=1&resize=350%2C200 1x, https:\/\/i0.wp.com\/le-fort.org\/cocina\/wp-content\/uploads\/2018\/03\/santa-elena-hd-1.jpg?fit=1200%2C400&ssl=1&resize=525%2C300 1.5x, https:\/\/i0.wp.com\/le-fort.org\/cocina\/wp-content\/uploads\/2018\/03\/santa-elena-hd-1.jpg?fit=1200%2C400&ssl=1&resize=700%2C400 2x, https:\/\/i0.wp.com\/le-fort.org\/cocina\/wp-content\/uploads\/2018\/03\/santa-elena-hd-1.jpg?fit=1200%2C400&ssl=1&resize=1050%2C600 3x"},"classes":[]},{"id":13555,"url":"https:\/\/le-fort.org\/cocina\/participantes\/taller-pizza-190112\/","url_meta":{"origin":5180,"position":2},"title":"Taller Pizza 12 de enero 2019","author":"Le-Fort.org","date":"10 de Enero, 2019","format":false,"excerpt":"Dictamos un taller de pizza el s\u00e1bado 12 de enero de 2019 en la tarde en nuestras instalaciones. Participantes Asistieron al taller: Mar\u00eda Antonia Soto Granda Mar\u00eda Andrea Soto Granda Wilson Alexis Tacuri Naranjo Jandry Ronaldo Zumba Monta\u00f1o","rel":"","context":"Entrada similar ","block_context":{"text":"Entrada similar ","link":""},"img":{"alt_text":"","src":"https:\/\/i0.wp.com\/le-fort.org\/cocina\/wp-content\/uploads\/2018\/03\/dasam-hd.jpg?fit=1200%2C400&ssl=1&resize=350%2C200","width":350,"height":200,"srcset":"https:\/\/i0.wp.com\/le-fort.org\/cocina\/wp-content\/uploads\/2018\/03\/dasam-hd.jpg?fit=1200%2C400&ssl=1&resize=350%2C200 1x, https:\/\/i0.wp.com\/le-fort.org\/cocina\/wp-content\/uploads\/2018\/03\/dasam-hd.jpg?fit=1200%2C400&ssl=1&resize=525%2C300 1.5x, https:\/\/i0.wp.com\/le-fort.org\/cocina\/wp-content\/uploads\/2018\/03\/dasam-hd.jpg?fit=1200%2C400&ssl=1&resize=700%2C400 2x, https:\/\/i0.wp.com\/le-fort.org\/cocina\/wp-content\/uploads\/2018\/03\/dasam-hd.jpg?fit=1200%2C400&ssl=1&resize=1050%2C600 3x"},"classes":[]},{"id":3929,"url":"https:\/\/le-fort.org\/cocina\/recopilaciones\/","url_meta":{"origin":5180,"position":3},"title":"Recopilaciones","author":"Le-Fort.org","date":"30 de Mayo, 2013","format":false,"excerpt":"Hay temas recurrentes en nuestro cocinar. En esta secci\u00f3n los vamos a unir, porque hemos visto que seon de inter\u00e9s para nuestros lectores. O sea, \u00bfa qui\u00e9n no le interesa, por ejemplo, una pizza o un pie de lim\u00f3n? S\u00ed, lo sabemos. Siempre hay alguien, pero esperamos que aqu\u00ed hayan\u2026","rel":"","context":"Entrada similar ","block_context":{"text":"Entrada similar ","link":""},"img":{"alt_text":"","src":"https:\/\/i0.wp.com\/le-fort.org\/cocina\/wp-content\/uploads\/2015\/10\/cardamomo-hd.jpg?fit=1200%2C400&ssl=1&resize=350%2C200","width":350,"height":200,"srcset":"https:\/\/i0.wp.com\/le-fort.org\/cocina\/wp-content\/uploads\/2015\/10\/cardamomo-hd.jpg?fit=1200%2C400&ssl=1&resize=350%2C200 1x, https:\/\/i0.wp.com\/le-fort.org\/cocina\/wp-content\/uploads\/2015\/10\/cardamomo-hd.jpg?fit=1200%2C400&ssl=1&resize=525%2C300 1.5x, https:\/\/i0.wp.com\/le-fort.org\/cocina\/wp-content\/uploads\/2015\/10\/cardamomo-hd.jpg?fit=1200%2C400&ssl=1&resize=700%2C400 2x, https:\/\/i0.wp.com\/le-fort.org\/cocina\/wp-content\/uploads\/2015\/10\/cardamomo-hd.jpg?fit=1200%2C400&ssl=1&resize=1050%2C600 3x"},"classes":[]},{"id":8234,"url":"https:\/\/le-fort.org\/cocina\/nuestro-proyecto\/rodrigo\/","url_meta":{"origin":5180,"position":4},"title":"Rodrigo","author":"Le-Fort.org","date":"30 de Junio, 2016","format":false,"excerpt":"Rodrigo Duarte\u00a0es quien se encarga de mantener el sitio web funcionando. Viene a la cocina desde la qu\u00edmica y adem\u00e1s de ser chef, es profesor de diversas materias culinarias, tecnol\u00f3gias y cient\u00edficas desde hace m\u00e1s de veinte a\u00f1os. Marell es la otra mitad (la m\u00e1s agradable) del equipo. Resumen Licenciado\u2026","rel":"","context":"Entrada similar ","block_context":{"text":"Entrada similar ","link":""},"img":{"alt_text":"","src":"https:\/\/i0.wp.com\/le-fort.org\/cocina\/wp-content\/uploads\/2011\/08\/cardamomo-hd.jpg?fit=1200%2C400&ssl=1&resize=350%2C200","width":350,"height":200,"srcset":"https:\/\/i0.wp.com\/le-fort.org\/cocina\/wp-content\/uploads\/2011\/08\/cardamomo-hd.jpg?fit=1200%2C400&ssl=1&resize=350%2C200 1x, https:\/\/i0.wp.com\/le-fort.org\/cocina\/wp-content\/uploads\/2011\/08\/cardamomo-hd.jpg?fit=1200%2C400&ssl=1&resize=525%2C300 1.5x, https:\/\/i0.wp.com\/le-fort.org\/cocina\/wp-content\/uploads\/2011\/08\/cardamomo-hd.jpg?fit=1200%2C400&ssl=1&resize=700%2C400 2x, https:\/\/i0.wp.com\/le-fort.org\/cocina\/wp-content\/uploads\/2011\/08\/cardamomo-hd.jpg?fit=1200%2C400&ssl=1&resize=1050%2C600 3x"},"classes":[]},{"id":10383,"url":"https:\/\/le-fort.org\/cocina\/recopilaciones\/gastronomia-de-tungurahua\/","url_meta":{"origin":5180,"position":5},"title":"Gastronom\u00eda de Tungurahua","author":"Le-Fort.org","date":"1 de Diciembre, 2017","format":false,"excerpt":"Hemos tenido oportunidad de visitar Tungurahua por razones acad\u00e9micas y sociales, y hemos comido muy bien. El pan de Ambato es justamente famoso y como corolario, hemos comido sandwiches (s\u00e1nduches) excelentes. No todo han sido sandwiches, por supuesto. La Gastronom\u00eda de Tungurahua tiene much\u00edsimo que ofrecer. En el Mapa Gastronomico\u2026","rel":"","context":"Entrada similar ","block_context":{"text":"Entrada similar ","link":""},"img":{"alt_text":"","src":"https:\/\/i0.wp.com\/le-fort.org\/cocina\/wp-content\/uploads\/2015\/07\/pasta-chocolate-hd.jpg?fit=1200%2C400&ssl=1&resize=350%2C200","width":350,"height":200,"srcset":"https:\/\/i0.wp.com\/le-fort.org\/cocina\/wp-content\/uploads\/2015\/07\/pasta-chocolate-hd.jpg?fit=1200%2C400&ssl=1&resize=350%2C200 1x, https:\/\/i0.wp.com\/le-fort.org\/cocina\/wp-content\/uploads\/2015\/07\/pasta-chocolate-hd.jpg?fit=1200%2C400&ssl=1&resize=525%2C300 1.5x, https:\/\/i0.wp.com\/le-fort.org\/cocina\/wp-content\/uploads\/2015\/07\/pasta-chocolate-hd.jpg?fit=1200%2C400&ssl=1&resize=700%2C400 2x, https:\/\/i0.wp.com\/le-fort.org\/cocina\/wp-content\/uploads\/2015\/07\/pasta-chocolate-hd.jpg?fit=1200%2C400&ssl=1&resize=1050%2C600 3x"},"classes":[]}],"_links":{"self":[{"href":"https:\/\/le-fort.org\/cocina\/wp-json\/wp\/v2\/pages\/5180","targetHints":{"allow":["GET"]}}],"collection":[{"href":"https:\/\/le-fort.org\/cocina\/wp-json\/wp\/v2\/pages"}],"about":[{"href":"https:\/\/le-fort.org\/cocina\/wp-json\/wp\/v2\/types\/page"}],"author":[{"embeddable":true,"href":"https:\/\/le-fort.org\/cocina\/wp-json\/wp\/v2\/users\/1"}],"replies":[{"embeddable":true,"href":"https:\/\/le-fort.org\/cocina\/wp-json\/wp\/v2\/comments?post=5180"}],"version-history":[{"count":0,"href":"https:\/\/le-fort.org\/cocina\/wp-json\/wp\/v2\/pages\/5180\/revisions"}],"up":[{"embeddable":true,"href":"https:\/\/le-fort.org\/cocina\/wp-json\/wp\/v2\/pages\/3929"}],"wp:featuredmedia":[{"embeddable":true,"href":"https:\/\/le-fort.org\/cocina\/wp-json\/wp\/v2\/media\/6886"}],"wp:attachment":[{"href":"https:\/\/le-fort.org\/cocina\/wp-json\/wp\/v2\/media?parent=5180"}],"curies":[{"name":"wp","href":"https:\/\/api.w.org\/{rel}","templated":true}]}}