{"id":8165,"date":"2016-06-22T23:57:16","date_gmt":"2016-06-23T04:57:16","guid":{"rendered":"http:\/\/www.loquecomemos.com\/?page_id=8165"},"modified":"2021-12-02T11:55:26","modified_gmt":"2021-12-02T16:55:26","slug":"reposteria","status":"publish","type":"page","link":"https:\/\/le-fort.org\/cocina\/recopilaciones\/reposteria\/","title":{"rendered":"Reposter\u00eda"},"content":{"rendered":"<p>La\u00a0reposter\u00eda es\u00a0\u00a0un mundo aparte. Pueden hacerse preparaciones muy poco laboriosas o hacer trabajos que representan muchas horas de trabajo, de una simpleza minimalista o de un barroquismo impresionante. Preparaciones r\u00fasticas, dejando que los ingredientes hablen, o maquilladas hasta la irreconocibilidad. Hay tortas, pies kuchenes, etc. y gustos para todo.<\/p>\n<p><img data-recalc-dims=\"1\" loading=\"lazy\" decoding=\"async\" data-attachment-id=\"8172\" data-permalink=\"https:\/\/le-fort.org\/cocina\/recopilaciones\/reposteria\/guanabana-naranja\/\" data-orig-file=\"https:\/\/i0.wp.com\/le-fort.org\/cocina\/wp-content\/uploads\/2016\/06\/guanabana-naranja.jpg?fit=1280%2C852&amp;ssl=1\" data-orig-size=\"1280,852\" data-comments-opened=\"0\" data-image-meta=\"{&quot;aperture&quot;:&quot;0&quot;,&quot;credit&quot;:&quot;&quot;,&quot;camera&quot;:&quot;&quot;,&quot;caption&quot;:&quot;&quot;,&quot;created_timestamp&quot;:&quot;0&quot;,&quot;copyright&quot;:&quot;&quot;,&quot;focal_length&quot;:&quot;0&quot;,&quot;iso&quot;:&quot;0&quot;,&quot;shutter_speed&quot;:&quot;0&quot;,&quot;title&quot;:&quot;&quot;,&quot;orientation&quot;:&quot;0&quot;}\" data-image-title=\"guanabana-naranja\" data-image-description=\"\" data-image-caption=\"\" data-large-file=\"https:\/\/i0.wp.com\/le-fort.org\/cocina\/wp-content\/uploads\/2016\/06\/guanabana-naranja.jpg?fit=1200%2C799&amp;ssl=1\" class=\"aligncenter size-medium wp-image-8172\" src=\"https:\/\/i0.wp.com\/www.le-fort.org\/wp-content\/uploads\/2016\/06\/guanabana-naranja-600x399.jpg?resize=600%2C399&#038;ssl=1\" alt=\"guanabana-naranja\" width=\"600\" height=\"399\" srcset=\"https:\/\/i0.wp.com\/le-fort.org\/cocina\/wp-content\/uploads\/2016\/06\/guanabana-naranja.jpg?resize=600%2C399&amp;ssl=1 600w, https:\/\/i0.wp.com\/le-fort.org\/cocina\/wp-content\/uploads\/2016\/06\/guanabana-naranja.jpg?w=1280&amp;ssl=1 1280w\" sizes=\"auto, (max-width: 600px) 100vw, 600px\" \/><\/p>\n<h2>Nuestra reposter\u00eda<\/h2>\n<p>Esto es lo \u00faltimo que hemos escrito sobre reposter\u00eda.<\/p>\n<div class=\"listado\">\n<div class=\"display-posts-listing\"><div class=\"listing-item\"><a class=\"image\" href=\"https:\/\/le-fort.org\/cocina\/masa-de-tartaleta-y-pie-de-limon\/\"><img loading=\"lazy\" decoding=\"async\" width=\"1200\" height=\"400\" src=\"https:\/\/i0.wp.com\/le-fort.org\/cocina\/wp-content\/uploads\/2011\/07\/pie-limon-hd.jpg?fit=1200%2C400&amp;ssl=1\" class=\"attachment-large size-large wp-post-image\" alt=\"\" srcset=\"https:\/\/i0.wp.com\/le-fort.org\/cocina\/wp-content\/uploads\/2011\/07\/pie-limon-hd.jpg?w=1500&amp;ssl=1 1500w, https:\/\/i0.wp.com\/le-fort.org\/cocina\/wp-content\/uploads\/2011\/07\/pie-limon-hd.jpg?resize=600%2C200&amp;ssl=1 600w, https:\/\/i0.wp.com\/le-fort.org\/cocina\/wp-content\/uploads\/2011\/07\/pie-limon-hd.jpg?resize=1280%2C427&amp;ssl=1 1280w\" sizes=\"auto, (max-width: 1200px) 100vw, 1200px\" data-attachment-id=\"16376\" data-permalink=\"https:\/\/le-fort.org\/cocina\/receta-pie-de-limon-relleno-maicena\/pie-limon-hd-2\/\" data-orig-file=\"https:\/\/i0.wp.com\/le-fort.org\/cocina\/wp-content\/uploads\/2011\/07\/pie-limon-hd.jpg?fit=1500%2C500&amp;ssl=1\" data-orig-size=\"1500,500\" data-comments-opened=\"0\" data-image-meta=\"{&quot;aperture&quot;:&quot;0&quot;,&quot;credit&quot;:&quot;&quot;,&quot;camera&quot;:&quot;&quot;,&quot;caption&quot;:&quot;&quot;,&quot;created_timestamp&quot;:&quot;0&quot;,&quot;copyright&quot;:&quot;&quot;,&quot;focal_length&quot;:&quot;0&quot;,&quot;iso&quot;:&quot;0&quot;,&quot;shutter_speed&quot;:&quot;0&quot;,&quot;title&quot;:&quot;&quot;,&quot;orientation&quot;:&quot;0&quot;}\" data-image-title=\"pie&amp;#8211;limon-hd\" data-image-description=\"\" data-image-caption=\"\" data-large-file=\"https:\/\/i0.wp.com\/le-fort.org\/cocina\/wp-content\/uploads\/2011\/07\/pie-limon-hd.jpg?fit=1200%2C400&amp;ssl=1\" \/><\/a> <a class=\"title\" href=\"https:\/\/le-fort.org\/cocina\/masa-de-tartaleta-y-pie-de-limon\/\">Masa de tartaleta y Pie de lim\u00f3n<\/a> <span class=\"excerpt-dash\">-<\/span> <span class=\"excerpt\">Masa r\u00e1pida y pie de lim\u00f3n<\/span><\/div><div class=\"listing-item\"><a class=\"image\" href=\"https:\/\/le-fort.org\/cocina\/helado-sin-maquina\/\"><img loading=\"lazy\" decoding=\"async\" width=\"1200\" height=\"400\" src=\"https:\/\/i0.wp.com\/le-fort.org\/cocina\/wp-content\/uploads\/2021\/10\/helado-hd.jpg?fit=1200%2C400&amp;ssl=1\" class=\"attachment-large size-large wp-post-image\" alt=\"\" srcset=\"https:\/\/i0.wp.com\/le-fort.org\/cocina\/wp-content\/uploads\/2021\/10\/helado-hd.jpg?w=1500&amp;ssl=1 1500w, https:\/\/i0.wp.com\/le-fort.org\/cocina\/wp-content\/uploads\/2021\/10\/helado-hd.jpg?resize=600%2C200&amp;ssl=1 600w, https:\/\/i0.wp.com\/le-fort.org\/cocina\/wp-content\/uploads\/2021\/10\/helado-hd.jpg?resize=1280%2C427&amp;ssl=1 1280w\" sizes=\"auto, (max-width: 1200px) 100vw, 1200px\" data-attachment-id=\"15847\" data-permalink=\"https:\/\/le-fort.org\/cocina\/helado-sin-maquina\/helado-hd\/\" data-orig-file=\"https:\/\/i0.wp.com\/le-fort.org\/cocina\/wp-content\/uploads\/2021\/10\/helado-hd.jpg?fit=1500%2C500&amp;ssl=1\" data-orig-size=\"1500,500\" data-comments-opened=\"0\" data-image-meta=\"{&quot;aperture&quot;:&quot;0&quot;,&quot;credit&quot;:&quot;&quot;,&quot;camera&quot;:&quot;&quot;,&quot;caption&quot;:&quot;&quot;,&quot;created_timestamp&quot;:&quot;0&quot;,&quot;copyright&quot;:&quot;&quot;,&quot;focal_length&quot;:&quot;0&quot;,&quot;iso&quot;:&quot;0&quot;,&quot;shutter_speed&quot;:&quot;0&quot;,&quot;title&quot;:&quot;&quot;,&quot;orientation&quot;:&quot;0&quot;}\" data-image-title=\"helado-hd\" data-image-description=\"\" data-image-caption=\"\" data-large-file=\"https:\/\/i0.wp.com\/le-fort.org\/cocina\/wp-content\/uploads\/2021\/10\/helado-hd.jpg?fit=1200%2C400&amp;ssl=1\" \/><\/a> <a class=\"title\" href=\"https:\/\/le-fort.org\/cocina\/helado-sin-maquina\/\">Helado sin M\u00e1quina<\/a> <span class=\"excerpt-dash\">-<\/span> <span class=\"excerpt\">Receta de helado de crema de leche y merengue suizo muy f\u00e1cil y estable y que no requiere de equipamiento especial. <\/span><\/div><div class=\"listing-item\"><a class=\"image\" href=\"https:\/\/le-fort.org\/cocina\/brownies-nueva-receta\/\"><img loading=\"lazy\" decoding=\"async\" width=\"1200\" height=\"400\" src=\"https:\/\/i0.wp.com\/le-fort.org\/cocina\/wp-content\/uploads\/2015\/09\/brownies-hd-1.jpg?fit=1200%2C400&amp;ssl=1\" class=\"attachment-large size-large wp-post-image\" alt=\"\" srcset=\"https:\/\/i0.wp.com\/le-fort.org\/cocina\/wp-content\/uploads\/2015\/09\/brownies-hd-1.jpg?w=1500&amp;ssl=1 1500w, https:\/\/i0.wp.com\/le-fort.org\/cocina\/wp-content\/uploads\/2015\/09\/brownies-hd-1.jpg?resize=600%2C200&amp;ssl=1 600w, https:\/\/i0.wp.com\/le-fort.org\/cocina\/wp-content\/uploads\/2015\/09\/brownies-hd-1.jpg?resize=1280%2C427&amp;ssl=1 1280w\" sizes=\"auto, (max-width: 1200px) 100vw, 1200px\" data-attachment-id=\"11979\" data-permalink=\"https:\/\/le-fort.org\/cocina\/brownies\/brownies-hd-3\/\" data-orig-file=\"https:\/\/i0.wp.com\/le-fort.org\/cocina\/wp-content\/uploads\/2015\/09\/brownies-hd-1.jpg?fit=1500%2C500&amp;ssl=1\" data-orig-size=\"1500,500\" data-comments-opened=\"0\" data-image-meta=\"{&quot;aperture&quot;:&quot;0&quot;,&quot;credit&quot;:&quot;&quot;,&quot;camera&quot;:&quot;&quot;,&quot;caption&quot;:&quot;&quot;,&quot;created_timestamp&quot;:&quot;0&quot;,&quot;copyright&quot;:&quot;&quot;,&quot;focal_length&quot;:&quot;0&quot;,&quot;iso&quot;:&quot;0&quot;,&quot;shutter_speed&quot;:&quot;0&quot;,&quot;title&quot;:&quot;&quot;,&quot;orientation&quot;:&quot;0&quot;}\" data-image-title=\"brownies-hd\" data-image-description=\"\" data-image-caption=\"\" data-large-file=\"https:\/\/i0.wp.com\/le-fort.org\/cocina\/wp-content\/uploads\/2015\/09\/brownies-hd-1.jpg?fit=1200%2C400&amp;ssl=1\" \/><\/a> <a class=\"title\" href=\"https:\/\/le-fort.org\/cocina\/brownies-nueva-receta\/\">Brownies Esponjosos<\/a> <span class=\"excerpt-dash\">-<\/span> <span class=\"excerpt\">Receta de brownie que incorpora algunas novedades<\/span><\/div><div class=\"listing-item\"><a class=\"image\" href=\"https:\/\/le-fort.org\/cocina\/banoffee-receta-original\/\"><img loading=\"lazy\" decoding=\"async\" width=\"1200\" height=\"400\" src=\"https:\/\/i0.wp.com\/le-fort.org\/cocina\/wp-content\/uploads\/2015\/02\/banoffee_hd.jpg?fit=1200%2C400&amp;ssl=1\" class=\"attachment-large size-large wp-post-image\" alt=\"\" srcset=\"https:\/\/i0.wp.com\/le-fort.org\/cocina\/wp-content\/uploads\/2015\/02\/banoffee_hd.jpg?w=1200&amp;ssl=1 1200w, https:\/\/i0.wp.com\/le-fort.org\/cocina\/wp-content\/uploads\/2015\/02\/banoffee_hd.jpg?resize=600%2C200&amp;ssl=1 600w\" sizes=\"auto, (max-width: 1200px) 100vw, 1200px\" data-attachment-id=\"6038\" data-permalink=\"https:\/\/le-fort.org\/cocina\/banoffee-pie-de-caramelo-banana-y-crema\/banoffee_hd\/\" data-orig-file=\"https:\/\/i0.wp.com\/le-fort.org\/cocina\/wp-content\/uploads\/2015\/02\/banoffee_hd.jpg?fit=1200%2C400&amp;ssl=1\" data-orig-size=\"1200,400\" data-comments-opened=\"0\" data-image-meta=\"{&quot;aperture&quot;:&quot;0&quot;,&quot;credit&quot;:&quot;&quot;,&quot;camera&quot;:&quot;&quot;,&quot;caption&quot;:&quot;&quot;,&quot;created_timestamp&quot;:&quot;0&quot;,&quot;copyright&quot;:&quot;&quot;,&quot;focal_length&quot;:&quot;0&quot;,&quot;iso&quot;:&quot;0&quot;,&quot;shutter_speed&quot;:&quot;0&quot;,&quot;title&quot;:&quot;&quot;,&quot;orientation&quot;:&quot;0&quot;}\" data-image-title=\"banoffee_hd\" data-image-description=\"\" data-image-caption=\"\" data-large-file=\"https:\/\/i0.wp.com\/le-fort.org\/cocina\/wp-content\/uploads\/2015\/02\/banoffee_hd.jpg?fit=1200%2C400&amp;ssl=1\" \/><\/a> <a class=\"title\" href=\"https:\/\/le-fort.org\/cocina\/banoffee-receta-original\/\">Banoffee &#8211; Receta Original<\/a> <span class=\"excerpt-dash\">-<\/span> <span class=\"excerpt\">Receta original del Banoffee o Banofi, tarta de la d\u00e9cada de 1970. Esta versi\u00f3n tiene caf\u00e9 en la crema y usa simplemente dulce de leche.<\/span><\/div><div class=\"listing-item\"><a class=\"image\" href=\"https:\/\/le-fort.org\/cocina\/merengue-italiano\/\"><img loading=\"lazy\" decoding=\"async\" width=\"1200\" height=\"400\" src=\"https:\/\/i0.wp.com\/le-fort.org\/cocina\/wp-content\/uploads\/2016\/10\/merengue-hd.jpg?fit=1200%2C400&amp;ssl=1\" class=\"attachment-large size-large wp-post-image\" alt=\"\" srcset=\"https:\/\/i0.wp.com\/le-fort.org\/cocina\/wp-content\/uploads\/2016\/10\/merengue-hd.jpg?w=1500&amp;ssl=1 1500w, https:\/\/i0.wp.com\/le-fort.org\/cocina\/wp-content\/uploads\/2016\/10\/merengue-hd.jpg?resize=600%2C200&amp;ssl=1 600w, https:\/\/i0.wp.com\/le-fort.org\/cocina\/wp-content\/uploads\/2016\/10\/merengue-hd.jpg?resize=1280%2C427&amp;ssl=1 1280w\" sizes=\"auto, (max-width: 1200px) 100vw, 1200px\" data-attachment-id=\"8821\" data-permalink=\"https:\/\/le-fort.org\/cocina\/la-ciencia-detras-del-merengue\/merengue-hd-2\/\" data-orig-file=\"https:\/\/i0.wp.com\/le-fort.org\/cocina\/wp-content\/uploads\/2016\/10\/merengue-hd.jpg?fit=1500%2C500&amp;ssl=1\" data-orig-size=\"1500,500\" data-comments-opened=\"0\" data-image-meta=\"{&quot;aperture&quot;:&quot;0&quot;,&quot;credit&quot;:&quot;&quot;,&quot;camera&quot;:&quot;&quot;,&quot;caption&quot;:&quot;&quot;,&quot;created_timestamp&quot;:&quot;0&quot;,&quot;copyright&quot;:&quot;&quot;,&quot;focal_length&quot;:&quot;0&quot;,&quot;iso&quot;:&quot;0&quot;,&quot;shutter_speed&quot;:&quot;0&quot;,&quot;title&quot;:&quot;&quot;,&quot;orientation&quot;:&quot;0&quot;}\" data-image-title=\"merengue-hd\" data-image-description=\"\" data-image-caption=\"\" data-large-file=\"https:\/\/i0.wp.com\/le-fort.org\/cocina\/wp-content\/uploads\/2016\/10\/merengue-hd.jpg?fit=1200%2C400&amp;ssl=1\" \/><\/a> <a class=\"title\" href=\"https:\/\/le-fort.org\/cocina\/merengue-italiano\/\">Merengue Italiano<\/a> <span class=\"excerpt-dash\">-<\/span> <span class=\"excerpt\">Receta de merengue italiano\r\n<\/span><\/div><div class=\"listing-item\"><a class=\"image\" href=\"https:\/\/le-fort.org\/cocina\/galletas-de-chips-de-chocolate\/\"><img loading=\"lazy\" decoding=\"async\" width=\"1200\" height=\"400\" src=\"https:\/\/i0.wp.com\/le-fort.org\/cocina\/wp-content\/uploads\/2020\/04\/chocolate-chip-cookies-hd.jpg?fit=1200%2C400&amp;ssl=1\" class=\"attachment-large size-large wp-post-image\" alt=\"\" srcset=\"https:\/\/i0.wp.com\/le-fort.org\/cocina\/wp-content\/uploads\/2020\/04\/chocolate-chip-cookies-hd.jpg?w=1500&amp;ssl=1 1500w, https:\/\/i0.wp.com\/le-fort.org\/cocina\/wp-content\/uploads\/2020\/04\/chocolate-chip-cookies-hd.jpg?resize=600%2C200&amp;ssl=1 600w, https:\/\/i0.wp.com\/le-fort.org\/cocina\/wp-content\/uploads\/2020\/04\/chocolate-chip-cookies-hd.jpg?resize=1280%2C427&amp;ssl=1 1280w, https:\/\/i0.wp.com\/le-fort.org\/cocina\/wp-content\/uploads\/2020\/04\/chocolate-chip-cookies-hd.jpg?resize=1140%2C380&amp;ssl=1 1140w\" sizes=\"auto, (max-width: 1200px) 100vw, 1200px\" data-attachment-id=\"14905\" data-permalink=\"https:\/\/le-fort.org\/cocina\/galletas-de-chips-de-chocolate\/chocolate-chip-cookies-hd\/\" data-orig-file=\"https:\/\/i0.wp.com\/le-fort.org\/cocina\/wp-content\/uploads\/2020\/04\/chocolate-chip-cookies-hd.jpg?fit=1500%2C500&amp;ssl=1\" data-orig-size=\"1500,500\" data-comments-opened=\"0\" data-image-meta=\"{&quot;aperture&quot;:&quot;0&quot;,&quot;credit&quot;:&quot;&quot;,&quot;camera&quot;:&quot;&quot;,&quot;caption&quot;:&quot;&quot;,&quot;created_timestamp&quot;:&quot;0&quot;,&quot;copyright&quot;:&quot;&quot;,&quot;focal_length&quot;:&quot;0&quot;,&quot;iso&quot;:&quot;0&quot;,&quot;shutter_speed&quot;:&quot;0&quot;,&quot;title&quot;:&quot;&quot;,&quot;orientation&quot;:&quot;0&quot;}\" data-image-title=\"chocolate-chip-cookies-hd\" data-image-description=\"\" data-image-caption=\"\" data-large-file=\"https:\/\/i0.wp.com\/le-fort.org\/cocina\/wp-content\/uploads\/2020\/04\/chocolate-chip-cookies-hd.jpg?fit=1200%2C400&amp;ssl=1\" \/><\/a> <a class=\"title\" href=\"https:\/\/le-fort.org\/cocina\/galletas-de-chips-de-chocolate\/\">Galletas de Chips de Chocolate<\/a> <span class=\"excerpt-dash\">-<\/span> <span class=\"excerpt\">Receta de Galletas de Chips de Chocolate, uno de los cl\u00e1sicos de la reposter\u00eda dom\u00e9stica. Esta receta data de la d\u00e9cada de 1930, y fue adquirida por Nestl\u00e9.<\/span><\/div><div class=\"listing-item\"><a class=\"image\" href=\"https:\/\/le-fort.org\/cocina\/pan-de-guineo-con-aceite\/\"><img loading=\"lazy\" decoding=\"async\" width=\"1200\" height=\"400\" src=\"https:\/\/i0.wp.com\/le-fort.org\/cocina\/wp-content\/uploads\/2020\/02\/guineo-hd.jpg?fit=1200%2C400&amp;ssl=1\" class=\"attachment-large size-large wp-post-image\" alt=\"\" srcset=\"https:\/\/i0.wp.com\/le-fort.org\/cocina\/wp-content\/uploads\/2020\/02\/guineo-hd.jpg?w=1500&amp;ssl=1 1500w, https:\/\/i0.wp.com\/le-fort.org\/cocina\/wp-content\/uploads\/2020\/02\/guineo-hd.jpg?resize=600%2C200&amp;ssl=1 600w, https:\/\/i0.wp.com\/le-fort.org\/cocina\/wp-content\/uploads\/2020\/02\/guineo-hd.jpg?resize=1280%2C427&amp;ssl=1 1280w, https:\/\/i0.wp.com\/le-fort.org\/cocina\/wp-content\/uploads\/2020\/02\/guineo-hd.jpg?resize=1140%2C380&amp;ssl=1 1140w\" sizes=\"auto, (max-width: 1200px) 100vw, 1200px\" data-attachment-id=\"14812\" data-permalink=\"https:\/\/le-fort.org\/cocina\/pan-de-guineo\/guineo-hd\/\" data-orig-file=\"https:\/\/i0.wp.com\/le-fort.org\/cocina\/wp-content\/uploads\/2020\/02\/guineo-hd.jpg?fit=1500%2C500&amp;ssl=1\" data-orig-size=\"1500,500\" data-comments-opened=\"0\" data-image-meta=\"{&quot;aperture&quot;:&quot;0&quot;,&quot;credit&quot;:&quot;&quot;,&quot;camera&quot;:&quot;&quot;,&quot;caption&quot;:&quot;&quot;,&quot;created_timestamp&quot;:&quot;0&quot;,&quot;copyright&quot;:&quot;&quot;,&quot;focal_length&quot;:&quot;0&quot;,&quot;iso&quot;:&quot;0&quot;,&quot;shutter_speed&quot;:&quot;0&quot;,&quot;title&quot;:&quot;&quot;,&quot;orientation&quot;:&quot;0&quot;}\" data-image-title=\"guineo-hd\" data-image-description=\"\" data-image-caption=\"\" data-large-file=\"https:\/\/i0.wp.com\/le-fort.org\/cocina\/wp-content\/uploads\/2020\/02\/guineo-hd.jpg?fit=1200%2C400&amp;ssl=1\" \/><\/a> <a class=\"title\" href=\"https:\/\/le-fort.org\/cocina\/pan-de-guineo-con-aceite\/\">Pan de Guineo y Aceite<\/a> <span class=\"excerpt-dash\">-<\/span> <span class=\"excerpt\">El pan de guineo (o queque de pl\u00e1tano) es una receta que hemos visitado repetidamente, y que es una buena forma de aprovechar los guineos que est\u00e1n sobremaduros y no botar comida, que nunca est\u00e1n los tiempos para eso.<\/span><\/div><div class=\"listing-item\"><a class=\"image\" href=\"https:\/\/le-fort.org\/cocina\/crema-namelaka\/\"><img loading=\"lazy\" decoding=\"async\" width=\"1200\" height=\"400\" src=\"https:\/\/i0.wp.com\/le-fort.org\/cocina\/wp-content\/uploads\/2020\/03\/namelaka-hd.jpg?fit=1200%2C400&amp;ssl=1\" class=\"attachment-large size-large wp-post-image\" alt=\"\" srcset=\"https:\/\/i0.wp.com\/le-fort.org\/cocina\/wp-content\/uploads\/2020\/03\/namelaka-hd.jpg?w=1500&amp;ssl=1 1500w, https:\/\/i0.wp.com\/le-fort.org\/cocina\/wp-content\/uploads\/2020\/03\/namelaka-hd.jpg?resize=600%2C200&amp;ssl=1 600w, https:\/\/i0.wp.com\/le-fort.org\/cocina\/wp-content\/uploads\/2020\/03\/namelaka-hd.jpg?resize=1280%2C427&amp;ssl=1 1280w, https:\/\/i0.wp.com\/le-fort.org\/cocina\/wp-content\/uploads\/2020\/03\/namelaka-hd.jpg?resize=1140%2C380&amp;ssl=1 1140w\" sizes=\"auto, (max-width: 1200px) 100vw, 1200px\" data-attachment-id=\"14867\" data-permalink=\"https:\/\/le-fort.org\/cocina\/crema-namelaka\/namelaka-hd\/\" data-orig-file=\"https:\/\/i0.wp.com\/le-fort.org\/cocina\/wp-content\/uploads\/2020\/03\/namelaka-hd.jpg?fit=1500%2C500&amp;ssl=1\" data-orig-size=\"1500,500\" data-comments-opened=\"0\" data-image-meta=\"{&quot;aperture&quot;:&quot;0&quot;,&quot;credit&quot;:&quot;&quot;,&quot;camera&quot;:&quot;&quot;,&quot;caption&quot;:&quot;&quot;,&quot;created_timestamp&quot;:&quot;0&quot;,&quot;copyright&quot;:&quot;&quot;,&quot;focal_length&quot;:&quot;0&quot;,&quot;iso&quot;:&quot;0&quot;,&quot;shutter_speed&quot;:&quot;0&quot;,&quot;title&quot;:&quot;&quot;,&quot;orientation&quot;:&quot;0&quot;}\" data-image-title=\"namelaka-hd\" data-image-description=\"\" data-image-caption=\"\" data-large-file=\"https:\/\/i0.wp.com\/le-fort.org\/cocina\/wp-content\/uploads\/2020\/03\/namelaka-hd.jpg?fit=1200%2C400&amp;ssl=1\" \/><\/a> <a class=\"title\" href=\"https:\/\/le-fort.org\/cocina\/crema-namelaka\/\">Crema Namelaka<\/a> <span class=\"excerpt-dash\">-<\/span> <span class=\"excerpt\">Receta de crema Namelaka, descrita como una combinaci\u00f3n entre ganache y Panna Cotta. Desarrollada por Valrhona, se comporta como un gel fluido. Muy vers\u00e1til.<\/span><\/div><div class=\"listing-item\"><a class=\"image\" href=\"https:\/\/le-fort.org\/cocina\/pan-de-guineo\/\"><img loading=\"lazy\" decoding=\"async\" width=\"1200\" height=\"400\" src=\"https:\/\/i0.wp.com\/le-fort.org\/cocina\/wp-content\/uploads\/2020\/02\/guineo-hd.jpg?fit=1200%2C400&amp;ssl=1\" class=\"attachment-large size-large wp-post-image\" alt=\"\" srcset=\"https:\/\/i0.wp.com\/le-fort.org\/cocina\/wp-content\/uploads\/2020\/02\/guineo-hd.jpg?w=1500&amp;ssl=1 1500w, https:\/\/i0.wp.com\/le-fort.org\/cocina\/wp-content\/uploads\/2020\/02\/guineo-hd.jpg?resize=600%2C200&amp;ssl=1 600w, https:\/\/i0.wp.com\/le-fort.org\/cocina\/wp-content\/uploads\/2020\/02\/guineo-hd.jpg?resize=1280%2C427&amp;ssl=1 1280w, https:\/\/i0.wp.com\/le-fort.org\/cocina\/wp-content\/uploads\/2020\/02\/guineo-hd.jpg?resize=1140%2C380&amp;ssl=1 1140w\" sizes=\"auto, (max-width: 1200px) 100vw, 1200px\" data-attachment-id=\"14812\" data-permalink=\"https:\/\/le-fort.org\/cocina\/pan-de-guineo\/guineo-hd\/\" data-orig-file=\"https:\/\/i0.wp.com\/le-fort.org\/cocina\/wp-content\/uploads\/2020\/02\/guineo-hd.jpg?fit=1500%2C500&amp;ssl=1\" data-orig-size=\"1500,500\" data-comments-opened=\"0\" data-image-meta=\"{&quot;aperture&quot;:&quot;0&quot;,&quot;credit&quot;:&quot;&quot;,&quot;camera&quot;:&quot;&quot;,&quot;caption&quot;:&quot;&quot;,&quot;created_timestamp&quot;:&quot;0&quot;,&quot;copyright&quot;:&quot;&quot;,&quot;focal_length&quot;:&quot;0&quot;,&quot;iso&quot;:&quot;0&quot;,&quot;shutter_speed&quot;:&quot;0&quot;,&quot;title&quot;:&quot;&quot;,&quot;orientation&quot;:&quot;0&quot;}\" data-image-title=\"guineo-hd\" data-image-description=\"\" data-image-caption=\"\" data-large-file=\"https:\/\/i0.wp.com\/le-fort.org\/cocina\/wp-content\/uploads\/2020\/02\/guineo-hd.jpg?fit=1200%2C400&amp;ssl=1\" \/><\/a> <a class=\"title\" href=\"https:\/\/le-fort.org\/cocina\/pan-de-guineo\/\">Pan de Guineo<\/a> <span class=\"excerpt-dash\">-<\/span> <span class=\"excerpt\">El 23 de febrero se conmemora el &#8220;d\u00eda del pan de guineo&#8221; en los EE.UU. Justo estamos revisando el curriculum de pasteler\u00eda del Culinary Institute of America, y su receta de pan de guineo se ve s\u00faper interesante. La preparamos para conmemorar la fecha. Nos encant\u00f3.<\/span><\/div><div class=\"listing-item\"><a class=\"image\" href=\"https:\/\/le-fort.org\/cocina\/cremoso-de-chocolate\/\"><img loading=\"lazy\" decoding=\"async\" width=\"1200\" height=\"400\" src=\"https:\/\/i0.wp.com\/le-fort.org\/cocina\/wp-content\/uploads\/2019\/09\/cremoso-hd.jpg?fit=1200%2C400&amp;ssl=1\" class=\"attachment-large size-large wp-post-image\" alt=\"\" srcset=\"https:\/\/i0.wp.com\/le-fort.org\/cocina\/wp-content\/uploads\/2019\/09\/cremoso-hd.jpg?w=1500&amp;ssl=1 1500w, https:\/\/i0.wp.com\/le-fort.org\/cocina\/wp-content\/uploads\/2019\/09\/cremoso-hd.jpg?resize=600%2C200&amp;ssl=1 600w, https:\/\/i0.wp.com\/le-fort.org\/cocina\/wp-content\/uploads\/2019\/09\/cremoso-hd.jpg?resize=1280%2C427&amp;ssl=1 1280w, https:\/\/i0.wp.com\/le-fort.org\/cocina\/wp-content\/uploads\/2019\/09\/cremoso-hd.jpg?resize=3%2C1&amp;ssl=1 3w\" sizes=\"auto, (max-width: 1200px) 100vw, 1200px\" data-attachment-id=\"14445\" data-permalink=\"https:\/\/le-fort.org\/cocina\/cremoso-de-chocolate\/cremoso-hd\/\" data-orig-file=\"https:\/\/i0.wp.com\/le-fort.org\/cocina\/wp-content\/uploads\/2019\/09\/cremoso-hd.jpg?fit=1500%2C500&amp;ssl=1\" data-orig-size=\"1500,500\" data-comments-opened=\"0\" data-image-meta=\"{&quot;aperture&quot;:&quot;0&quot;,&quot;credit&quot;:&quot;&quot;,&quot;camera&quot;:&quot;&quot;,&quot;caption&quot;:&quot;&quot;,&quot;created_timestamp&quot;:&quot;0&quot;,&quot;copyright&quot;:&quot;&quot;,&quot;focal_length&quot;:&quot;0&quot;,&quot;iso&quot;:&quot;0&quot;,&quot;shutter_speed&quot;:&quot;0&quot;,&quot;title&quot;:&quot;&quot;,&quot;orientation&quot;:&quot;0&quot;}\" data-image-title=\"cremoso-hd\" data-image-description=\"\" data-image-caption=\"\" data-large-file=\"https:\/\/i0.wp.com\/le-fort.org\/cocina\/wp-content\/uploads\/2019\/09\/cremoso-hd.jpg?fit=1200%2C400&amp;ssl=1\" \/><\/a> <a class=\"title\" href=\"https:\/\/le-fort.org\/cocina\/cremoso-de-chocolate\/\">Cremoso de Chocolate<\/a> <span class=\"excerpt-dash\">-<\/span> <span class=\"excerpt\">Receta de cremoso de chocolate que es, con ligeras modificaciones, de Callebaut. Realmente excelente. F\u00e1cil y delicioso.<\/span><\/div><div class=\"listing-item\"><a class=\"image\" href=\"https:\/\/le-fort.org\/cocina\/tartas-tartaletas-y-pie-en-loja\/\"><img loading=\"lazy\" decoding=\"async\" width=\"1200\" height=\"400\" src=\"https:\/\/i0.wp.com\/le-fort.org\/cocina\/wp-content\/uploads\/2019\/06\/tartaletas-hd.jpg?fit=1200%2C400&amp;ssl=1\" class=\"attachment-large size-large wp-post-image\" alt=\"\" srcset=\"https:\/\/i0.wp.com\/le-fort.org\/cocina\/wp-content\/uploads\/2019\/06\/tartaletas-hd.jpg?w=1500&amp;ssl=1 1500w, https:\/\/i0.wp.com\/le-fort.org\/cocina\/wp-content\/uploads\/2019\/06\/tartaletas-hd.jpg?resize=600%2C200&amp;ssl=1 600w, https:\/\/i0.wp.com\/le-fort.org\/cocina\/wp-content\/uploads\/2019\/06\/tartaletas-hd.jpg?resize=1280%2C427&amp;ssl=1 1280w, https:\/\/i0.wp.com\/le-fort.org\/cocina\/wp-content\/uploads\/2019\/06\/tartaletas-hd.jpg?resize=3%2C1&amp;ssl=1 3w\" sizes=\"auto, (max-width: 1200px) 100vw, 1200px\" data-attachment-id=\"14255\" data-permalink=\"https:\/\/le-fort.org\/cocina\/tartas-tartaletas-y-pie-en-loja\/tartaletas-hd\/\" data-orig-file=\"https:\/\/i0.wp.com\/le-fort.org\/cocina\/wp-content\/uploads\/2019\/06\/tartaletas-hd.jpg?fit=1500%2C500&amp;ssl=1\" data-orig-size=\"1500,500\" data-comments-opened=\"0\" data-image-meta=\"{&quot;aperture&quot;:&quot;0&quot;,&quot;credit&quot;:&quot;&quot;,&quot;camera&quot;:&quot;&quot;,&quot;caption&quot;:&quot;&quot;,&quot;created_timestamp&quot;:&quot;0&quot;,&quot;copyright&quot;:&quot;&quot;,&quot;focal_length&quot;:&quot;0&quot;,&quot;iso&quot;:&quot;0&quot;,&quot;shutter_speed&quot;:&quot;0&quot;,&quot;title&quot;:&quot;&quot;,&quot;orientation&quot;:&quot;0&quot;}\" data-image-title=\"tartaletas-hd\" data-image-description=\"\" data-image-caption=\"\" data-large-file=\"https:\/\/i0.wp.com\/le-fort.org\/cocina\/wp-content\/uploads\/2019\/06\/tartaletas-hd.jpg?fit=1200%2C400&amp;ssl=1\" \/><\/a> <a class=\"title\" href=\"https:\/\/le-fort.org\/cocina\/tartas-tartaletas-y-pie-en-loja\/\">Tartas, Tartaletas y Pie en Loja<\/a> <span class=\"excerpt-dash\">-<\/span> <span class=\"excerpt\">Taller de tartaletas, tartas y pie en Loja.<\/span><\/div><div class=\"listing-item\"><a class=\"image\" href=\"https:\/\/le-fort.org\/cocina\/creme-brulee\/\"><img loading=\"lazy\" decoding=\"async\" width=\"1200\" height=\"400\" src=\"https:\/\/i0.wp.com\/le-fort.org\/cocina\/wp-content\/uploads\/2019\/04\/brulee-hd.jpg?fit=1200%2C400&amp;ssl=1\" class=\"attachment-large size-large wp-post-image\" alt=\"\" srcset=\"https:\/\/i0.wp.com\/le-fort.org\/cocina\/wp-content\/uploads\/2019\/04\/brulee-hd.jpg?w=1500&amp;ssl=1 1500w, https:\/\/i0.wp.com\/le-fort.org\/cocina\/wp-content\/uploads\/2019\/04\/brulee-hd.jpg?resize=600%2C200&amp;ssl=1 600w, https:\/\/i0.wp.com\/le-fort.org\/cocina\/wp-content\/uploads\/2019\/04\/brulee-hd.jpg?resize=1280%2C427&amp;ssl=1 1280w, https:\/\/i0.wp.com\/le-fort.org\/cocina\/wp-content\/uploads\/2019\/04\/brulee-hd.jpg?resize=3%2C1&amp;ssl=1 3w\" sizes=\"auto, (max-width: 1200px) 100vw, 1200px\" data-attachment-id=\"14106\" data-permalink=\"https:\/\/le-fort.org\/cocina\/creme-brulee\/brulee-hd\/\" data-orig-file=\"https:\/\/i0.wp.com\/le-fort.org\/cocina\/wp-content\/uploads\/2019\/04\/brulee-hd.jpg?fit=1500%2C500&amp;ssl=1\" data-orig-size=\"1500,500\" data-comments-opened=\"0\" data-image-meta=\"{&quot;aperture&quot;:&quot;0&quot;,&quot;credit&quot;:&quot;&quot;,&quot;camera&quot;:&quot;&quot;,&quot;caption&quot;:&quot;&quot;,&quot;created_timestamp&quot;:&quot;0&quot;,&quot;copyright&quot;:&quot;&quot;,&quot;focal_length&quot;:&quot;0&quot;,&quot;iso&quot;:&quot;0&quot;,&quot;shutter_speed&quot;:&quot;0&quot;,&quot;title&quot;:&quot;&quot;,&quot;orientation&quot;:&quot;0&quot;}\" data-image-title=\"brulee-hd\" data-image-description=\"\" data-image-caption=\"\" data-large-file=\"https:\/\/i0.wp.com\/le-fort.org\/cocina\/wp-content\/uploads\/2019\/04\/brulee-hd.jpg?fit=1200%2C400&amp;ssl=1\" \/><\/a> <a class=\"title\" href=\"https:\/\/le-fort.org\/cocina\/creme-brulee\/\">Cr\u00e8me Br\u00fbl\u00e9e: Lo Dif\u00edcil son las Tildes<\/a> <span class=\"excerpt-dash\">-<\/span> <span class=\"excerpt\">Receta de Cr\u00eame Brul\u00e9e: R\u00e1pida, sencilla y entretenida.<\/span><\/div><div class=\"listing-item\"><a class=\"image\" href=\"https:\/\/le-fort.org\/cocina\/lebkuchen-galletas-alemanas\/\"><img loading=\"lazy\" decoding=\"async\" width=\"1200\" height=\"400\" src=\"https:\/\/i0.wp.com\/le-fort.org\/cocina\/wp-content\/uploads\/2018\/11\/lebkuchen-hd.jpg?fit=1200%2C400&amp;ssl=1\" class=\"attachment-large size-large wp-post-image\" alt=\"\" srcset=\"https:\/\/i0.wp.com\/le-fort.org\/cocina\/wp-content\/uploads\/2018\/11\/lebkuchen-hd.jpg?w=1500&amp;ssl=1 1500w, https:\/\/i0.wp.com\/le-fort.org\/cocina\/wp-content\/uploads\/2018\/11\/lebkuchen-hd.jpg?resize=600%2C200&amp;ssl=1 600w, https:\/\/i0.wp.com\/le-fort.org\/cocina\/wp-content\/uploads\/2018\/11\/lebkuchen-hd.jpg?resize=1280%2C427&amp;ssl=1 1280w, https:\/\/i0.wp.com\/le-fort.org\/cocina\/wp-content\/uploads\/2018\/11\/lebkuchen-hd.jpg?resize=3%2C1&amp;ssl=1 3w\" sizes=\"auto, (max-width: 1200px) 100vw, 1200px\" data-attachment-id=\"13474\" data-permalink=\"https:\/\/le-fort.org\/cocina\/lebkuchen-galletas-alemanas\/lebkuchen-hd\/\" data-orig-file=\"https:\/\/i0.wp.com\/le-fort.org\/cocina\/wp-content\/uploads\/2018\/11\/lebkuchen-hd.jpg?fit=1500%2C500&amp;ssl=1\" data-orig-size=\"1500,500\" data-comments-opened=\"0\" data-image-meta=\"{&quot;aperture&quot;:&quot;0&quot;,&quot;credit&quot;:&quot;&quot;,&quot;camera&quot;:&quot;&quot;,&quot;caption&quot;:&quot;&quot;,&quot;created_timestamp&quot;:&quot;0&quot;,&quot;copyright&quot;:&quot;&quot;,&quot;focal_length&quot;:&quot;0&quot;,&quot;iso&quot;:&quot;0&quot;,&quot;shutter_speed&quot;:&quot;0&quot;,&quot;title&quot;:&quot;&quot;,&quot;orientation&quot;:&quot;0&quot;}\" data-image-title=\"lebkuchen-hd\" data-image-description=\"\" data-image-caption=\"\" data-large-file=\"https:\/\/i0.wp.com\/le-fort.org\/cocina\/wp-content\/uploads\/2018\/11\/lebkuchen-hd.jpg?fit=1200%2C400&amp;ssl=1\" \/><\/a> <a class=\"title\" href=\"https:\/\/le-fort.org\/cocina\/lebkuchen-galletas-alemanas\/\">Lebkuchen: Galletas Alemanas<\/a> <span class=\"excerpt-dash\">-<\/span> <span class=\"excerpt\">Lebkuchen, galletas alemanas de navidad, muy especiadas. Duran much\u00edsimo.<\/span><\/div><div class=\"listing-item\"><a class=\"image\" href=\"https:\/\/le-fort.org\/cocina\/casa-de-jengibre\/\"><img loading=\"lazy\" decoding=\"async\" width=\"1200\" height=\"400\" src=\"https:\/\/i0.wp.com\/le-fort.org\/cocina\/wp-content\/uploads\/2018\/11\/casita-hd.jpg?fit=1200%2C400&amp;ssl=1\" class=\"attachment-large size-large wp-post-image\" alt=\"\" srcset=\"https:\/\/i0.wp.com\/le-fort.org\/cocina\/wp-content\/uploads\/2018\/11\/casita-hd.jpg?w=1500&amp;ssl=1 1500w, https:\/\/i0.wp.com\/le-fort.org\/cocina\/wp-content\/uploads\/2018\/11\/casita-hd.jpg?resize=600%2C200&amp;ssl=1 600w, https:\/\/i0.wp.com\/le-fort.org\/cocina\/wp-content\/uploads\/2018\/11\/casita-hd.jpg?resize=1280%2C427&amp;ssl=1 1280w, https:\/\/i0.wp.com\/le-fort.org\/cocina\/wp-content\/uploads\/2018\/11\/casita-hd.jpg?resize=3%2C1&amp;ssl=1 3w\" sizes=\"auto, (max-width: 1200px) 100vw, 1200px\" data-attachment-id=\"13463\" data-permalink=\"https:\/\/le-fort.org\/cocina\/casa-de-jengibre\/casita-hd\/\" data-orig-file=\"https:\/\/i0.wp.com\/le-fort.org\/cocina\/wp-content\/uploads\/2018\/11\/casita-hd.jpg?fit=1500%2C500&amp;ssl=1\" data-orig-size=\"1500,500\" data-comments-opened=\"0\" data-image-meta=\"{&quot;aperture&quot;:&quot;0&quot;,&quot;credit&quot;:&quot;&quot;,&quot;camera&quot;:&quot;&quot;,&quot;caption&quot;:&quot;&quot;,&quot;created_timestamp&quot;:&quot;0&quot;,&quot;copyright&quot;:&quot;&quot;,&quot;focal_length&quot;:&quot;0&quot;,&quot;iso&quot;:&quot;0&quot;,&quot;shutter_speed&quot;:&quot;0&quot;,&quot;title&quot;:&quot;&quot;,&quot;orientation&quot;:&quot;0&quot;}\" data-image-title=\"casita-hd\" data-image-description=\"\" data-image-caption=\"\" data-large-file=\"https:\/\/i0.wp.com\/le-fort.org\/cocina\/wp-content\/uploads\/2018\/11\/casita-hd.jpg?fit=1200%2C400&amp;ssl=1\" \/><\/a> <a class=\"title\" href=\"https:\/\/le-fort.org\/cocina\/casa-de-jengibre\/\">Casa de Jengibre<\/a> <span class=\"excerpt-dash\">-<\/span> <span class=\"excerpt\">Varios videos que muestran c\u00f3mo preparar una casa de Jengibre para fiestas de fin de a\u00f1o.<\/span><\/div><div class=\"listing-item\"><a class=\"image\" href=\"https:\/\/le-fort.org\/cocina\/presentacion-souffle-sisanh-2018-espoch\/\"><img loading=\"lazy\" decoding=\"async\" width=\"1200\" height=\"400\" src=\"https:\/\/i0.wp.com\/le-fort.org\/cocina\/wp-content\/uploads\/2018\/10\/marell-hd.jpg?fit=1200%2C400&amp;ssl=1\" class=\"attachment-large size-large wp-post-image\" alt=\"\" srcset=\"https:\/\/i0.wp.com\/le-fort.org\/cocina\/wp-content\/uploads\/2018\/10\/marell-hd.jpg?w=1500&amp;ssl=1 1500w, https:\/\/i0.wp.com\/le-fort.org\/cocina\/wp-content\/uploads\/2018\/10\/marell-hd.jpg?resize=600%2C200&amp;ssl=1 600w, https:\/\/i0.wp.com\/le-fort.org\/cocina\/wp-content\/uploads\/2018\/10\/marell-hd.jpg?resize=1280%2C427&amp;ssl=1 1280w, https:\/\/i0.wp.com\/le-fort.org\/cocina\/wp-content\/uploads\/2018\/10\/marell-hd.jpg?resize=3%2C1&amp;ssl=1 3w\" sizes=\"auto, (max-width: 1200px) 100vw, 1200px\" data-attachment-id=\"13367\" data-permalink=\"https:\/\/le-fort.org\/cocina\/presentacion-souffle-sisanh-2018-espoch\/marell-hd\/\" data-orig-file=\"https:\/\/i0.wp.com\/le-fort.org\/cocina\/wp-content\/uploads\/2018\/10\/marell-hd.jpg?fit=1500%2C500&amp;ssl=1\" data-orig-size=\"1500,500\" data-comments-opened=\"0\" data-image-meta=\"{&quot;aperture&quot;:&quot;0&quot;,&quot;credit&quot;:&quot;&quot;,&quot;camera&quot;:&quot;&quot;,&quot;caption&quot;:&quot;&quot;,&quot;created_timestamp&quot;:&quot;0&quot;,&quot;copyright&quot;:&quot;&quot;,&quot;focal_length&quot;:&quot;0&quot;,&quot;iso&quot;:&quot;0&quot;,&quot;shutter_speed&quot;:&quot;0&quot;,&quot;title&quot;:&quot;&quot;,&quot;orientation&quot;:&quot;0&quot;}\" data-image-title=\"marell-hd\" data-image-description=\"\" data-image-caption=\"\" data-large-file=\"https:\/\/i0.wp.com\/le-fort.org\/cocina\/wp-content\/uploads\/2018\/10\/marell-hd.jpg?fit=1200%2C400&amp;ssl=1\" \/><\/a> <a class=\"title\" href=\"https:\/\/le-fort.org\/cocina\/presentacion-souffle-sisanh-2018-espoch\/\">Presentaci\u00f3n Souffl\u00e9 \ud83c\udf6b sisanh 2018 ESPOCH<\/a> <span class=\"excerpt-dash\">-<\/span> <span class=\"excerpt\">Presentaci\u00f3n \"Souffl\u00e9: 185 a\u00f1os de mejoras\". Adem\u00e1s preparamos souffl\u00e9 de chocolate.<\/span><\/div><div class=\"listing-item\"><a class=\"image\" href=\"https:\/\/le-fort.org\/cocina\/bizcochuelo-de-sifon-y-microondas\/\"><img loading=\"lazy\" decoding=\"async\" width=\"1200\" height=\"400\" src=\"https:\/\/i0.wp.com\/le-fort.org\/cocina\/wp-content\/uploads\/2018\/08\/bizcocho-sifon-hd.jpg?fit=1200%2C400&amp;ssl=1\" class=\"attachment-large size-large wp-post-image\" alt=\"\" srcset=\"https:\/\/i0.wp.com\/le-fort.org\/cocina\/wp-content\/uploads\/2018\/08\/bizcocho-sifon-hd.jpg?w=1500&amp;ssl=1 1500w, https:\/\/i0.wp.com\/le-fort.org\/cocina\/wp-content\/uploads\/2018\/08\/bizcocho-sifon-hd.jpg?resize=600%2C200&amp;ssl=1 600w, https:\/\/i0.wp.com\/le-fort.org\/cocina\/wp-content\/uploads\/2018\/08\/bizcocho-sifon-hd.jpg?resize=1280%2C427&amp;ssl=1 1280w, https:\/\/i0.wp.com\/le-fort.org\/cocina\/wp-content\/uploads\/2018\/08\/bizcocho-sifon-hd.jpg?resize=3%2C1&amp;ssl=1 3w\" sizes=\"auto, (max-width: 1200px) 100vw, 1200px\" data-attachment-id=\"13050\" data-permalink=\"https:\/\/le-fort.org\/cocina\/bizcochuelo-de-sifon-y-microondas\/bizcocho-sifon-hd\/\" data-orig-file=\"https:\/\/i0.wp.com\/le-fort.org\/cocina\/wp-content\/uploads\/2018\/08\/bizcocho-sifon-hd.jpg?fit=1500%2C500&amp;ssl=1\" data-orig-size=\"1500,500\" data-comments-opened=\"0\" data-image-meta=\"{&quot;aperture&quot;:&quot;0&quot;,&quot;credit&quot;:&quot;&quot;,&quot;camera&quot;:&quot;&quot;,&quot;caption&quot;:&quot;&quot;,&quot;created_timestamp&quot;:&quot;0&quot;,&quot;copyright&quot;:&quot;&quot;,&quot;focal_length&quot;:&quot;0&quot;,&quot;iso&quot;:&quot;0&quot;,&quot;shutter_speed&quot;:&quot;0&quot;,&quot;title&quot;:&quot;&quot;,&quot;orientation&quot;:&quot;0&quot;}\" data-image-title=\"bizcocho-sifon-hd\" data-image-description=\"\" data-image-caption=\"\" data-large-file=\"https:\/\/i0.wp.com\/le-fort.org\/cocina\/wp-content\/uploads\/2018\/08\/bizcocho-sifon-hd.jpg?fit=1200%2C400&amp;ssl=1\" \/><\/a> <a class=\"title\" href=\"https:\/\/le-fort.org\/cocina\/bizcochuelo-de-sifon-y-microondas\/\">Bizcochuelo de Sif\u00f3n y Microondas<\/a> <span class=\"excerpt-dash\">-<\/span> <span class=\"excerpt\">Un pastel en menos de 15 minutos, incluyendo 30 segundos de cocci\u00f3n.<\/span><\/div><div class=\"listing-item\"><a class=\"image\" href=\"https:\/\/le-fort.org\/cocina\/pasteleria-en-masa-choux-cuenca\/\"><img loading=\"lazy\" decoding=\"async\" width=\"1200\" height=\"400\" src=\"https:\/\/i0.wp.com\/le-fort.org\/cocina\/wp-content\/uploads\/2018\/04\/choux-hd.jpg?fit=1200%2C400&amp;ssl=1\" class=\"attachment-large size-large wp-post-image\" alt=\"\" srcset=\"https:\/\/i0.wp.com\/le-fort.org\/cocina\/wp-content\/uploads\/2018\/04\/choux-hd.jpg?w=2100&amp;ssl=1 2100w, https:\/\/i0.wp.com\/le-fort.org\/cocina\/wp-content\/uploads\/2018\/04\/choux-hd.jpg?resize=600%2C200&amp;ssl=1 600w, https:\/\/i0.wp.com\/le-fort.org\/cocina\/wp-content\/uploads\/2018\/04\/choux-hd.jpg?resize=1280%2C427&amp;ssl=1 1280w\" sizes=\"auto, (max-width: 1200px) 100vw, 1200px\" data-attachment-id=\"12348\" data-permalink=\"https:\/\/le-fort.org\/cocina\/pasteleria-en-masa-choux-cuenca\/choux-hd\/\" data-orig-file=\"https:\/\/i0.wp.com\/le-fort.org\/cocina\/wp-content\/uploads\/2018\/04\/choux-hd.jpg?fit=2100%2C700&amp;ssl=1\" data-orig-size=\"2100,700\" data-comments-opened=\"0\" data-image-meta=\"{&quot;aperture&quot;:&quot;0&quot;,&quot;credit&quot;:&quot;&quot;,&quot;camera&quot;:&quot;&quot;,&quot;caption&quot;:&quot;&quot;,&quot;created_timestamp&quot;:&quot;0&quot;,&quot;copyright&quot;:&quot;&quot;,&quot;focal_length&quot;:&quot;0&quot;,&quot;iso&quot;:&quot;0&quot;,&quot;shutter_speed&quot;:&quot;0&quot;,&quot;title&quot;:&quot;&quot;,&quot;orientation&quot;:&quot;0&quot;}\" data-image-title=\"choux-hd\" data-image-description=\"\" data-image-caption=\"\" data-large-file=\"https:\/\/i0.wp.com\/le-fort.org\/cocina\/wp-content\/uploads\/2018\/04\/choux-hd.jpg?fit=1200%2C400&amp;ssl=1\" \/><\/a> <a class=\"title\" href=\"https:\/\/le-fort.org\/cocina\/pasteleria-en-masa-choux-cuenca\/\">Pasteler\u00eda en Masa choux, Cuenca<\/a> <span class=\"excerpt-dash\">-<\/span> <span class=\"excerpt\">Taller de masa choux en Cuenca. Profiteroles, \u00e9clairs, torta Saint Honor\u00e9 y Paris-Brest. Lo spasamos muy bien.<\/span><\/div><div class=\"listing-item\"><a class=\"image\" href=\"https:\/\/le-fort.org\/cocina\/masa-quebrada-pate-brisee\/\"><img loading=\"lazy\" decoding=\"async\" width=\"1200\" height=\"400\" src=\"https:\/\/i0.wp.com\/le-fort.org\/cocina\/wp-content\/uploads\/2014\/07\/pie-limon-curd-agar-hd.jpg?fit=1200%2C400&amp;ssl=1\" class=\"attachment-large size-large wp-post-image\" alt=\"Pie de lim\u00f3n\" srcset=\"https:\/\/i0.wp.com\/le-fort.org\/cocina\/wp-content\/uploads\/2014\/07\/pie-limon-curd-agar-hd.jpg?w=1200&amp;ssl=1 1200w, https:\/\/i0.wp.com\/le-fort.org\/cocina\/wp-content\/uploads\/2014\/07\/pie-limon-curd-agar-hd.jpg?resize=600%2C200&amp;ssl=1 600w\" sizes=\"auto, (max-width: 1200px) 100vw, 1200px\" data-attachment-id=\"5550\" data-permalink=\"https:\/\/le-fort.org\/cocina\/pie-de-limon-con-lemon-curd\/pie-limon-curd-agar-hd\/\" data-orig-file=\"https:\/\/i0.wp.com\/le-fort.org\/cocina\/wp-content\/uploads\/2014\/07\/pie-limon-curd-agar-hd.jpg?fit=1200%2C400&amp;ssl=1\" data-orig-size=\"1200,400\" data-comments-opened=\"0\" data-image-meta=\"{&quot;aperture&quot;:&quot;0&quot;,&quot;credit&quot;:&quot;&quot;,&quot;camera&quot;:&quot;&quot;,&quot;caption&quot;:&quot;&quot;,&quot;created_timestamp&quot;:&quot;0&quot;,&quot;copyright&quot;:&quot;&quot;,&quot;focal_length&quot;:&quot;0&quot;,&quot;iso&quot;:&quot;0&quot;,&quot;shutter_speed&quot;:&quot;0&quot;,&quot;title&quot;:&quot;&quot;,&quot;orientation&quot;:&quot;0&quot;}\" data-image-title=\"pie-limon-curd-agar-hd\" data-image-description=\"\" data-image-caption=\"\" data-large-file=\"https:\/\/i0.wp.com\/le-fort.org\/cocina\/wp-content\/uploads\/2014\/07\/pie-limon-curd-agar-hd.jpg?fit=1200%2C400&amp;ssl=1\" \/><\/a> <a class=\"title\" href=\"https:\/\/le-fort.org\/cocina\/masa-quebrada-pate-brisee\/\">Masa Quebrada (P\u00e2te Bris\u00e9e)<\/a> <span class=\"excerpt-dash\">-<\/span> <span class=\"excerpt\">Receta de Masa Quebrada (P\u00e2te Bris\u00e9e) para preparaciones de dulce y de sal. El secreto es mantener todo muy fr\u00edo.<\/span><\/div><div class=\"listing-item\"><a class=\"image\" href=\"https:\/\/le-fort.org\/cocina\/souffle-de-chocolate\/\"><img loading=\"lazy\" decoding=\"async\" width=\"1200\" height=\"400\" src=\"https:\/\/i0.wp.com\/le-fort.org\/cocina\/wp-content\/uploads\/2018\/02\/souffle-hd.jpg?fit=1200%2C400&amp;ssl=1\" class=\"attachment-large size-large wp-post-image\" alt=\"\" srcset=\"https:\/\/i0.wp.com\/le-fort.org\/cocina\/wp-content\/uploads\/2018\/02\/souffle-hd.jpg?w=1500&amp;ssl=1 1500w, https:\/\/i0.wp.com\/le-fort.org\/cocina\/wp-content\/uploads\/2018\/02\/souffle-hd.jpg?resize=600%2C200&amp;ssl=1 600w, https:\/\/i0.wp.com\/le-fort.org\/cocina\/wp-content\/uploads\/2018\/02\/souffle-hd.jpg?resize=1280%2C427&amp;ssl=1 1280w\" sizes=\"auto, (max-width: 1200px) 100vw, 1200px\" data-attachment-id=\"11804\" data-permalink=\"https:\/\/le-fort.org\/cocina\/souffle-de-chocolate\/souffle-hd\/\" data-orig-file=\"https:\/\/i0.wp.com\/le-fort.org\/cocina\/wp-content\/uploads\/2018\/02\/souffle-hd.jpg?fit=1500%2C500&amp;ssl=1\" data-orig-size=\"1500,500\" data-comments-opened=\"0\" data-image-meta=\"{&quot;aperture&quot;:&quot;0&quot;,&quot;credit&quot;:&quot;&quot;,&quot;camera&quot;:&quot;&quot;,&quot;caption&quot;:&quot;&quot;,&quot;created_timestamp&quot;:&quot;0&quot;,&quot;copyright&quot;:&quot;&quot;,&quot;focal_length&quot;:&quot;0&quot;,&quot;iso&quot;:&quot;0&quot;,&quot;shutter_speed&quot;:&quot;0&quot;,&quot;title&quot;:&quot;&quot;,&quot;orientation&quot;:&quot;0&quot;}\" data-image-title=\"souffle-hd\" data-image-description=\"\" data-image-caption=\"\" data-large-file=\"https:\/\/i0.wp.com\/le-fort.org\/cocina\/wp-content\/uploads\/2018\/02\/souffle-hd.jpg?fit=1200%2C400&amp;ssl=1\" \/><\/a> <a class=\"title\" href=\"https:\/\/le-fort.org\/cocina\/souffle-de-chocolate\/\">Souffl\u00e9 de Chocolate<\/a> <span class=\"excerpt-dash\">-<\/span> <span class=\"excerpt\">Receta de souffl\u00e9 de chocolate muy buena: simple y deliciosa.<\/span><\/div><div class=\"listing-item\"><a class=\"image\" href=\"https:\/\/le-fort.org\/cocina\/barras-de-limon-frutas\/\"><img loading=\"lazy\" decoding=\"async\" width=\"1200\" height=\"400\" src=\"https:\/\/i0.wp.com\/le-fort.org\/cocina\/wp-content\/uploads\/2018\/02\/barras-hd-1.jpg?fit=1200%2C400&amp;ssl=1\" class=\"attachment-large size-large wp-post-image\" alt=\"\" srcset=\"https:\/\/i0.wp.com\/le-fort.org\/cocina\/wp-content\/uploads\/2018\/02\/barras-hd-1.jpg?w=1500&amp;ssl=1 1500w, https:\/\/i0.wp.com\/le-fort.org\/cocina\/wp-content\/uploads\/2018\/02\/barras-hd-1.jpg?resize=600%2C200&amp;ssl=1 600w, https:\/\/i0.wp.com\/le-fort.org\/cocina\/wp-content\/uploads\/2018\/02\/barras-hd-1.jpg?resize=1280%2C427&amp;ssl=1 1280w\" sizes=\"auto, (max-width: 1200px) 100vw, 1200px\" data-attachment-id=\"11639\" data-permalink=\"https:\/\/le-fort.org\/cocina\/barras-de-limon-frutas\/barras-hd-2\/\" data-orig-file=\"https:\/\/i0.wp.com\/le-fort.org\/cocina\/wp-content\/uploads\/2018\/02\/barras-hd-1.jpg?fit=1500%2C500&amp;ssl=1\" data-orig-size=\"1500,500\" data-comments-opened=\"0\" data-image-meta=\"{&quot;aperture&quot;:&quot;0&quot;,&quot;credit&quot;:&quot;&quot;,&quot;camera&quot;:&quot;&quot;,&quot;caption&quot;:&quot;&quot;,&quot;created_timestamp&quot;:&quot;0&quot;,&quot;copyright&quot;:&quot;&quot;,&quot;focal_length&quot;:&quot;0&quot;,&quot;iso&quot;:&quot;0&quot;,&quot;shutter_speed&quot;:&quot;0&quot;,&quot;title&quot;:&quot;&quot;,&quot;orientation&quot;:&quot;0&quot;}\" data-image-title=\"barras-hd\" data-image-description=\"\" data-image-caption=\"\" data-large-file=\"https:\/\/i0.wp.com\/le-fort.org\/cocina\/wp-content\/uploads\/2018\/02\/barras-hd-1.jpg?fit=1200%2C400&amp;ssl=1\" \/><\/a> <a class=\"title\" href=\"https:\/\/le-fort.org\/cocina\/barras-de-limon-frutas\/\">Barras de Lim\u00f3n (o de otras frutas)<\/a> <span class=\"excerpt-dash\">-<\/span> <span class=\"excerpt\">Las barras de lim\u00f3n (lemon bars) son unas galletas del tipo galletas de lata, debido a que se hornean en una lata y se cortan una vez fr\u00edas.<\/span><\/div><div class=\"listing-item\"><a class=\"image\" href=\"https:\/\/le-fort.org\/cocina\/buttercream-de-merengue-italiano\/\"><img loading=\"lazy\" decoding=\"async\" width=\"1200\" height=\"400\" src=\"https:\/\/i0.wp.com\/le-fort.org\/cocina\/wp-content\/uploads\/2017\/12\/buttercream-hd.jpg?fit=1200%2C400&amp;ssl=1\" class=\"attachment-large size-large wp-post-image\" alt=\"\" srcset=\"https:\/\/i0.wp.com\/le-fort.org\/cocina\/wp-content\/uploads\/2017\/12\/buttercream-hd.jpg?w=2100&amp;ssl=1 2100w, https:\/\/i0.wp.com\/le-fort.org\/cocina\/wp-content\/uploads\/2017\/12\/buttercream-hd.jpg?resize=600%2C200&amp;ssl=1 600w, https:\/\/i0.wp.com\/le-fort.org\/cocina\/wp-content\/uploads\/2017\/12\/buttercream-hd.jpg?resize=1280%2C427&amp;ssl=1 1280w\" sizes=\"auto, (max-width: 1200px) 100vw, 1200px\" data-attachment-id=\"11223\" data-permalink=\"https:\/\/le-fort.org\/cocina\/buttercream-de-merengue-italiano\/buttercream-hd-2\/\" data-orig-file=\"https:\/\/i0.wp.com\/le-fort.org\/cocina\/wp-content\/uploads\/2017\/12\/buttercream-hd.jpg?fit=2100%2C700&amp;ssl=1\" data-orig-size=\"2100,700\" data-comments-opened=\"0\" data-image-meta=\"{&quot;aperture&quot;:&quot;0&quot;,&quot;credit&quot;:&quot;&quot;,&quot;camera&quot;:&quot;&quot;,&quot;caption&quot;:&quot;&quot;,&quot;created_timestamp&quot;:&quot;0&quot;,&quot;copyright&quot;:&quot;&quot;,&quot;focal_length&quot;:&quot;0&quot;,&quot;iso&quot;:&quot;0&quot;,&quot;shutter_speed&quot;:&quot;0&quot;,&quot;title&quot;:&quot;&quot;,&quot;orientation&quot;:&quot;0&quot;}\" data-image-title=\"buttercream-hd\" data-image-description=\"\" data-image-caption=\"\" data-large-file=\"https:\/\/i0.wp.com\/le-fort.org\/cocina\/wp-content\/uploads\/2017\/12\/buttercream-hd.jpg?fit=1200%2C400&amp;ssl=1\" \/><\/a> <a class=\"title\" href=\"https:\/\/le-fort.org\/cocina\/buttercream-de-merengue-italiano\/\">Buttercream de Merengue Italiano<\/a> <span class=\"excerpt-dash\">-<\/span> <span class=\"excerpt\">Receta de Merengue de Buttercream Italiano, a\u00f1adiendo mantequilla al merengue italiano. <\/span><\/div><div class=\"listing-item\"><a class=\"image\" href=\"https:\/\/le-fort.org\/cocina\/galletas-de-jengibre\/\"><img loading=\"lazy\" decoding=\"async\" width=\"1200\" height=\"400\" src=\"https:\/\/i0.wp.com\/le-fort.org\/cocina\/wp-content\/uploads\/2017\/12\/galletas-hd.jpg?fit=1200%2C400&amp;ssl=1\" class=\"attachment-large size-large wp-post-image\" alt=\"\" srcset=\"https:\/\/i0.wp.com\/le-fort.org\/cocina\/wp-content\/uploads\/2017\/12\/galletas-hd.jpg?w=1500&amp;ssl=1 1500w, https:\/\/i0.wp.com\/le-fort.org\/cocina\/wp-content\/uploads\/2017\/12\/galletas-hd.jpg?resize=600%2C200&amp;ssl=1 600w, https:\/\/i0.wp.com\/le-fort.org\/cocina\/wp-content\/uploads\/2017\/12\/galletas-hd.jpg?resize=1280%2C427&amp;ssl=1 1280w\" sizes=\"auto, (max-width: 1200px) 100vw, 1200px\" data-attachment-id=\"10855\" data-permalink=\"https:\/\/le-fort.org\/cocina\/galletas-de-jengibre\/galletas-hd-2\/\" data-orig-file=\"https:\/\/i0.wp.com\/le-fort.org\/cocina\/wp-content\/uploads\/2017\/12\/galletas-hd.jpg?fit=1500%2C500&amp;ssl=1\" data-orig-size=\"1500,500\" data-comments-opened=\"0\" data-image-meta=\"{&quot;aperture&quot;:&quot;0&quot;,&quot;credit&quot;:&quot;&quot;,&quot;camera&quot;:&quot;&quot;,&quot;caption&quot;:&quot;&quot;,&quot;created_timestamp&quot;:&quot;0&quot;,&quot;copyright&quot;:&quot;&quot;,&quot;focal_length&quot;:&quot;0&quot;,&quot;iso&quot;:&quot;0&quot;,&quot;shutter_speed&quot;:&quot;0&quot;,&quot;title&quot;:&quot;&quot;,&quot;orientation&quot;:&quot;0&quot;}\" data-image-title=\"galletas-hd\" data-image-description=\"\" data-image-caption=\"\" data-large-file=\"https:\/\/i0.wp.com\/le-fort.org\/cocina\/wp-content\/uploads\/2017\/12\/galletas-hd.jpg?fit=1200%2C400&amp;ssl=1\" \/><\/a> <a class=\"title\" href=\"https:\/\/le-fort.org\/cocina\/galletas-de-jengibre\/\">Galletas de Jengibre<\/a> <span class=\"excerpt-dash\">-<\/span> <span class=\"excerpt\">Receta de galletas de jengibre, endulzadas con az\u00facar morena y con otras especias m\u00e1s. Su origen es medieval y son muy populares en Europa.<\/span><\/div><div class=\"listing-item\"><a class=\"image\" href=\"https:\/\/le-fort.org\/cocina\/azucar-invertido\/\"><img loading=\"lazy\" decoding=\"async\" width=\"1200\" height=\"400\" src=\"https:\/\/i0.wp.com\/le-fort.org\/cocina\/wp-content\/uploads\/2017\/12\/invertida-hd.jpg?fit=1200%2C400&amp;ssl=1\" class=\"attachment-large size-large wp-post-image\" alt=\"\" srcset=\"https:\/\/i0.wp.com\/le-fort.org\/cocina\/wp-content\/uploads\/2017\/12\/invertida-hd.jpg?w=1500&amp;ssl=1 1500w, https:\/\/i0.wp.com\/le-fort.org\/cocina\/wp-content\/uploads\/2017\/12\/invertida-hd.jpg?resize=600%2C200&amp;ssl=1 600w, https:\/\/i0.wp.com\/le-fort.org\/cocina\/wp-content\/uploads\/2017\/12\/invertida-hd.jpg?resize=1280%2C427&amp;ssl=1 1280w\" sizes=\"auto, (max-width: 1200px) 100vw, 1200px\" data-attachment-id=\"10740\" data-permalink=\"https:\/\/le-fort.org\/cocina\/azucar-invertido\/invertida-hd\/\" data-orig-file=\"https:\/\/i0.wp.com\/le-fort.org\/cocina\/wp-content\/uploads\/2017\/12\/invertida-hd.jpg?fit=1500%2C500&amp;ssl=1\" data-orig-size=\"1500,500\" data-comments-opened=\"0\" data-image-meta=\"{&quot;aperture&quot;:&quot;0&quot;,&quot;credit&quot;:&quot;&quot;,&quot;camera&quot;:&quot;&quot;,&quot;caption&quot;:&quot;&quot;,&quot;created_timestamp&quot;:&quot;0&quot;,&quot;copyright&quot;:&quot;&quot;,&quot;focal_length&quot;:&quot;0&quot;,&quot;iso&quot;:&quot;0&quot;,&quot;shutter_speed&quot;:&quot;0&quot;,&quot;title&quot;:&quot;&quot;,&quot;orientation&quot;:&quot;0&quot;}\" data-image-title=\"invertida-hd\" data-image-description=\"\" data-image-caption=\"\" data-large-file=\"https:\/\/i0.wp.com\/le-fort.org\/cocina\/wp-content\/uploads\/2017\/12\/invertida-hd.jpg?fit=1200%2C400&amp;ssl=1\" \/><\/a> <a class=\"title\" href=\"https:\/\/le-fort.org\/cocina\/azucar-invertido\/\">Az\u00facar Invertido: Qu\u00e9 es y C\u00f3mo se Prepara<\/a> <span class=\"excerpt-dash\">-<\/span> <span class=\"excerpt\">El az\u00facar invertido es un interesante ingrediente: az\u00facar parcialmente hidrolizada en glucosa y fructosa. Tiene una serie de usos culinarios.<\/span><\/div><div class=\"listing-item\"><a class=\"image\" href=\"https:\/\/le-fort.org\/cocina\/gomitas\/\"><img loading=\"lazy\" decoding=\"async\" width=\"1200\" height=\"400\" src=\"https:\/\/i0.wp.com\/le-fort.org\/cocina\/wp-content\/uploads\/2017\/09\/gomitas-hd.jpg?fit=1200%2C400&amp;ssl=1\" class=\"attachment-large size-large wp-post-image\" alt=\"\" srcset=\"https:\/\/i0.wp.com\/le-fort.org\/cocina\/wp-content\/uploads\/2017\/09\/gomitas-hd.jpg?w=1500&amp;ssl=1 1500w, https:\/\/i0.wp.com\/le-fort.org\/cocina\/wp-content\/uploads\/2017\/09\/gomitas-hd.jpg?resize=600%2C200&amp;ssl=1 600w, https:\/\/i0.wp.com\/le-fort.org\/cocina\/wp-content\/uploads\/2017\/09\/gomitas-hd.jpg?resize=1280%2C427&amp;ssl=1 1280w\" sizes=\"auto, (max-width: 1200px) 100vw, 1200px\" data-attachment-id=\"9669\" data-permalink=\"https:\/\/le-fort.org\/cocina\/gomitas\/gomitas-hd\/\" data-orig-file=\"https:\/\/i0.wp.com\/le-fort.org\/cocina\/wp-content\/uploads\/2017\/09\/gomitas-hd.jpg?fit=1500%2C500&amp;ssl=1\" data-orig-size=\"1500,500\" data-comments-opened=\"0\" data-image-meta=\"{&quot;aperture&quot;:&quot;0&quot;,&quot;credit&quot;:&quot;&quot;,&quot;camera&quot;:&quot;&quot;,&quot;caption&quot;:&quot;&quot;,&quot;created_timestamp&quot;:&quot;0&quot;,&quot;copyright&quot;:&quot;&quot;,&quot;focal_length&quot;:&quot;0&quot;,&quot;iso&quot;:&quot;0&quot;,&quot;shutter_speed&quot;:&quot;0&quot;,&quot;title&quot;:&quot;&quot;,&quot;orientation&quot;:&quot;0&quot;}\" data-image-title=\"gomitas-hd\" data-image-description=\"\" data-image-caption=\"\" data-large-file=\"https:\/\/i0.wp.com\/le-fort.org\/cocina\/wp-content\/uploads\/2017\/09\/gomitas-hd.jpg?fit=1200%2C400&amp;ssl=1\" \/><\/a> <a class=\"title\" href=\"https:\/\/le-fort.org\/cocina\/gomitas\/\">Gomitas<\/a> <span class=\"excerpt-dash\">-<\/span> <span class=\"excerpt\">Ejercicio de preparaci\u00f3n de gomitas (gominolas) de un MOOC que estamos tomando<\/span><\/div><\/div><\/p>\n<hr class=\"clear\" \/>\n<\/div>\n<p>Si quieres ver todo lo que hemos escrito sobre reposter\u00eda en la historia del sitio <a href=\"https:\/\/le-fort.org\/pasteleria\">puedes revisar\u00a0aqu\u00ed<\/a>.<\/p>\n<p>Esperamos te sea \u00fatil e inspirador.<\/p>\n<p><img data-recalc-dims=\"1\" loading=\"lazy\" decoding=\"async\" data-attachment-id=\"8086\" data-permalink=\"https:\/\/le-fort.org\/cocina\/galletas-de-mantequilla\/galletas-hd\/\" data-orig-file=\"https:\/\/i0.wp.com\/le-fort.org\/cocina\/wp-content\/uploads\/2013\/08\/galletas-hd.jpg?fit=1200%2C400&amp;ssl=1\" data-orig-size=\"1200,400\" data-comments-opened=\"0\" data-image-meta=\"{&quot;aperture&quot;:&quot;0&quot;,&quot;credit&quot;:&quot;&quot;,&quot;camera&quot;:&quot;&quot;,&quot;caption&quot;:&quot;&quot;,&quot;created_timestamp&quot;:&quot;0&quot;,&quot;copyright&quot;:&quot;&quot;,&quot;focal_length&quot;:&quot;0&quot;,&quot;iso&quot;:&quot;0&quot;,&quot;shutter_speed&quot;:&quot;0&quot;,&quot;title&quot;:&quot;&quot;,&quot;orientation&quot;:&quot;0&quot;}\" data-image-title=\"galletas-hd\" data-image-description=\"\" data-image-caption=\"\" data-large-file=\"https:\/\/i0.wp.com\/le-fort.org\/cocina\/wp-content\/uploads\/2013\/08\/galletas-hd.jpg?fit=1200%2C400&amp;ssl=1\" class=\"aligncenter size-full wp-image-8086\" src=\"https:\/\/i0.wp.com\/loquecomemos.com\/wp-content\/uploads\/2013\/08\/galletas-hd.jpg?resize=1200%2C400\" alt=\"galletas-hd\" width=\"1200\" height=\"400\" srcset=\"https:\/\/i0.wp.com\/le-fort.org\/cocina\/wp-content\/uploads\/2013\/08\/galletas-hd.jpg?w=1200&amp;ssl=1 1200w, https:\/\/i0.wp.com\/le-fort.org\/cocina\/wp-content\/uploads\/2013\/08\/galletas-hd.jpg?resize=600%2C200&amp;ssl=1 600w\" sizes=\"auto, (max-width: 1200px) 100vw, 1200px\" \/><\/p>\n","protected":false},"excerpt":{"rendered":"<p>La\u00a0reposter\u00eda es\u00a0\u00a0un mundo aparte. Pueden hacerse preparaciones muy poco laboriosas o hacer trabajos que representan muchas horas de trabajo, de una simpleza minimalista o de un barroquismo impresionante. Preparaciones r\u00fasticas, dejando que los ingredientes hablen, o maquilladas hasta la irreconocibilidad. Hay tortas, pies kuchenes, etc. y gustos para todo. Nuestra reposter\u00eda Esto es lo \u00faltimo [&hellip;]<\/p>\n","protected":false},"author":1,"featured_media":8166,"parent":3929,"menu_order":0,"comment_status":"closed","ping_status":"closed","template":"","meta":{"footnotes":""},"class_list":["post-8165","page","type-page","status-publish","has-post-thumbnail","hentry","entry","has-media"],"jetpack_shortlink":"https:\/\/wp.me\/PghKer-27H","jetpack_sharing_enabled":true,"jetpack-related-posts":[{"id":14265,"url":"https:\/\/le-fort.org\/cocina\/panaderia-y-reposteria-loja\/","url_meta":{"origin":8165,"position":0},"title":"Panader\u00eda y Reposter\u00eda","author":"Marell Rojas","date":"8 de Julio, 2019","format":false,"excerpt":"Curso de panader\u00eda y resposter\u00eda 120 horas de duraci\u00f3n en Loja. Fundamentos, t\u00e9cnica, recetas, inocuidad alimentaria, nutrici\u00f3n, costos.","rel":"","context":"Entrada similar ","block_context":{"text":"Entrada similar ","link":""},"img":{"alt_text":"","src":"https:\/\/i0.wp.com\/le-fort.org\/cocina\/wp-content\/uploads\/2015\/05\/cemitas-hd-1.jpg?fit=1200%2C400&ssl=1&resize=350%2C200","width":350,"height":200,"srcset":"https:\/\/i0.wp.com\/le-fort.org\/cocina\/wp-content\/uploads\/2015\/05\/cemitas-hd-1.jpg?fit=1200%2C400&ssl=1&resize=350%2C200 1x, https:\/\/i0.wp.com\/le-fort.org\/cocina\/wp-content\/uploads\/2015\/05\/cemitas-hd-1.jpg?fit=1200%2C400&ssl=1&resize=525%2C300 1.5x, https:\/\/i0.wp.com\/le-fort.org\/cocina\/wp-content\/uploads\/2015\/05\/cemitas-hd-1.jpg?fit=1200%2C400&ssl=1&resize=700%2C400 2x, https:\/\/i0.wp.com\/le-fort.org\/cocina\/wp-content\/uploads\/2015\/05\/cemitas-hd-1.jpg?fit=1200%2C400&ssl=1&resize=1050%2C600 3x"},"classes":[]},{"id":11192,"url":"https:\/\/le-fort.org\/cocina\/pasteleria\/","url_meta":{"origin":8165,"position":1},"title":"Pasteler\u00eda y Reposter\u00eda","author":"Le-Fort.org","date":"27 de Diciembre, 2017","format":false,"excerpt":"Amamos la pasteler\u00eda, y nuestro \u00edndice de masa corporal rinde homenaje a este gusto. Desde la tradici\u00f3n de pasteler\u00eda alemana con la que creci\u00f3 Marell a la experimentaci\u00f3n de los ratos libres y un genuino amor por las cosas dulces, tenemos no poco que contar, cocinar y ense\u00f1ar sobre pasteler\u00eda.\u2026","rel":"","context":"Entrada similar ","block_context":{"text":"Entrada similar ","link":""},"img":{"alt_text":"Galletas decoradas con glaseado real","src":"https:\/\/i0.wp.com\/le-fort.org\/cocina\/wp-content\/uploads\/2017\/12\/pasteleria-hd.jpg?fit=1200%2C400&ssl=1&resize=350%2C200","width":350,"height":200,"srcset":"https:\/\/i0.wp.com\/le-fort.org\/cocina\/wp-content\/uploads\/2017\/12\/pasteleria-hd.jpg?fit=1200%2C400&ssl=1&resize=350%2C200 1x, https:\/\/i0.wp.com\/le-fort.org\/cocina\/wp-content\/uploads\/2017\/12\/pasteleria-hd.jpg?fit=1200%2C400&ssl=1&resize=525%2C300 1.5x, https:\/\/i0.wp.com\/le-fort.org\/cocina\/wp-content\/uploads\/2017\/12\/pasteleria-hd.jpg?fit=1200%2C400&ssl=1&resize=700%2C400 2x, https:\/\/i0.wp.com\/le-fort.org\/cocina\/wp-content\/uploads\/2017\/12\/pasteleria-hd.jpg?fit=1200%2C400&ssl=1&resize=1050%2C600 3x"},"classes":[]},{"id":6,"url":"https:\/\/le-fort.org\/cocina\/nuestro-proyecto\/","url_meta":{"origin":8165,"position":2},"title":"Nuestro Proyecto","author":"Le-Fort.org","date":"27 de Abril, 2013","format":false,"excerpt":"\u00bfDe d\u00f3nde sali\u00f3 esta escuela de cocina en l\u00ednea y presencial sin fines de lucro en Ecuador? Aqu\u00ed les contamos nuestra historia.","rel":"","context":"Entrada similar ","block_context":{"text":"Entrada similar ","link":""},"img":{"alt_text":"","src":"https:\/\/i0.wp.com\/le-fort.org\/cocina\/wp-content\/uploads\/2017\/07\/ambato-hd.jpg?fit=1200%2C400&ssl=1&resize=350%2C200","width":350,"height":200,"srcset":"https:\/\/i0.wp.com\/le-fort.org\/cocina\/wp-content\/uploads\/2017\/07\/ambato-hd.jpg?fit=1200%2C400&ssl=1&resize=350%2C200 1x, https:\/\/i0.wp.com\/le-fort.org\/cocina\/wp-content\/uploads\/2017\/07\/ambato-hd.jpg?fit=1200%2C400&ssl=1&resize=525%2C300 1.5x, https:\/\/i0.wp.com\/le-fort.org\/cocina\/wp-content\/uploads\/2017\/07\/ambato-hd.jpg?fit=1200%2C400&ssl=1&resize=700%2C400 2x, https:\/\/i0.wp.com\/le-fort.org\/cocina\/wp-content\/uploads\/2017\/07\/ambato-hd.jpg?fit=1200%2C400&ssl=1&resize=1050%2C600 3x"},"classes":[]},{"id":8093,"url":"https:\/\/le-fort.org\/cocina\/todo\/","url_meta":{"origin":8165,"position":3},"title":"Todo","author":"Le-Fort.org","date":"3 de Junio, 2016","format":false,"excerpt":"Esto es todo lo que hemos escrito desde el inicio de la vida de nuestro blog.","rel":"","context":"Entrada similar ","block_context":{"text":"Entrada similar ","link":""},"img":{"alt_text":"","src":"https:\/\/i0.wp.com\/le-fort.org\/cocina\/wp-content\/uploads\/2016\/06\/volauvents-hd.jpg?fit=1200%2C400&ssl=1&resize=350%2C200","width":350,"height":200,"srcset":"https:\/\/i0.wp.com\/le-fort.org\/cocina\/wp-content\/uploads\/2016\/06\/volauvents-hd.jpg?fit=1200%2C400&ssl=1&resize=350%2C200 1x, https:\/\/i0.wp.com\/le-fort.org\/cocina\/wp-content\/uploads\/2016\/06\/volauvents-hd.jpg?fit=1200%2C400&ssl=1&resize=525%2C300 1.5x, https:\/\/i0.wp.com\/le-fort.org\/cocina\/wp-content\/uploads\/2016\/06\/volauvents-hd.jpg?fit=1200%2C400&ssl=1&resize=700%2C400 2x, https:\/\/i0.wp.com\/le-fort.org\/cocina\/wp-content\/uploads\/2016\/06\/volauvents-hd.jpg?fit=1200%2C400&ssl=1&resize=1050%2C600 3x"},"classes":[]},{"id":15992,"url":"https:\/\/le-fort.org\/cocina\/novedades-2\/","url_meta":{"origin":8165,"position":4},"title":"Novedades","author":"Rod","date":"20 de Julio, 2021","format":false,"excerpt":"Lo \u00faltimo que se ha escrito es:","rel":"","context":"Entrada similar ","block_context":{"text":"Entrada similar ","link":""},"img":{"alt_text":"","src":"https:\/\/i0.wp.com\/le-fort.org\/cocina\/wp-content\/uploads\/2020\/09\/fesenjan-hd.jpg?fit=1200%2C400&ssl=1&resize=350%2C200","width":350,"height":200,"srcset":"https:\/\/i0.wp.com\/le-fort.org\/cocina\/wp-content\/uploads\/2020\/09\/fesenjan-hd.jpg?fit=1200%2C400&ssl=1&resize=350%2C200 1x, https:\/\/i0.wp.com\/le-fort.org\/cocina\/wp-content\/uploads\/2020\/09\/fesenjan-hd.jpg?fit=1200%2C400&ssl=1&resize=525%2C300 1.5x, https:\/\/i0.wp.com\/le-fort.org\/cocina\/wp-content\/uploads\/2020\/09\/fesenjan-hd.jpg?fit=1200%2C400&ssl=1&resize=700%2C400 2x, https:\/\/i0.wp.com\/le-fort.org\/cocina\/wp-content\/uploads\/2020\/09\/fesenjan-hd.jpg?fit=1200%2C400&ssl=1&resize=1050%2C600 3x"},"classes":[]},{"id":7331,"url":"https:\/\/le-fort.org\/cocina\/confesiones\/","url_meta":{"origin":8165,"position":5},"title":"Confesiones Culinarias","author":"Le-Fort.org","date":"13 de Enero, 2016","format":false,"excerpt":"Esta p\u00e1gina es para que nos desahoguemos. Aqu\u00ed van nuestros fracasos culinarios, ocultos tras el anonimato m\u00e1s estricto. Mal que mal, la historia es divertida, pero siempre es mejor que le haya pasado \"a alguien m\u00e1s\" Si quieres confesarte, nuestro formulario te espera al final de la p\u00e1gina. Confesiones Culinarias\u2026","rel":"","context":"Entrada similar ","block_context":{"text":"Entrada similar ","link":""},"img":{"alt_text":"","src":"https:\/\/i0.wp.com\/le-fort.org\/cocina\/wp-content\/uploads\/2016\/01\/contacto-hd.jpg?fit=1200%2C400&ssl=1&resize=350%2C200","width":350,"height":200,"srcset":"https:\/\/i0.wp.com\/le-fort.org\/cocina\/wp-content\/uploads\/2016\/01\/contacto-hd.jpg?fit=1200%2C400&ssl=1&resize=350%2C200 1x, https:\/\/i0.wp.com\/le-fort.org\/cocina\/wp-content\/uploads\/2016\/01\/contacto-hd.jpg?fit=1200%2C400&ssl=1&resize=525%2C300 1.5x, https:\/\/i0.wp.com\/le-fort.org\/cocina\/wp-content\/uploads\/2016\/01\/contacto-hd.jpg?fit=1200%2C400&ssl=1&resize=700%2C400 2x, https:\/\/i0.wp.com\/le-fort.org\/cocina\/wp-content\/uploads\/2016\/01\/contacto-hd.jpg?fit=1200%2C400&ssl=1&resize=1050%2C600 3x"},"classes":[]}],"_links":{"self":[{"href":"https:\/\/le-fort.org\/cocina\/wp-json\/wp\/v2\/pages\/8165","targetHints":{"allow":["GET"]}}],"collection":[{"href":"https:\/\/le-fort.org\/cocina\/wp-json\/wp\/v2\/pages"}],"about":[{"href":"https:\/\/le-fort.org\/cocina\/wp-json\/wp\/v2\/types\/page"}],"author":[{"embeddable":true,"href":"https:\/\/le-fort.org\/cocina\/wp-json\/wp\/v2\/users\/1"}],"replies":[{"embeddable":true,"href":"https:\/\/le-fort.org\/cocina\/wp-json\/wp\/v2\/comments?post=8165"}],"version-history":[{"count":1,"href":"https:\/\/le-fort.org\/cocina\/wp-json\/wp\/v2\/pages\/8165\/revisions"}],"predecessor-version":[{"id":15884,"href":"https:\/\/le-fort.org\/cocina\/wp-json\/wp\/v2\/pages\/8165\/revisions\/15884"}],"up":[{"embeddable":true,"href":"https:\/\/le-fort.org\/cocina\/wp-json\/wp\/v2\/pages\/3929"}],"wp:featuredmedia":[{"embeddable":true,"href":"https:\/\/le-fort.org\/cocina\/wp-json\/wp\/v2\/media\/8166"}],"wp:attachment":[{"href":"https:\/\/le-fort.org\/cocina\/wp-json\/wp\/v2\/media?parent=8165"}],"curies":[{"name":"wp","href":"https:\/\/api.w.org\/{rel}","templated":true}]}}