{"id":8231,"date":"2016-06-30T21:12:01","date_gmt":"2016-07-01T02:12:01","guid":{"rendered":"http:\/\/www.loquecomemos.com\/?page_id=8231"},"modified":"2022-01-05T10:04:54","modified_gmt":"2022-01-05T15:04:54","slug":"marell","status":"publish","type":"page","link":"https:\/\/le-fort.org\/cocina\/nuestro-proyecto\/marell\/","title":{"rendered":"Marell Rojas Le-Fort"},"content":{"rendered":"<p>Marell Rojas Le-Fort es la cara m\u00e1s atractiva de este proyecto. Ha sido muchas cosas en la vida: madre, pintora, enfermera, profesora, paisajista, abuela&#8230; y por supuesto Chef.<\/p>\n<p><img data-recalc-dims=\"1\" loading=\"lazy\" decoding=\"async\" data-attachment-id=\"9044\" data-permalink=\"https:\/\/le-fort.org\/cocina\/nuestro-proyecto\/marell\/marell-2\/\" data-orig-file=\"https:\/\/i0.wp.com\/le-fort.org\/cocina\/wp-content\/uploads\/2016\/06\/marell.jpg?fit=720%2C720&amp;ssl=1\" data-orig-size=\"720,720\" data-comments-opened=\"0\" data-image-meta=\"{&quot;aperture&quot;:&quot;0&quot;,&quot;credit&quot;:&quot;&quot;,&quot;camera&quot;:&quot;&quot;,&quot;caption&quot;:&quot;&quot;,&quot;created_timestamp&quot;:&quot;0&quot;,&quot;copyright&quot;:&quot;&quot;,&quot;focal_length&quot;:&quot;0&quot;,&quot;iso&quot;:&quot;0&quot;,&quot;shutter_speed&quot;:&quot;0&quot;,&quot;title&quot;:&quot;&quot;,&quot;orientation&quot;:&quot;0&quot;}\" data-image-title=\"marell\" data-image-description=\"\" data-image-caption=\"\" data-large-file=\"https:\/\/i0.wp.com\/le-fort.org\/cocina\/wp-content\/uploads\/2016\/06\/marell.jpg?fit=720%2C720&amp;ssl=1\" class=\"aligncenter wp-image-9044 size-medium marco s2\" src=\"https:\/\/i0.wp.com\/loquecomemos.com\/wp-content\/uploads\/2016\/06\/marell-600x600.jpg?resize=600%2C600\" alt=\"Chef Marell Rojas Le-Fort\" width=\"600\" height=\"600\" srcset=\"https:\/\/i0.wp.com\/le-fort.org\/cocina\/wp-content\/uploads\/2016\/06\/marell.jpg?resize=600%2C600&amp;ssl=1 600w, https:\/\/i0.wp.com\/le-fort.org\/cocina\/wp-content\/uploads\/2016\/06\/marell.jpg?resize=150%2C150&amp;ssl=1 150w, https:\/\/i0.wp.com\/le-fort.org\/cocina\/wp-content\/uploads\/2016\/06\/marell.jpg?w=720&amp;ssl=1 720w\" sizes=\"auto, (max-width: 600px) 100vw, 600px\" \/><\/p>\n<p>La otra mitad del equipo es <a href=\"https:\/\/le-fort.org\/nuestro-proyecto\/rodrigo\/\">Rodrigo<\/a>.<\/p>\n<h2>Resumen<\/h2>\n<ul>\n<li>Licenciada en enfermer\u00eda<\/li>\n<li>Ingeniera en Gastronom\u00eda<\/li>\n<li>Pintora y escultora<\/li>\n<li>Chef de partida<\/li>\n<li>Certificaci\u00f3n como <a href=\"https:\/\/www.le-fort.org\/curso-formador-formadores\/\">Formador de formadores<\/a>, Asociaci\u00f3n de Chefs del Ecuador.<\/li>\n<li>Miembro del equipo de la <a href=\"https:\/\/chefs.ec\/publicaciones\/guia-de-tecnicas-culinarias\/\">Gu\u00eda de T\u00e9cnicas Culinarias<\/a>, de WorldChefs-Nestl\u00e9.<\/li>\n<li>Certificaci\u00f3n SETEC como Administradora de Restaurantes<\/li>\n<li>Se especializa en pasteler\u00eda, <a href=\"https:\/\/le-fort.org\/etiqueta\/comida-judia\/\">cocina jud\u00eda<\/a>, cocina europea y levantina y <a href=\"https:\/\/le-fort.org\/etiqueta\/comida-chilena\/\">cocina chilena<\/a>, entre otras.<\/li>\n<li>Barista.<\/li>\n<\/ul>\n<p><a href=\"https:\/\/scholar.google.com\/citations?user=GUQsploAAAAJ&amp;hl=es&amp;oi=ao\">Perfil Google Scholar<\/a><\/p>\n<p><a href=\"https:\/\/orcid.org\/0000-0001-6479-619X\">ORCID<\/a><\/p>\n<h2>Actividad de Marell<\/h2>\n<div class=\"listado\">\n<p><div class=\"display-posts-listing\"><div class=\"listing-item\"><a class=\"title\" href=\"https:\/\/le-fort.org\/cocina\/tierras-de-chocolate-o-cacao\/\">Tierras de Chocolate o Cacao<\/a> <span class=\"date\">(7\/7\/2021)<\/span> <span class=\"excerpt-dash\">-<\/span> <span class=\"excerpt\">El chocolate y el agua son enemigos \u00bfS\u00ed?<\/span><\/div><div class=\"listing-item\"><a class=\"title\" href=\"https:\/\/le-fort.org\/cocina\/bunuelos-y-huevos-chilenos\/\">Bu\u00f1uelos y Huevos Chilenos<\/a> <span class=\"date\">(7\/5\/2021)<\/span> <span class=\"excerpt-dash\">-<\/span> <span class=\"excerpt\">A fre\u00edr<\/span><\/div><div class=\"listing-item\"><a class=\"title\" href=\"https:\/\/le-fort.org\/cocina\/churros\/\">Churros<\/a> <span class=\"date\">(7\/5\/2021)<\/span> <span class=\"excerpt-dash\">-<\/span> <span class=\"excerpt\">De China a Espa\u00f1a a nuestra casa<\/span><\/div><div class=\"listing-item\"><a class=\"title\" href=\"https:\/\/le-fort.org\/cocina\/berlines\/\">Berlines<\/a> <span class=\"date\">(7\/5\/2021)<\/span> <span class=\"excerpt-dash\">-<\/span> <span class=\"excerpt\">\u00bfCu\u00e1l es tu relleno preferido?<\/span><\/div><div class=\"listing-item\"><a class=\"title\" href=\"https:\/\/le-fort.org\/cocina\/pristinos\/\">Pristi\u00f1os<\/a> <span class=\"date\">(7\/5\/2021)<\/span> <span class=\"excerpt-dash\">-<\/span> <span class=\"excerpt\">Cl\u00e1sico ecuatoriano<\/span><\/div><div class=\"listing-item\"><a class=\"title\" href=\"https:\/\/le-fort.org\/cocina\/preparaciones-con-hojaldre-ii\/\">Preparaciones con Hojaldre II<\/a> <span class=\"date\">(6\/29\/2021)<\/span> <span class=\"excerpt-dash\">-<\/span> <span class=\"excerpt\">M\u00e1s preparaciones hojaldradas<\/span><\/div><div class=\"listing-item\"><a class=\"image\" href=\"https:\/\/le-fort.org\/cocina\/elementos-de-diseno-de-carta-en-pasteleria\/\"><img loading=\"lazy\" decoding=\"async\" width=\"1200\" height=\"400\" src=\"https:\/\/i0.wp.com\/le-fort.org\/cocina\/wp-content\/uploads\/2019\/06\/tartaletas-hd.jpg?fit=1200%2C400&amp;ssl=1\" class=\"attachment-large size-large wp-post-image\" alt=\"\" srcset=\"https:\/\/i0.wp.com\/le-fort.org\/cocina\/wp-content\/uploads\/2019\/06\/tartaletas-hd.jpg?w=1500&amp;ssl=1 1500w, https:\/\/i0.wp.com\/le-fort.org\/cocina\/wp-content\/uploads\/2019\/06\/tartaletas-hd.jpg?resize=600%2C200&amp;ssl=1 600w, https:\/\/i0.wp.com\/le-fort.org\/cocina\/wp-content\/uploads\/2019\/06\/tartaletas-hd.jpg?resize=1280%2C427&amp;ssl=1 1280w, https:\/\/i0.wp.com\/le-fort.org\/cocina\/wp-content\/uploads\/2019\/06\/tartaletas-hd.jpg?resize=3%2C1&amp;ssl=1 3w\" sizes=\"auto, (max-width: 1200px) 100vw, 1200px\" data-attachment-id=\"14255\" data-permalink=\"https:\/\/le-fort.org\/cocina\/tartas-tartaletas-y-pie-en-loja\/tartaletas-hd\/\" data-orig-file=\"https:\/\/i0.wp.com\/le-fort.org\/cocina\/wp-content\/uploads\/2019\/06\/tartaletas-hd.jpg?fit=1500%2C500&amp;ssl=1\" data-orig-size=\"1500,500\" data-comments-opened=\"0\" data-image-meta=\"{&quot;aperture&quot;:&quot;0&quot;,&quot;credit&quot;:&quot;&quot;,&quot;camera&quot;:&quot;&quot;,&quot;caption&quot;:&quot;&quot;,&quot;created_timestamp&quot;:&quot;0&quot;,&quot;copyright&quot;:&quot;&quot;,&quot;focal_length&quot;:&quot;0&quot;,&quot;iso&quot;:&quot;0&quot;,&quot;shutter_speed&quot;:&quot;0&quot;,&quot;title&quot;:&quot;&quot;,&quot;orientation&quot;:&quot;0&quot;}\" data-image-title=\"tartaletas-hd\" data-image-description=\"\" data-image-caption=\"\" data-large-file=\"https:\/\/i0.wp.com\/le-fort.org\/cocina\/wp-content\/uploads\/2019\/06\/tartaletas-hd.jpg?fit=1200%2C400&amp;ssl=1\" \/><\/a> <a class=\"title\" href=\"https:\/\/le-fort.org\/cocina\/elementos-de-diseno-de-carta-en-pasteleria\/\">Elementos de Dise\u00f1o de Carta en Pasteler\u00eda<\/a> <span class=\"date\">(6\/27\/2021)<\/span> <span class=\"excerpt-dash\">-<\/span> <span class=\"excerpt\">Uniendo lo aprendido<\/span><\/div><div class=\"listing-item\"><a class=\"image\" href=\"https:\/\/le-fort.org\/cocina\/deconstruccion-en-postres-al-plato\/\"><\/a> <a class=\"title\" href=\"https:\/\/le-fort.org\/cocina\/deconstruccion-en-postres-al-plato\/\">Deconstrucci\u00f3n en Postres al Plato<\/a> <span class=\"date\">(6\/27\/2021)<\/span> <span class=\"excerpt-dash\">-<\/span> <span class=\"excerpt\">No es tan f\u00e1cil como suena.<\/span><\/div><div class=\"listing-item\"><a class=\"image\" href=\"https:\/\/le-fort.org\/cocina\/postres-al-plato\/\"><\/a> <a class=\"title\" href=\"https:\/\/le-fort.org\/cocina\/postres-al-plato\/\">Postres al Plato<\/a> <span class=\"date\">(6\/6\/2021)<\/span> <span class=\"excerpt-dash\">-<\/span> <span class=\"excerpt\">Revisi\u00f3n sobre postres al plato y sus caracter\u00edsticas<\/span><\/div><div class=\"listing-item\"><a class=\"image\" href=\"https:\/\/le-fort.org\/cocina\/apfelstrudel\/\"><\/a> <a class=\"title\" href=\"https:\/\/le-fort.org\/cocina\/apfelstrudel\/\">Apfelstrudel<\/a> <span class=\"date\">(5\/12\/2021)<\/span> <span class=\"excerpt-dash\">-<\/span> <span class=\"excerpt\">El Apfelstrudel, o strudel de manzana es un cl\u00e1sico de la pasteler\u00eda austr\u00edaca y alemana.<\/span><\/div><\/div><div class=\"display-posts-listing\"><div class=\"listing-item\"><a class=\"image\" href=\"https:\/\/le-fort.org\/cocina\/presentacion-souffle-sisanh-2018-espoch\/\"><img loading=\"lazy\" decoding=\"async\" width=\"1200\" height=\"400\" src=\"https:\/\/i0.wp.com\/le-fort.org\/cocina\/wp-content\/uploads\/2018\/10\/marell-hd.jpg?fit=1200%2C400&amp;ssl=1\" class=\"attachment-large size-large wp-post-image\" alt=\"\" srcset=\"https:\/\/i0.wp.com\/le-fort.org\/cocina\/wp-content\/uploads\/2018\/10\/marell-hd.jpg?w=1500&amp;ssl=1 1500w, https:\/\/i0.wp.com\/le-fort.org\/cocina\/wp-content\/uploads\/2018\/10\/marell-hd.jpg?resize=600%2C200&amp;ssl=1 600w, https:\/\/i0.wp.com\/le-fort.org\/cocina\/wp-content\/uploads\/2018\/10\/marell-hd.jpg?resize=1280%2C427&amp;ssl=1 1280w, https:\/\/i0.wp.com\/le-fort.org\/cocina\/wp-content\/uploads\/2018\/10\/marell-hd.jpg?resize=3%2C1&amp;ssl=1 3w\" sizes=\"auto, (max-width: 1200px) 100vw, 1200px\" data-attachment-id=\"13367\" data-permalink=\"https:\/\/le-fort.org\/cocina\/presentacion-souffle-sisanh-2018-espoch\/marell-hd\/\" data-orig-file=\"https:\/\/i0.wp.com\/le-fort.org\/cocina\/wp-content\/uploads\/2018\/10\/marell-hd.jpg?fit=1500%2C500&amp;ssl=1\" data-orig-size=\"1500,500\" data-comments-opened=\"0\" data-image-meta=\"{&quot;aperture&quot;:&quot;0&quot;,&quot;credit&quot;:&quot;&quot;,&quot;camera&quot;:&quot;&quot;,&quot;caption&quot;:&quot;&quot;,&quot;created_timestamp&quot;:&quot;0&quot;,&quot;copyright&quot;:&quot;&quot;,&quot;focal_length&quot;:&quot;0&quot;,&quot;iso&quot;:&quot;0&quot;,&quot;shutter_speed&quot;:&quot;0&quot;,&quot;title&quot;:&quot;&quot;,&quot;orientation&quot;:&quot;0&quot;}\" data-image-title=\"marell-hd\" data-image-description=\"\" data-image-caption=\"\" data-large-file=\"https:\/\/i0.wp.com\/le-fort.org\/cocina\/wp-content\/uploads\/2018\/10\/marell-hd.jpg?fit=1200%2C400&amp;ssl=1\" \/><\/a> <a class=\"title\" href=\"https:\/\/le-fort.org\/cocina\/presentacion-souffle-sisanh-2018-espoch\/\">Presentaci\u00f3n Souffl\u00e9 \ud83c\udf6b sisanh 2018 ESPOCH<\/a> <span class=\"date\">(10\/25\/2018)<\/span> <span class=\"excerpt-dash\">-<\/span> <span class=\"excerpt\">Presentaci\u00f3n \"Souffl\u00e9: 185 a\u00f1os de mejoras\". Adem\u00e1s preparamos souffl\u00e9 de chocolate.<\/span><\/div><div class=\"listing-item\"><a class=\"image\" href=\"https:\/\/le-fort.org\/cocina\/de-visita-en-orellana\/\"><img loading=\"lazy\" decoding=\"async\" width=\"1200\" height=\"400\" src=\"https:\/\/i0.wp.com\/le-fort.org\/cocina\/wp-content\/uploads\/2018\/08\/orellana-hd.jpg?fit=1200%2C400&amp;ssl=1\" class=\"attachment-large size-large wp-post-image\" alt=\"\" srcset=\"https:\/\/i0.wp.com\/le-fort.org\/cocina\/wp-content\/uploads\/2018\/08\/orellana-hd.jpg?w=1500&amp;ssl=1 1500w, https:\/\/i0.wp.com\/le-fort.org\/cocina\/wp-content\/uploads\/2018\/08\/orellana-hd.jpg?resize=600%2C200&amp;ssl=1 600w, https:\/\/i0.wp.com\/le-fort.org\/cocina\/wp-content\/uploads\/2018\/08\/orellana-hd.jpg?resize=1280%2C427&amp;ssl=1 1280w, https:\/\/i0.wp.com\/le-fort.org\/cocina\/wp-content\/uploads\/2018\/08\/orellana-hd.jpg?resize=3%2C1&amp;ssl=1 3w\" sizes=\"auto, (max-width: 1200px) 100vw, 1200px\" data-attachment-id=\"13167\" data-permalink=\"https:\/\/le-fort.org\/cocina\/de-visita-en-orellana\/orellana-hd\/\" data-orig-file=\"https:\/\/i0.wp.com\/le-fort.org\/cocina\/wp-content\/uploads\/2018\/08\/orellana-hd.jpg?fit=1500%2C500&amp;ssl=1\" data-orig-size=\"1500,500\" data-comments-opened=\"0\" data-image-meta=\"{&quot;aperture&quot;:&quot;0&quot;,&quot;credit&quot;:&quot;&quot;,&quot;camera&quot;:&quot;&quot;,&quot;caption&quot;:&quot;&quot;,&quot;created_timestamp&quot;:&quot;0&quot;,&quot;copyright&quot;:&quot;&quot;,&quot;focal_length&quot;:&quot;0&quot;,&quot;iso&quot;:&quot;0&quot;,&quot;shutter_speed&quot;:&quot;0&quot;,&quot;title&quot;:&quot;&quot;,&quot;orientation&quot;:&quot;0&quot;}\" data-image-title=\"orellana-hd\" data-image-description=\"\" data-image-caption=\"\" data-large-file=\"https:\/\/i0.wp.com\/le-fort.org\/cocina\/wp-content\/uploads\/2018\/08\/orellana-hd.jpg?fit=1200%2C400&amp;ssl=1\" \/><\/a> <a class=\"title\" href=\"https:\/\/le-fort.org\/cocina\/de-visita-en-orellana\/\">De Visita en Orellana<\/a> <span class=\"date\">(8\/30\/2018)<\/span> <span class=\"excerpt-dash\">-<\/span> <span class=\"excerpt\">Viaje a la provincia de Orellana, trabajando con la Asociaci\u00f3n de Chefs del Ecuador.<\/span><\/div><div class=\"listing-item\"><a class=\"image\" href=\"https:\/\/le-fort.org\/cocina\/marell-en-la-radio-play\/\"><img loading=\"lazy\" decoding=\"async\" width=\"1200\" height=\"400\" src=\"https:\/\/i0.wp.com\/le-fort.org\/cocina\/wp-content\/uploads\/2018\/03\/radio-hd.jpg?fit=1200%2C400&amp;ssl=1\" class=\"attachment-large size-large wp-post-image\" alt=\"\" srcset=\"https:\/\/i0.wp.com\/le-fort.org\/cocina\/wp-content\/uploads\/2018\/03\/radio-hd.jpg?w=2100&amp;ssl=1 2100w, https:\/\/i0.wp.com\/le-fort.org\/cocina\/wp-content\/uploads\/2018\/03\/radio-hd.jpg?resize=600%2C200&amp;ssl=1 600w, https:\/\/i0.wp.com\/le-fort.org\/cocina\/wp-content\/uploads\/2018\/03\/radio-hd.jpg?resize=1280%2C427&amp;ssl=1 1280w\" sizes=\"auto, (max-width: 1200px) 100vw, 1200px\" data-attachment-id=\"12070\" data-permalink=\"https:\/\/le-fort.org\/cocina\/marell-en-la-radio-play\/radio-hd\/\" data-orig-file=\"https:\/\/i0.wp.com\/le-fort.org\/cocina\/wp-content\/uploads\/2018\/03\/radio-hd.jpg?fit=2100%2C700&amp;ssl=1\" data-orig-size=\"2100,700\" data-comments-opened=\"0\" data-image-meta=\"{&quot;aperture&quot;:&quot;0&quot;,&quot;credit&quot;:&quot;&quot;,&quot;camera&quot;:&quot;&quot;,&quot;caption&quot;:&quot;&quot;,&quot;created_timestamp&quot;:&quot;0&quot;,&quot;copyright&quot;:&quot;&quot;,&quot;focal_length&quot;:&quot;0&quot;,&quot;iso&quot;:&quot;0&quot;,&quot;shutter_speed&quot;:&quot;0&quot;,&quot;title&quot;:&quot;&quot;,&quot;orientation&quot;:&quot;0&quot;}\" data-image-title=\"radio-hd\" data-image-description=\"\" data-image-caption=\"\" data-large-file=\"https:\/\/i0.wp.com\/le-fort.org\/cocina\/wp-content\/uploads\/2018\/03\/radio-hd.jpg?fit=1200%2C400&amp;ssl=1\" \/><\/a> <a class=\"title\" href=\"https:\/\/le-fort.org\/cocina\/marell-en-la-radio-play\/\">Marell en la Radio Play<\/a> <span class=\"date\">(3\/13\/2018)<\/span> <span class=\"excerpt-dash\">-<\/span> <span class=\"excerpt\">Entrevista a Marell en la Radio Play Internacional de Quito con motivo del Mes de la Mujer.<\/span><\/div><div class=\"listing-item\"><a class=\"image\" href=\"https:\/\/le-fort.org\/cocina\/taller-de-empanadas-chilenas-nayon\/\"><img loading=\"lazy\" decoding=\"async\" width=\"1200\" height=\"400\" src=\"https:\/\/i0.wp.com\/le-fort.org\/cocina\/wp-content\/uploads\/2018\/01\/empanadas-hd.jpg?fit=1200%2C400&amp;ssl=1\" class=\"attachment-large size-large wp-post-image\" alt=\"\" srcset=\"https:\/\/i0.wp.com\/le-fort.org\/cocina\/wp-content\/uploads\/2018\/01\/empanadas-hd.jpg?w=1500&amp;ssl=1 1500w, https:\/\/i0.wp.com\/le-fort.org\/cocina\/wp-content\/uploads\/2018\/01\/empanadas-hd.jpg?resize=600%2C200&amp;ssl=1 600w, https:\/\/i0.wp.com\/le-fort.org\/cocina\/wp-content\/uploads\/2018\/01\/empanadas-hd.jpg?resize=1280%2C427&amp;ssl=1 1280w\" sizes=\"auto, (max-width: 1200px) 100vw, 1200px\" data-attachment-id=\"11565\" data-permalink=\"https:\/\/le-fort.org\/cocina\/taller-de-empanadas-chilenas-nayon\/empanadas-hd-2\/\" data-orig-file=\"https:\/\/i0.wp.com\/le-fort.org\/cocina\/wp-content\/uploads\/2018\/01\/empanadas-hd.jpg?fit=1500%2C500&amp;ssl=1\" data-orig-size=\"1500,500\" data-comments-opened=\"0\" data-image-meta=\"{&quot;aperture&quot;:&quot;0&quot;,&quot;credit&quot;:&quot;&quot;,&quot;camera&quot;:&quot;&quot;,&quot;caption&quot;:&quot;&quot;,&quot;created_timestamp&quot;:&quot;0&quot;,&quot;copyright&quot;:&quot;&quot;,&quot;focal_length&quot;:&quot;0&quot;,&quot;iso&quot;:&quot;0&quot;,&quot;shutter_speed&quot;:&quot;0&quot;,&quot;title&quot;:&quot;&quot;,&quot;orientation&quot;:&quot;0&quot;}\" data-image-title=\"empanadas-hd\" data-image-description=\"\" data-image-caption=\"\" data-large-file=\"https:\/\/i0.wp.com\/le-fort.org\/cocina\/wp-content\/uploads\/2018\/01\/empanadas-hd.jpg?fit=1200%2C400&amp;ssl=1\" \/><\/a> <a class=\"title\" href=\"https:\/\/le-fort.org\/cocina\/taller-de-empanadas-chilenas-nayon\/\">Taller de Empanadas chilenas en Nay\u00f3n<\/a> <span class=\"date\">(1\/28\/2018)<\/span> <span class=\"excerpt-dash\">-<\/span> <span class=\"excerpt\">Dimos un taller de empanadas chilenas a particulares en Nay\u00f3n. Como chilenos nos encanta tener la posibilidad de difundir el patrimonio culinario de Chile (y de comer empanadas, por supuesto).<\/span><\/div><div class=\"listing-item\"><a class=\"image\" href=\"https:\/\/le-fort.org\/cocina\/clase-pizza-santa-elena\/\"><img loading=\"lazy\" decoding=\"async\" width=\"1200\" height=\"400\" src=\"https:\/\/i0.wp.com\/le-fort.org\/cocina\/wp-content\/uploads\/2017\/01\/hawaiana-hd.jpg?fit=1200%2C400&amp;ssl=1\" class=\"attachment-large size-large wp-post-image\" alt=\"\" srcset=\"https:\/\/i0.wp.com\/le-fort.org\/cocina\/wp-content\/uploads\/2017\/01\/hawaiana-hd.jpg?w=1200&amp;ssl=1 1200w, https:\/\/i0.wp.com\/le-fort.org\/cocina\/wp-content\/uploads\/2017\/01\/hawaiana-hd.jpg?resize=600%2C200&amp;ssl=1 600w\" sizes=\"auto, (max-width: 1200px) 100vw, 1200px\" data-attachment-id=\"9122\" data-permalink=\"https:\/\/le-fort.org\/cocina\/pizza-hawaiana\/hawaiana-hd\/\" data-orig-file=\"https:\/\/i0.wp.com\/le-fort.org\/cocina\/wp-content\/uploads\/2017\/01\/hawaiana-hd.jpg?fit=1200%2C400&amp;ssl=1\" data-orig-size=\"1200,400\" data-comments-opened=\"0\" data-image-meta=\"{&quot;aperture&quot;:&quot;0&quot;,&quot;credit&quot;:&quot;&quot;,&quot;camera&quot;:&quot;&quot;,&quot;caption&quot;:&quot;&quot;,&quot;created_timestamp&quot;:&quot;0&quot;,&quot;copyright&quot;:&quot;&quot;,&quot;focal_length&quot;:&quot;0&quot;,&quot;iso&quot;:&quot;0&quot;,&quot;shutter_speed&quot;:&quot;0&quot;,&quot;title&quot;:&quot;&quot;,&quot;orientation&quot;:&quot;0&quot;}\" data-image-title=\"hawaiana-hd\" data-image-description=\"\" data-image-caption=\"\" data-large-file=\"https:\/\/i0.wp.com\/le-fort.org\/cocina\/wp-content\/uploads\/2017\/01\/hawaiana-hd.jpg?fit=1200%2C400&amp;ssl=1\" \/><\/a> <a class=\"title\" href=\"https:\/\/le-fort.org\/cocina\/clase-pizza-santa-elena\/\">Clase de Pizza en Santa Elena<\/a> <span class=\"date\">(1\/17\/2018)<\/span> <span class=\"excerpt-dash\">-<\/span> <span class=\"excerpt\">Ya que estamos en Santa Elena, dictamos un breve curso de pizza. Amamos la pizza y amamos ense\u00f1ar. \u00bfQu\u00e9 mejor? Dictamos el curso como iniciativa de la Asociaci\u00f3n de Chefs del Ecuador en la Escuela de Alta Cocina Arte Chef.<\/span><\/div><div class=\"listing-item\"><a class=\"image\" href=\"https:\/\/le-fort.org\/cocina\/seminario-turismo-uniandes\/\"><img loading=\"lazy\" decoding=\"async\" width=\"1200\" height=\"400\" src=\"https:\/\/i0.wp.com\/le-fort.org\/cocina\/wp-content\/uploads\/2017\/07\/ambato-hd.jpg?fit=1200%2C400&amp;ssl=1\" class=\"attachment-large size-large wp-post-image\" alt=\"\" srcset=\"https:\/\/i0.wp.com\/le-fort.org\/cocina\/wp-content\/uploads\/2017\/07\/ambato-hd.jpg?w=1500&amp;ssl=1 1500w, https:\/\/i0.wp.com\/le-fort.org\/cocina\/wp-content\/uploads\/2017\/07\/ambato-hd.jpg?resize=600%2C200&amp;ssl=1 600w, https:\/\/i0.wp.com\/le-fort.org\/cocina\/wp-content\/uploads\/2017\/07\/ambato-hd.jpg?resize=1280%2C427&amp;ssl=1 1280w\" sizes=\"auto, (max-width: 1200px) 100vw, 1200px\" data-attachment-id=\"9606\" data-permalink=\"https:\/\/le-fort.org\/cocina\/seminario-turismo-uniandes\/ambato-hd\/\" data-orig-file=\"https:\/\/i0.wp.com\/le-fort.org\/cocina\/wp-content\/uploads\/2017\/07\/ambato-hd.jpg?fit=1500%2C500&amp;ssl=1\" data-orig-size=\"1500,500\" data-comments-opened=\"0\" data-image-meta=\"{&quot;aperture&quot;:&quot;0&quot;,&quot;credit&quot;:&quot;&quot;,&quot;camera&quot;:&quot;&quot;,&quot;caption&quot;:&quot;&quot;,&quot;created_timestamp&quot;:&quot;0&quot;,&quot;copyright&quot;:&quot;&quot;,&quot;focal_length&quot;:&quot;0&quot;,&quot;iso&quot;:&quot;0&quot;,&quot;shutter_speed&quot;:&quot;0&quot;,&quot;title&quot;:&quot;&quot;,&quot;orientation&quot;:&quot;0&quot;}\" data-image-title=\"ambato-hd\" data-image-description=\"\" data-image-caption=\"\" data-large-file=\"https:\/\/i0.wp.com\/le-fort.org\/cocina\/wp-content\/uploads\/2017\/07\/ambato-hd.jpg?fit=1200%2C400&amp;ssl=1\" \/><\/a> <a class=\"title\" href=\"https:\/\/le-fort.org\/cocina\/seminario-turismo-uniandes\/\">Seminario Turismo UNIANDES<\/a> <span class=\"date\">(7\/28\/2017)<\/span> <span class=\"excerpt-dash\">-<\/span> <span class=\"excerpt\">Participamos como expositores en el tercer seminario regional Nuevas Tendencias Tur\u00edsticas y Gastron\u00f3micas de la UNIANDES de Ambato. Excelente experiencia.<\/span><\/div><div class=\"listing-item\"><a class=\"image\" href=\"https:\/\/le-fort.org\/cocina\/curso-formador-formadores\/\"><img loading=\"lazy\" decoding=\"async\" width=\"1200\" height=\"400\" src=\"https:\/\/i0.wp.com\/le-fort.org\/cocina\/wp-content\/uploads\/2017\/12\/formadores-hd.jpg?fit=1200%2C400&amp;ssl=1\" class=\"attachment-large size-large wp-post-image\" alt=\"\" srcset=\"https:\/\/i0.wp.com\/le-fort.org\/cocina\/wp-content\/uploads\/2017\/12\/formadores-hd.jpg?w=1500&amp;ssl=1 1500w, https:\/\/i0.wp.com\/le-fort.org\/cocina\/wp-content\/uploads\/2017\/12\/formadores-hd.jpg?resize=600%2C200&amp;ssl=1 600w, https:\/\/i0.wp.com\/le-fort.org\/cocina\/wp-content\/uploads\/2017\/12\/formadores-hd.jpg?resize=1280%2C427&amp;ssl=1 1280w\" sizes=\"auto, (max-width: 1200px) 100vw, 1200px\" data-attachment-id=\"10430\" data-permalink=\"https:\/\/le-fort.org\/cocina\/curso-formador-formadores\/formadores-hd\/\" data-orig-file=\"https:\/\/i0.wp.com\/le-fort.org\/cocina\/wp-content\/uploads\/2017\/12\/formadores-hd.jpg?fit=1500%2C500&amp;ssl=1\" data-orig-size=\"1500,500\" data-comments-opened=\"0\" data-image-meta=\"{&quot;aperture&quot;:&quot;0&quot;,&quot;credit&quot;:&quot;&quot;,&quot;camera&quot;:&quot;&quot;,&quot;caption&quot;:&quot;&quot;,&quot;created_timestamp&quot;:&quot;0&quot;,&quot;copyright&quot;:&quot;&quot;,&quot;focal_length&quot;:&quot;0&quot;,&quot;iso&quot;:&quot;0&quot;,&quot;shutter_speed&quot;:&quot;0&quot;,&quot;title&quot;:&quot;&quot;,&quot;orientation&quot;:&quot;0&quot;}\" data-image-title=\"formadores-hd\" data-image-description=\"&lt;p&gt;Asistentes al curso Formador de Formadores en gastronom\u00eda&lt;\/p&gt;\n\" data-image-caption=\"\" data-large-file=\"https:\/\/i0.wp.com\/le-fort.org\/cocina\/wp-content\/uploads\/2017\/12\/formadores-hd.jpg?fit=1200%2C400&amp;ssl=1\" \/><\/a> <a class=\"title\" href=\"https:\/\/le-fort.org\/cocina\/curso-formador-formadores\/\">Curso Formador de Formadores<\/a> <span class=\"date\">(1\/28\/2017)<\/span> <span class=\"excerpt-dash\">-<\/span> <span class=\"excerpt\">El curso Formador de formadores es un primer paso para la profesionalizaci\u00f3n de los instructores en gastronom\u00eda en Ecuador.<\/span><\/div><div class=\"listing-item\"><a class=\"image\" href=\"https:\/\/le-fort.org\/cocina\/mujeres-emprendedoras-libertador-bolivar\/\"><img loading=\"lazy\" decoding=\"async\" width=\"1200\" height=\"400\" src=\"https:\/\/i0.wp.com\/le-fort.org\/cocina\/wp-content\/uploads\/2016\/12\/curso-hd.jpg?fit=1200%2C400&amp;ssl=1\" class=\"attachment-large size-large wp-post-image\" alt=\"\" srcset=\"https:\/\/i0.wp.com\/le-fort.org\/cocina\/wp-content\/uploads\/2016\/12\/curso-hd.jpg?w=1500&amp;ssl=1 1500w, https:\/\/i0.wp.com\/le-fort.org\/cocina\/wp-content\/uploads\/2016\/12\/curso-hd.jpg?resize=600%2C200&amp;ssl=1 600w, https:\/\/i0.wp.com\/le-fort.org\/cocina\/wp-content\/uploads\/2016\/12\/curso-hd.jpg?resize=1280%2C427&amp;ssl=1 1280w\" sizes=\"auto, (max-width: 1200px) 100vw, 1200px\" data-attachment-id=\"8982\" data-permalink=\"https:\/\/le-fort.org\/cocina\/mujeres-emprendedoras-libertador-bolivar\/curso-hd\/\" data-orig-file=\"https:\/\/i0.wp.com\/le-fort.org\/cocina\/wp-content\/uploads\/2016\/12\/curso-hd.jpg?fit=1500%2C500&amp;ssl=1\" data-orig-size=\"1500,500\" data-comments-opened=\"0\" data-image-meta=\"{&quot;aperture&quot;:&quot;0&quot;,&quot;credit&quot;:&quot;&quot;,&quot;camera&quot;:&quot;&quot;,&quot;caption&quot;:&quot;&quot;,&quot;created_timestamp&quot;:&quot;0&quot;,&quot;copyright&quot;:&quot;&quot;,&quot;focal_length&quot;:&quot;0&quot;,&quot;iso&quot;:&quot;0&quot;,&quot;shutter_speed&quot;:&quot;0&quot;,&quot;title&quot;:&quot;&quot;,&quot;orientation&quot;:&quot;0&quot;}\" data-image-title=\"curso-hd\" data-image-description=\"\" data-image-caption=\"\" data-large-file=\"https:\/\/i0.wp.com\/le-fort.org\/cocina\/wp-content\/uploads\/2016\/12\/curso-hd.jpg?fit=1200%2C400&amp;ssl=1\" \/><\/a> <a class=\"title\" href=\"https:\/\/le-fort.org\/cocina\/mujeres-emprendedoras-libertador-bolivar\/\">Clases a Mujeres Emprendedoras<\/a> <span class=\"date\">(12\/10\/2016)<\/span> <span class=\"excerpt-dash\">-<\/span> <span class=\"excerpt\">Tuvimos la oportunidad de ense\u00f1ar a una Agrupaci\u00f3n de Mujeres Emprendedoras de Libertador Bol\u00edvar en Santa Elena. Pan, Pan de Pascua y Pizza. \u00a1Gracias!<\/span><\/div><div class=\"listing-item\"><a class=\"image\" href=\"https:\/\/le-fort.org\/cocina\/taller-gastronomia-manantial-guangala\/\"><img loading=\"lazy\" decoding=\"async\" width=\"1200\" height=\"400\" src=\"https:\/\/i0.wp.com\/le-fort.org\/cocina\/wp-content\/uploads\/2016\/06\/guangala-hd-3.jpg?fit=1200%2C400&amp;ssl=1\" class=\"attachment-large size-large wp-post-image\" alt=\"\" srcset=\"https:\/\/i0.wp.com\/le-fort.org\/cocina\/wp-content\/uploads\/2016\/06\/guangala-hd-3.jpg?w=1500&amp;ssl=1 1500w, https:\/\/i0.wp.com\/le-fort.org\/cocina\/wp-content\/uploads\/2016\/06\/guangala-hd-3.jpg?resize=600%2C200&amp;ssl=1 600w, https:\/\/i0.wp.com\/le-fort.org\/cocina\/wp-content\/uploads\/2016\/06\/guangala-hd-3.jpg?resize=1280%2C427&amp;ssl=1 1280w\" sizes=\"auto, (max-width: 1200px) 100vw, 1200px\" data-attachment-id=\"8251\" data-permalink=\"https:\/\/le-fort.org\/cocina\/taller-gastronomia-manantial-guangala\/guangala-hd-3\/\" data-orig-file=\"https:\/\/i0.wp.com\/le-fort.org\/cocina\/wp-content\/uploads\/2016\/06\/guangala-hd-3.jpg?fit=1500%2C500&amp;ssl=1\" data-orig-size=\"1500,500\" data-comments-opened=\"0\" data-image-meta=\"{&quot;aperture&quot;:&quot;0&quot;,&quot;credit&quot;:&quot;&quot;,&quot;camera&quot;:&quot;&quot;,&quot;caption&quot;:&quot;&quot;,&quot;created_timestamp&quot;:&quot;0&quot;,&quot;copyright&quot;:&quot;&quot;,&quot;focal_length&quot;:&quot;0&quot;,&quot;iso&quot;:&quot;0&quot;,&quot;shutter_speed&quot;:&quot;0&quot;,&quot;title&quot;:&quot;&quot;,&quot;orientation&quot;:&quot;0&quot;}\" data-image-title=\"guangala-hd-3\" data-image-description=\"\" data-image-caption=\"\" data-large-file=\"https:\/\/i0.wp.com\/le-fort.org\/cocina\/wp-content\/uploads\/2016\/06\/guangala-hd-3.jpg?fit=1200%2C400&amp;ssl=1\" \/><\/a> <a class=\"title\" href=\"https:\/\/le-fort.org\/cocina\/taller-gastronomia-manantial-guangala\/\">Manantial de Guangala<\/a> <span class=\"date\">(7\/1\/2016)<\/span> <span class=\"excerpt-dash\">-<\/span> <span class=\"excerpt\">Colaboramos con la Escuela de Alta Cocina Arte Chef en Manantial de Guangala, Santa Elena.<\/span><\/div><div class=\"listing-item\"><a class=\"image\" href=\"https:\/\/le-fort.org\/cocina\/tenemos-una-chef\/\"><img loading=\"lazy\" decoding=\"async\" width=\"1200\" height=\"400\" src=\"https:\/\/i0.wp.com\/le-fort.org\/cocina\/wp-content\/uploads\/2016\/11\/marell-chef-hd.jpg?fit=1200%2C400&amp;ssl=1\" class=\"attachment-large size-large wp-post-image\" alt=\"\" srcset=\"https:\/\/i0.wp.com\/le-fort.org\/cocina\/wp-content\/uploads\/2016\/11\/marell-chef-hd.jpg?w=1500&amp;ssl=1 1500w, https:\/\/i0.wp.com\/le-fort.org\/cocina\/wp-content\/uploads\/2016\/11\/marell-chef-hd.jpg?resize=600%2C200&amp;ssl=1 600w, https:\/\/i0.wp.com\/le-fort.org\/cocina\/wp-content\/uploads\/2016\/11\/marell-chef-hd.jpg?resize=1280%2C427&amp;ssl=1 1280w\" sizes=\"auto, (max-width: 1200px) 100vw, 1200px\" data-attachment-id=\"8953\" data-permalink=\"https:\/\/le-fort.org\/cocina\/tenemos-una-chef\/marell-chef-hd\/\" data-orig-file=\"https:\/\/i0.wp.com\/le-fort.org\/cocina\/wp-content\/uploads\/2016\/11\/marell-chef-hd.jpg?fit=1500%2C500&amp;ssl=1\" data-orig-size=\"1500,500\" data-comments-opened=\"0\" data-image-meta=\"{&quot;aperture&quot;:&quot;0&quot;,&quot;credit&quot;:&quot;&quot;,&quot;camera&quot;:&quot;&quot;,&quot;caption&quot;:&quot;&quot;,&quot;created_timestamp&quot;:&quot;0&quot;,&quot;copyright&quot;:&quot;&quot;,&quot;focal_length&quot;:&quot;0&quot;,&quot;iso&quot;:&quot;0&quot;,&quot;shutter_speed&quot;:&quot;0&quot;,&quot;title&quot;:&quot;&quot;,&quot;orientation&quot;:&quot;0&quot;}\" data-image-title=\"marell-chef-hd\" data-image-description=\"\" data-image-caption=\"\" data-large-file=\"https:\/\/i0.wp.com\/le-fort.org\/cocina\/wp-content\/uploads\/2016\/11\/marell-chef-hd.jpg?fit=1200%2C400&amp;ssl=1\" \/><\/a> <a class=\"title\" href=\"https:\/\/le-fort.org\/cocina\/tenemos-una-chef\/\">Tenemos una Chef!<\/a> <span class=\"date\">(5\/15\/2016)<\/span> <span class=\"excerpt-dash\">-<\/span> <span class=\"excerpt\">Tenemos una nueva Chef graduada: Marell Rojas Le-Fort se titul\u00f3 en la Escuela de Alta Cocina Arte Chef<\/span><\/div><div class=\"listing-item\"><a class=\"image\" href=\"https:\/\/le-fort.org\/cocina\/curso-de-cupcakes\/\"><img loading=\"lazy\" decoding=\"async\" width=\"1200\" height=\"400\" src=\"https:\/\/i0.wp.com\/le-fort.org\/cocina\/wp-content\/uploads\/2016\/04\/cupcakes-hd.jpg?fit=1200%2C400&amp;ssl=1\" class=\"attachment-large size-large wp-post-image\" alt=\"\" srcset=\"https:\/\/i0.wp.com\/le-fort.org\/cocina\/wp-content\/uploads\/2016\/04\/cupcakes-hd.jpg?w=1200&amp;ssl=1 1200w, https:\/\/i0.wp.com\/le-fort.org\/cocina\/wp-content\/uploads\/2016\/04\/cupcakes-hd.jpg?resize=600%2C200&amp;ssl=1 600w\" sizes=\"auto, (max-width: 1200px) 100vw, 1200px\" data-attachment-id=\"7792\" data-permalink=\"https:\/\/le-fort.org\/cocina\/curso-de-cupcakes\/cupcakes-hd\/\" data-orig-file=\"https:\/\/i0.wp.com\/le-fort.org\/cocina\/wp-content\/uploads\/2016\/04\/cupcakes-hd.jpg?fit=1200%2C400&amp;ssl=1\" data-orig-size=\"1200,400\" data-comments-opened=\"0\" data-image-meta=\"{&quot;aperture&quot;:&quot;0&quot;,&quot;credit&quot;:&quot;&quot;,&quot;camera&quot;:&quot;&quot;,&quot;caption&quot;:&quot;&quot;,&quot;created_timestamp&quot;:&quot;0&quot;,&quot;copyright&quot;:&quot;&quot;,&quot;focal_length&quot;:&quot;0&quot;,&quot;iso&quot;:&quot;0&quot;,&quot;shutter_speed&quot;:&quot;0&quot;,&quot;title&quot;:&quot;&quot;,&quot;orientation&quot;:&quot;0&quot;}\" data-image-title=\"cupcakes-hd\" data-image-description=\"\" data-image-caption=\"&lt;p&gt;Cupcakes&lt;\/p&gt;\n\" data-large-file=\"https:\/\/i0.wp.com\/le-fort.org\/cocina\/wp-content\/uploads\/2016\/04\/cupcakes-hd.jpg?fit=1200%2C400&amp;ssl=1\" \/><\/a> <a class=\"title\" href=\"https:\/\/le-fort.org\/cocina\/curso-de-cupcakes\/\">Curso de Cupcakes<\/a> <span class=\"date\">(4\/29\/2016)<\/span> <span class=\"excerpt-dash\">-<\/span> <span class=\"excerpt\">La mitad m\u00e1s agradable de nuestro equipo dict\u00f3 un curso de cupcakes el d\u00eda s\u00e1bado 13 de abril donde nuestros amigos de \u00a0la Escuela de Alta Cocina Arte Chef. Fue un curso muy concurrido y lo pasamos muy bien.<\/span><\/div><div class=\"listing-item\"><a class=\"image\" href=\"https:\/\/le-fort.org\/cocina\/curso-pizza-fue-exito\/\"><img loading=\"lazy\" decoding=\"async\" width=\"1200\" height=\"400\" src=\"https:\/\/i0.wp.com\/le-fort.org\/cocina\/wp-content\/uploads\/2016\/04\/pizza-hd.jpg?fit=1200%2C400&amp;ssl=1\" class=\"attachment-large size-large wp-post-image\" alt=\"\" srcset=\"https:\/\/i0.wp.com\/le-fort.org\/cocina\/wp-content\/uploads\/2016\/04\/pizza-hd.jpg?w=1200&amp;ssl=1 1200w, https:\/\/i0.wp.com\/le-fort.org\/cocina\/wp-content\/uploads\/2016\/04\/pizza-hd.jpg?resize=600%2C200&amp;ssl=1 600w\" sizes=\"auto, (max-width: 1200px) 100vw, 1200px\" data-attachment-id=\"7778\" data-permalink=\"https:\/\/le-fort.org\/cocina\/curso-pizza-fue-exito\/pizza-hd-2\/\" data-orig-file=\"https:\/\/i0.wp.com\/le-fort.org\/cocina\/wp-content\/uploads\/2016\/04\/pizza-hd.jpg?fit=1200%2C400&amp;ssl=1\" data-orig-size=\"1200,400\" data-comments-opened=\"0\" data-image-meta=\"{&quot;aperture&quot;:&quot;0&quot;,&quot;credit&quot;:&quot;&quot;,&quot;camera&quot;:&quot;&quot;,&quot;caption&quot;:&quot;&quot;,&quot;created_timestamp&quot;:&quot;0&quot;,&quot;copyright&quot;:&quot;&quot;,&quot;focal_length&quot;:&quot;0&quot;,&quot;iso&quot;:&quot;0&quot;,&quot;shutter_speed&quot;:&quot;0&quot;,&quot;title&quot;:&quot;&quot;,&quot;orientation&quot;:&quot;0&quot;}\" data-image-title=\"pizza-hd\" data-image-description=\"\" data-image-caption=\"\" data-large-file=\"https:\/\/i0.wp.com\/le-fort.org\/cocina\/wp-content\/uploads\/2016\/04\/pizza-hd.jpg?fit=1200%2C400&amp;ssl=1\" \/><\/a> <a class=\"title\" href=\"https:\/\/le-fort.org\/cocina\/curso-pizza-fue-exito\/\">Pizza en La Libertad<\/a> <span class=\"date\">(4\/23\/2016)<\/span> <span class=\"excerpt-dash\">-<\/span> <span class=\"excerpt\">Dictamos un muy entretenido curso de pizza en la Escuela de Alta Cocina Arte Chef. Lo pasamos muy bien!<\/span><\/div><div class=\"listing-item\"><a class=\"image\" href=\"https:\/\/le-fort.org\/cocina\/arte-chef-kids-2016\/\"><img loading=\"lazy\" decoding=\"async\" width=\"1200\" height=\"400\" src=\"https:\/\/i0.wp.com\/le-fort.org\/cocina\/wp-content\/uploads\/2018\/01\/club-hd.jpg?fit=1200%2C400&amp;ssl=1\" class=\"attachment-large size-large wp-post-image\" alt=\"\" srcset=\"https:\/\/i0.wp.com\/le-fort.org\/cocina\/wp-content\/uploads\/2018\/01\/club-hd.jpg?w=1200&amp;ssl=1 1200w, https:\/\/i0.wp.com\/le-fort.org\/cocina\/wp-content\/uploads\/2018\/01\/club-hd.jpg?resize=600%2C200&amp;ssl=1 600w\" sizes=\"auto, (max-width: 1200px) 100vw, 1200px\" data-attachment-id=\"11602\" data-permalink=\"https:\/\/le-fort.org\/cocina\/arte-chef-kids-2016\/club-hd-2\/\" data-orig-file=\"https:\/\/i0.wp.com\/le-fort.org\/cocina\/wp-content\/uploads\/2018\/01\/club-hd.jpg?fit=1200%2C400&amp;ssl=1\" data-orig-size=\"1200,400\" data-comments-opened=\"0\" data-image-meta=\"{&quot;aperture&quot;:&quot;0&quot;,&quot;credit&quot;:&quot;&quot;,&quot;camera&quot;:&quot;&quot;,&quot;caption&quot;:&quot;&quot;,&quot;created_timestamp&quot;:&quot;0&quot;,&quot;copyright&quot;:&quot;&quot;,&quot;focal_length&quot;:&quot;0&quot;,&quot;iso&quot;:&quot;0&quot;,&quot;shutter_speed&quot;:&quot;0&quot;,&quot;title&quot;:&quot;&quot;,&quot;orientation&quot;:&quot;0&quot;}\" data-image-title=\"club-hd\" data-image-description=\"\" data-image-caption=\"\" data-large-file=\"https:\/\/i0.wp.com\/le-fort.org\/cocina\/wp-content\/uploads\/2018\/01\/club-hd.jpg?fit=1200%2C400&amp;ssl=1\" \/><\/a> <a class=\"title\" href=\"https:\/\/le-fort.org\/cocina\/arte-chef-kids-2016\/\">Vacacional Arte Chef KIDS 2016<\/a> <span class=\"date\">(4\/11\/2016)<\/span> <span class=\"excerpt-dash\">-<\/span> <span class=\"excerpt\">Participamos en el curso vacacional Arte Chef KIDS, de la Escuela de Alta Cocina Arte Chef en Santa Elena.<\/span><\/div><div class=\"listing-item\"><a class=\"image\" href=\"https:\/\/le-fort.org\/cocina\/curso-de-crepes\/\"><img loading=\"lazy\" decoding=\"async\" width=\"1200\" height=\"400\" src=\"https:\/\/i0.wp.com\/le-fort.org\/cocina\/wp-content\/uploads\/2016\/04\/crepes-hd.jpg?fit=1200%2C400&amp;ssl=1\" class=\"attachment-large size-large wp-post-image\" alt=\"\" srcset=\"https:\/\/i0.wp.com\/le-fort.org\/cocina\/wp-content\/uploads\/2016\/04\/crepes-hd.jpg?w=1200&amp;ssl=1 1200w, https:\/\/i0.wp.com\/le-fort.org\/cocina\/wp-content\/uploads\/2016\/04\/crepes-hd.jpg?resize=600%2C200&amp;ssl=1 600w\" sizes=\"auto, (max-width: 1200px) 100vw, 1200px\" data-attachment-id=\"7737\" data-permalink=\"https:\/\/le-fort.org\/cocina\/curso-de-crepes\/crepes-hd\/\" data-orig-file=\"https:\/\/i0.wp.com\/le-fort.org\/cocina\/wp-content\/uploads\/2016\/04\/crepes-hd.jpg?fit=1200%2C400&amp;ssl=1\" data-orig-size=\"1200,400\" data-comments-opened=\"0\" data-image-meta=\"{&quot;aperture&quot;:&quot;0&quot;,&quot;credit&quot;:&quot;&quot;,&quot;camera&quot;:&quot;&quot;,&quot;caption&quot;:&quot;&quot;,&quot;created_timestamp&quot;:&quot;0&quot;,&quot;copyright&quot;:&quot;&quot;,&quot;focal_length&quot;:&quot;0&quot;,&quot;iso&quot;:&quot;0&quot;,&quot;shutter_speed&quot;:&quot;0&quot;,&quot;title&quot;:&quot;&quot;,&quot;orientation&quot;:&quot;0&quot;}\" data-image-title=\"crepes-hd\" data-image-description=\"\" data-image-caption=\"\" data-large-file=\"https:\/\/i0.wp.com\/le-fort.org\/cocina\/wp-content\/uploads\/2016\/04\/crepes-hd.jpg?fit=1200%2C400&amp;ssl=1\" \/><\/a> <a class=\"title\" href=\"https:\/\/le-fort.org\/cocina\/curso-de-crepes\/\">Curso de Cr\u00eapes<\/a> <span class=\"date\">(4\/4\/2016)<\/span> <span class=\"excerpt-dash\">-<\/span> <span class=\"excerpt\">Tuvimos el agrado de dictar un peque\u00f1o curso de cr\u00eapes a nuestros amigos de La Ideota Guesthouse de Salinas.<\/span><\/div><div class=\"listing-item\"><a class=\"image\" href=\"https:\/\/le-fort.org\/cocina\/clases-de-panaderia-y-pasteleria-en-cadeate\/\"><img loading=\"lazy\" decoding=\"async\" width=\"1200\" height=\"400\" src=\"https:\/\/i0.wp.com\/le-fort.org\/cocina\/wp-content\/uploads\/2016\/03\/cadeate-hd.jpg?fit=1200%2C400&amp;ssl=1\" class=\"attachment-large size-large wp-post-image\" alt=\"\" srcset=\"https:\/\/i0.wp.com\/le-fort.org\/cocina\/wp-content\/uploads\/2016\/03\/cadeate-hd.jpg?w=1200&amp;ssl=1 1200w, https:\/\/i0.wp.com\/le-fort.org\/cocina\/wp-content\/uploads\/2016\/03\/cadeate-hd.jpg?resize=600%2C200&amp;ssl=1 600w\" sizes=\"auto, (max-width: 1200px) 100vw, 1200px\" data-attachment-id=\"7656\" data-permalink=\"https:\/\/le-fort.org\/cocina\/clases-de-panaderia-y-pasteleria-en-cadeate\/cadeate-hd\/\" data-orig-file=\"https:\/\/i0.wp.com\/le-fort.org\/cocina\/wp-content\/uploads\/2016\/03\/cadeate-hd.jpg?fit=1200%2C400&amp;ssl=1\" data-orig-size=\"1200,400\" data-comments-opened=\"0\" data-image-meta=\"{&quot;aperture&quot;:&quot;0&quot;,&quot;credit&quot;:&quot;&quot;,&quot;camera&quot;:&quot;&quot;,&quot;caption&quot;:&quot;&quot;,&quot;created_timestamp&quot;:&quot;0&quot;,&quot;copyright&quot;:&quot;&quot;,&quot;focal_length&quot;:&quot;0&quot;,&quot;iso&quot;:&quot;0&quot;,&quot;shutter_speed&quot;:&quot;0&quot;,&quot;title&quot;:&quot;&quot;,&quot;orientation&quot;:&quot;0&quot;}\" data-image-title=\"cadeate-hd\" data-image-description=\"\" data-image-caption=\"&lt;p&gt;Croissants&lt;\/p&gt;\n\" data-large-file=\"https:\/\/i0.wp.com\/le-fort.org\/cocina\/wp-content\/uploads\/2016\/03\/cadeate-hd.jpg?fit=1200%2C400&amp;ssl=1\" \/><\/a> <a class=\"title\" href=\"https:\/\/le-fort.org\/cocina\/clases-de-panaderia-y-pasteleria-en-cadeate\/\">Tecnificaci\u00f3n en Cadeate: Panader\u00eda y Pasteler\u00eda<\/a> <span class=\"date\">(3\/10\/2016)<\/span> <span class=\"excerpt-dash\">-<\/span> <span class=\"excerpt\">Tuvimos la oportunidad de participar en una capacitaci\u00f3n con clases de panader\u00eda y pasteler\u00eda en la comunidad de Cadeate, en Santa Elena, Ecuador como parte de la Asociaci\u00f3n de Chefs del Ecuador. \u00a0Fue una excelente experiencia que resume todo lo que nos gusta de compartir la comida.<\/span><\/div><div class=\"listing-item\"><a class=\"image\" href=\"https:\/\/le-fort.org\/cocina\/curso-pan-de-pascua\/\"><img loading=\"lazy\" decoding=\"async\" width=\"1200\" height=\"400\" src=\"https:\/\/i0.wp.com\/le-fort.org\/cocina\/wp-content\/uploads\/2014\/12\/pan-de-pascua-hd.jpg?fit=1200%2C400&amp;ssl=1\" class=\"attachment-large size-large wp-post-image\" alt=\"\" srcset=\"https:\/\/i0.wp.com\/le-fort.org\/cocina\/wp-content\/uploads\/2014\/12\/pan-de-pascua-hd.jpg?w=1200&amp;ssl=1 1200w, https:\/\/i0.wp.com\/le-fort.org\/cocina\/wp-content\/uploads\/2014\/12\/pan-de-pascua-hd.jpg?resize=600%2C200&amp;ssl=1 600w\" sizes=\"auto, (max-width: 1200px) 100vw, 1200px\" data-attachment-id=\"5861\" data-permalink=\"https:\/\/le-fort.org\/cocina\/curso-pan-de-pascua\/pan-de-pascua-hd-2\/\" data-orig-file=\"https:\/\/i0.wp.com\/le-fort.org\/cocina\/wp-content\/uploads\/2014\/12\/pan-de-pascua-hd.jpg?fit=1200%2C400&amp;ssl=1\" data-orig-size=\"1200,400\" data-comments-opened=\"0\" data-image-meta=\"{&quot;aperture&quot;:&quot;0&quot;,&quot;credit&quot;:&quot;&quot;,&quot;camera&quot;:&quot;&quot;,&quot;caption&quot;:&quot;&quot;,&quot;created_timestamp&quot;:&quot;0&quot;,&quot;copyright&quot;:&quot;&quot;,&quot;focal_length&quot;:&quot;0&quot;,&quot;iso&quot;:&quot;0&quot;,&quot;shutter_speed&quot;:&quot;0&quot;,&quot;title&quot;:&quot;&quot;,&quot;orientation&quot;:&quot;0&quot;}\" data-image-title=\"pan-de-pascua-hd\" data-image-description=\"\" data-image-caption=\"\" data-large-file=\"https:\/\/i0.wp.com\/le-fort.org\/cocina\/wp-content\/uploads\/2014\/12\/pan-de-pascua-hd.jpg?fit=1200%2C400&amp;ssl=1\" \/><\/a> <a class=\"title\" href=\"https:\/\/le-fort.org\/cocina\/curso-pan-de-pascua\/\">Curso de Pan de Pascua<\/a> <span class=\"date\">(12\/8\/2014)<\/span> <span class=\"excerpt-dash\">-<\/span> <span class=\"excerpt\">Estamos ense\u00f1ando a hacer pan de pascua con receta chilena en Salinas, Ecuador. Si te interesa, cont\u00e1ctanos!<\/span><\/div><\/div><\/p>\n<\/div>\n","protected":false},"excerpt":{"rendered":"<p>Marell Rojas Le-Fort es la cara m\u00e1s atractiva de este proyecto. Ha sido muchas cosas en la vida: madre, pintora, enfermera, profesora, paisajista, abuela&#8230; y por supuesto Chef. La otra mitad del equipo es Rodrigo. Resumen Licenciada en enfermer\u00eda Ingeniera en Gastronom\u00eda Pintora y escultora Chef de partida Certificaci\u00f3n como Formador de formadores, Asociaci\u00f3n de [&hellip;]<\/p>\n","protected":false},"author":1,"featured_media":8527,"parent":6,"menu_order":0,"comment_status":"closed","ping_status":"closed","template":"","meta":{"footnotes":""},"class_list":["post-8231","page","type-page","status-publish","has-post-thumbnail","hentry","entry","has-media"],"jetpack_shortlink":"https:\/\/wp.me\/PghKer-28L","jetpack_sharing_enabled":true,"jetpack-related-posts":[{"id":6,"url":"https:\/\/le-fort.org\/cocina\/nuestro-proyecto\/","url_meta":{"origin":8231,"position":0},"title":"Nuestro Proyecto","author":"Le-Fort.org","date":"27 de Abril, 2013","format":false,"excerpt":"\u00bfDe d\u00f3nde sali\u00f3 esta escuela de cocina en l\u00ednea y presencial sin fines de lucro en Ecuador? Aqu\u00ed les contamos nuestra historia.","rel":"","context":"Entrada similar ","block_context":{"text":"Entrada similar ","link":""},"img":{"alt_text":"","src":"https:\/\/i0.wp.com\/le-fort.org\/cocina\/wp-content\/uploads\/2017\/07\/ambato-hd.jpg?fit=1200%2C400&ssl=1&resize=350%2C200","width":350,"height":200,"srcset":"https:\/\/i0.wp.com\/le-fort.org\/cocina\/wp-content\/uploads\/2017\/07\/ambato-hd.jpg?fit=1200%2C400&ssl=1&resize=350%2C200 1x, https:\/\/i0.wp.com\/le-fort.org\/cocina\/wp-content\/uploads\/2017\/07\/ambato-hd.jpg?fit=1200%2C400&ssl=1&resize=525%2C300 1.5x, https:\/\/i0.wp.com\/le-fort.org\/cocina\/wp-content\/uploads\/2017\/07\/ambato-hd.jpg?fit=1200%2C400&ssl=1&resize=700%2C400 2x, https:\/\/i0.wp.com\/le-fort.org\/cocina\/wp-content\/uploads\/2017\/07\/ambato-hd.jpg?fit=1200%2C400&ssl=1&resize=1050%2C600 3x"},"classes":[]},{"id":8234,"url":"https:\/\/le-fort.org\/cocina\/nuestro-proyecto\/rodrigo\/","url_meta":{"origin":8231,"position":1},"title":"Rodrigo","author":"Le-Fort.org","date":"30 de Junio, 2016","format":false,"excerpt":"Rodrigo Duarte\u00a0es quien se encarga de mantener el sitio web funcionando. Viene a la cocina desde la qu\u00edmica y adem\u00e1s de ser chef, es profesor de diversas materias culinarias, tecnol\u00f3gias y cient\u00edficas desde hace m\u00e1s de veinte a\u00f1os. Marell es la otra mitad (la m\u00e1s agradable) del equipo. Resumen Licenciado\u2026","rel":"","context":"Entrada similar ","block_context":{"text":"Entrada similar ","link":""},"img":{"alt_text":"","src":"https:\/\/i0.wp.com\/le-fort.org\/cocina\/wp-content\/uploads\/2011\/08\/cardamomo-hd.jpg?fit=1200%2C400&ssl=1&resize=350%2C200","width":350,"height":200,"srcset":"https:\/\/i0.wp.com\/le-fort.org\/cocina\/wp-content\/uploads\/2011\/08\/cardamomo-hd.jpg?fit=1200%2C400&ssl=1&resize=350%2C200 1x, https:\/\/i0.wp.com\/le-fort.org\/cocina\/wp-content\/uploads\/2011\/08\/cardamomo-hd.jpg?fit=1200%2C400&ssl=1&resize=525%2C300 1.5x, https:\/\/i0.wp.com\/le-fort.org\/cocina\/wp-content\/uploads\/2011\/08\/cardamomo-hd.jpg?fit=1200%2C400&ssl=1&resize=700%2C400 2x, https:\/\/i0.wp.com\/le-fort.org\/cocina\/wp-content\/uploads\/2011\/08\/cardamomo-hd.jpg?fit=1200%2C400&ssl=1&resize=1050%2C600 3x"},"classes":[]},{"id":10226,"url":"https:\/\/le-fort.org\/cocina\/nuestro-proyecto\/mapa-de-cursos\/","url_meta":{"origin":8231,"position":2},"title":"Mapa de Actividades","author":"Le-Fort.org","date":"8 de Noviembre, 2017","format":false,"excerpt":"Estamos encantados de ir recorriendo Ecuador aprendiendo y ense\u00f1ando. Este es un mapa de nuestras aventuras en la ense\u00f1anza y el aprendizaje. Veamos c\u00f3mo se va poblando en el tiempo.","rel":"","context":"Entrada similar ","block_context":{"text":"Entrada similar ","link":""},"img":{"alt_text":"","src":"https:\/\/i0.wp.com\/le-fort.org\/cocina\/wp-content\/uploads\/2018\/03\/santa-elena-hd-1.jpg?fit=1200%2C400&ssl=1&resize=350%2C200","width":350,"height":200,"srcset":"https:\/\/i0.wp.com\/le-fort.org\/cocina\/wp-content\/uploads\/2018\/03\/santa-elena-hd-1.jpg?fit=1200%2C400&ssl=1&resize=350%2C200 1x, https:\/\/i0.wp.com\/le-fort.org\/cocina\/wp-content\/uploads\/2018\/03\/santa-elena-hd-1.jpg?fit=1200%2C400&ssl=1&resize=525%2C300 1.5x, https:\/\/i0.wp.com\/le-fort.org\/cocina\/wp-content\/uploads\/2018\/03\/santa-elena-hd-1.jpg?fit=1200%2C400&ssl=1&resize=700%2C400 2x, https:\/\/i0.wp.com\/le-fort.org\/cocina\/wp-content\/uploads\/2018\/03\/santa-elena-hd-1.jpg?fit=1200%2C400&ssl=1&resize=1050%2C600 3x"},"classes":[]},{"id":15500,"url":"https:\/\/le-fort.org\/cocina\/arte-ciencia-cocina\/d5\/","url_meta":{"origin":8231,"position":3},"title":"D\u00eda 5: Introducci\u00f3n a la Fotograf\u00eda","author":"Le-Fort.org","date":"12 de Febrero, 2021","format":false,"excerpt":"La parte art\u00edstica de la semana, a cargo de Marell.","rel":"","context":"Entrada similar ","block_context":{"text":"Entrada similar ","link":""},"img":{"alt_text":"","src":"","width":0,"height":0},"classes":[]},{"id":16026,"url":"https:\/\/le-fort.org\/cocina\/blog-2\/","url_meta":{"origin":8231,"position":4},"title":"Blog","author":"Marell Rojas","date":"25 de Marzo, 2020","format":false,"excerpt":"","rel":"","context":"Entrada similar ","block_context":{"text":"Entrada similar ","link":""},"img":{"alt_text":"","src":"","width":0,"height":0},"classes":[]},{"id":16025,"url":"https:\/\/le-fort.org\/cocina\/contacto-2\/","url_meta":{"origin":8231,"position":5},"title":"Contacto","author":"Marell Rojas","date":"25 de Marzo, 2020","format":false,"excerpt":"El mecanismo de contacto es mediante el CANVAS de la universidad. Centralicemos la comunicaci\u00f3n por all\u00e1.","rel":"","context":"Entrada similar ","block_context":{"text":"Entrada similar ","link":""},"img":{"alt_text":"","src":"","width":0,"height":0},"classes":[]}],"_links":{"self":[{"href":"https:\/\/le-fort.org\/cocina\/wp-json\/wp\/v2\/pages\/8231","targetHints":{"allow":["GET"]}}],"collection":[{"href":"https:\/\/le-fort.org\/cocina\/wp-json\/wp\/v2\/pages"}],"about":[{"href":"https:\/\/le-fort.org\/cocina\/wp-json\/wp\/v2\/types\/page"}],"author":[{"embeddable":true,"href":"https:\/\/le-fort.org\/cocina\/wp-json\/wp\/v2\/users\/1"}],"replies":[{"embeddable":true,"href":"https:\/\/le-fort.org\/cocina\/wp-json\/wp\/v2\/comments?post=8231"}],"version-history":[{"count":5,"href":"https:\/\/le-fort.org\/cocina\/wp-json\/wp\/v2\/pages\/8231\/revisions"}],"predecessor-version":[{"id":16284,"href":"https:\/\/le-fort.org\/cocina\/wp-json\/wp\/v2\/pages\/8231\/revisions\/16284"}],"up":[{"embeddable":true,"href":"https:\/\/le-fort.org\/cocina\/wp-json\/wp\/v2\/pages\/6"}],"wp:featuredmedia":[{"embeddable":true,"href":"https:\/\/le-fort.org\/cocina\/wp-json\/wp\/v2\/media\/8527"}],"wp:attachment":[{"href":"https:\/\/le-fort.org\/cocina\/wp-json\/wp\/v2\/media?parent=8231"}],"curies":[{"name":"wp","href":"https:\/\/api.w.org\/{rel}","templated":true}]}}